{"id":2328,"date":"2023-08-22T13:08:46","date_gmt":"2023-08-22T11:08:46","guid":{"rendered":"https:\/\/www.cluster-zukunft-der-pflege.de\/?page_id=2328"},"modified":"2026-02-05T09:56:00","modified_gmt":"2026-02-05T07:56:00","slug":"deutscher-pflegetag","status":"publish","type":"page","link":"https:\/\/www.cluster-zukunft-der-pflege.de\/index.php\/deutscher-pflegetag\/","title":{"rendered":"DEUTSCHER PFLEGETAG"},"content":{"rendered":"<p><div class=\"fusion-fullwidth fullwidth-box fusion-builder-row-1 fusion-flex-container has-pattern-background has-mask-background nonhundred-percent-fullwidth non-hundred-percent-height-scrolling\" style=\"--awb-border-radius-top-left:0px;--awb-border-radius-top-right:0px;--awb-border-radius-bottom-right:0px;--awb-border-radius-bottom-left:0px;--awb-flex-wrap:wrap;\" ><div class=\"fusion-builder-row fusion-row fusion-flex-align-items-flex-start fusion-flex-content-wrap\" style=\"max-width:1352px;margin-left: calc(-4% \/ 2 );margin-right: calc(-4% \/ 2 );\"><div class=\"fusion-layout-column fusion_builder_column fusion-builder-column-0 fusion_builder_column_1_1 1_1 fusion-flex-column\" style=\"--awb-bg-size:cover;--awb-width-large:100%;--awb-margin-top-large:0px;--awb-spacing-right-large:1.92%;--awb-margin-bottom-large:20px;--awb-spacing-left-large:1.92%;--awb-width-medium:100%;--awb-order-medium:0;--awb-spacing-right-medium:1.92%;--awb-spacing-left-medium:1.92%;--awb-width-small:100%;--awb-order-small:0;--awb-spacing-right-small:1.92%;--awb-spacing-left-small:1.92%;\"><div class=\"fusion-column-wrapper fusion-column-has-shadow fusion-flex-justify-content-flex-start fusion-content-layout-column\"><div class=\"fusion-title title fusion-title-1 fusion-sep-none fusion-title-text fusion-title-size-two\" style=\"--awb-text-color:#90b727;--awb-margin-top:20px;--awb-margin-top-small:0px;--awb-margin-right-small:0px;--awb-margin-bottom-small:20px;--awb-margin-left-small:0px;\"><h2 class=\"fusion-title-heading title-heading-left fusion-responsive-typography-calculated\" style=\"margin:0;--fontSize:35;line-height:1.29;\">Deutscher Pflegetag<\/h2><\/div><\/div><\/div><\/div><\/div><div class=\"fusion-fullwidth fullwidth-box fusion-builder-row-2 fusion-flex-container nonhundred-percent-fullwidth non-hundred-percent-height-scrolling\" style=\"--awb-border-radius-top-left:0px;--awb-border-radius-top-right:0px;--awb-border-radius-bottom-right:0px;--awb-border-radius-bottom-left:0px;--awb-flex-wrap:wrap;\" ><div class=\"fusion-builder-row fusion-row fusion-flex-align-items-flex-start fusion-flex-content-wrap\" style=\"max-width:1352px;margin-left: calc(-4% \/ 2 );margin-right: calc(-4% \/ 2 );\"><div class=\"fusion-layout-column fusion_builder_column fusion-builder-column-1 fusion_builder_column_1_1 1_1 fusion-flex-column\" style=\"--awb-bg-blend:overlay;--awb-bg-size:cover;--awb-width-large:100%;--awb-margin-top-large:0px;--awb-spacing-right-large:1.92%;--awb-margin-bottom-large:0px;--awb-spacing-left-large:1.92%;--awb-width-medium:100%;--awb-spacing-right-medium:1.92%;--awb-spacing-left-medium:1.92%;--awb-width-small:100%;--awb-spacing-right-small:1.92%;--awb-spacing-left-small:1.92%;\"><div class=\"fusion-column-wrapper fusion-flex-justify-content-flex-start fusion-content-layout-column\"><div class=\"fusion-title title fusion-title-2 fusion-title-center fusion-title-text fusion-title-size-three\" style=\"--awb-margin-top-small:0px;--awb-margin-right-small:0px;--awb-margin-bottom-small:20px;--awb-margin-left-small:0px;\"><div class=\"title-sep-container title-sep-container-left\"><div class=\"title-sep sep-single sep-solid\" style=\"border-color:#e0dede;\"><\/div><\/div><span class=\"awb-title-spacer\"><\/span><h3 class=\"fusion-title-heading title-heading-center fusion-responsive-typography-calculated\" style=\"margin:0;--fontSize:26;line-height:1.62;\"><h2 style=\"--fontsize: 56; line-height: 1.79;\" data-fontsize=\"56\" data-lineheight=\"100.233px\">2025<\/h2><\/h3><span class=\"awb-title-spacer\"><\/span><div class=\"title-sep-container title-sep-container-right\"><div class=\"title-sep sep-single sep-solid\" style=\"border-color:#e0dede;\"><\/div><\/div><\/div><div class=\"fusion-text fusion-text-1\"><p>Der Deutsche Pflegetag 2026 bot dem Cluster <em>Zukunft der Pflege<\/em> eine wertvolle Plattform f\u00fcr Austausch und Innovation.<\/p>\n<p>Am Stand des Bundesministeriums f\u00fcr Forschung, Technologie und Raumfahrt (BMFTR) pr\u00e4sentierte das Cluster zusammen mit der <a href=\"https:\/\/www.interaktive-technologien.de\/foerderung\/tpg\">Innovationsregion f\u00fcr digitale Transformation von Pflege und Gesundheitsversorgung (TPG)<\/a> spannende Exponate, lud zu Gespr\u00e4chen ein und bot vielf\u00e4ltige Austauschm\u00f6glichkeiten. Eine bewegende Er\u00f6ffnung der Messe war die \u00dcbergabe des Pflegepreises \u2013 ein starkes Zeichen f\u00fcr Engagement und Innovation in der Pflege.<\/p>\n<ul>\n<li>Anne4Care &#8211;\u00a0 digitale Pflegeassistentin<\/li>\n<li>BeamO &#8211; Gesundheitsscanner<\/li>\n<li>CureVision &#8211; digitale Wunddokumentation<\/li>\n<li>Empident &#8211; mobile Zahnkamera<\/li>\n<li>Oura-Ring &#8211; Gesundheitstracker<\/li>\n<li>OpticARe &#8211; mobiles Patientenmonitoring<\/li>\n<li>Scan Watch2 &#8211; Gesundheitstracker<\/li>\n<li>Virtuelle Pflegelabore<\/li>\n<\/ul>\n<p>Beim Snack &amp; Talk diskutierten Prof. Patrick Jahn, Prof. Nils Lahmann sowie Marlene Klemm unter Moderation von Frau Dassel und Herr Krieger \u00fcber aktuelle Entwicklungen und Zukunftsthemen der Pflege.<\/p>\n<p>Die Steckbriefe der ausgestellten Exponate finden sie auf der <a href=\"https:\/\/www.interaktive-technologien.de\/service\/aktuelles\/deutscher-pflegetag-2025-messestand-bmftr\">Website des BMFTR<\/a>.<\/p>\n<\/div><div class=\"fusion-image-carousel fusion-image-carousel-auto fusion-image-carousel-1\"><div class=\"awb-carousel awb-swiper awb-swiper-carousel awb-carousel--carousel awb-swiper-dots-position-bottom\" data-layout=\"carousel\" data-autoplay=\"yes\" data-autoplayspeed=\"2500\" data-autoplaypause=\"yes\" data-loop=\"yes\" data-columns=\"5\" data-columnsmedium=\"1\" data-columnssmall=\"1\" data-itemmargin=\"13\" data-itemwidth=\"180\" data-touchscroll=\"no\" data-freemode=\"no\" data-imagesize=\"auto\" data-scrollitems=\"0\" data-centeredslides=\"no\" data-rotationangle=\"50\" data-depth=\"100\" data-speed=\"500\" data-shadow=\"no\" data-pagination=\"bullets\" style=\"--awb-dots-align:center;\"><div class=\"swiper-wrapper awb-image-carousel-wrapper fusion-flex-align-items-center\"><div class=\"swiper-slide\"><div class=\"fusion-carousel-item-wrapper\"><div class=\"fusion-image-wrapper hover-type-liftup\"><img decoding=\"async\" width=\"2560\" height=\"1920\" src=\"https:\/\/www.cluster-zukunft-der-pflege.de\/wp-content\/uploads\/2026\/01\/IMG_0697-scaled.jpg\" class=\"attachment-full size-full\" alt=\"\" srcset=\"https:\/\/www.cluster-zukunft-der-pflege.de\/wp-content\/uploads\/2026\/01\/IMG_0697-200x150.jpg 200w, https:\/\/www.cluster-zukunft-der-pflege.de\/wp-content\/uploads\/2026\/01\/IMG_0697-400x300.jpg 400w, https:\/\/www.cluster-zukunft-der-pflege.de\/wp-content\/uploads\/2026\/01\/IMG_0697-600x450.jpg 600w, https:\/\/www.cluster-zukunft-der-pflege.de\/wp-content\/uploads\/2026\/01\/IMG_0697-800x600.jpg 800w, https:\/\/www.cluster-zukunft-der-pflege.de\/wp-content\/uploads\/2026\/01\/IMG_0697-1200x900.jpg 1200w, https:\/\/www.cluster-zukunft-der-pflege.de\/wp-content\/uploads\/2026\/01\/IMG_0697-scaled.jpg 2560w\" sizes=\"(min-width: 2200px) 100vw, (min-width: 1007px) 250px, (min-width: 915px) 312px, (min-width: 824px) 416px, (min-width: 732px) 624px, (min-width: 640px) 732px, \" \/><\/div><\/div><\/div><div class=\"swiper-slide\"><div class=\"fusion-carousel-item-wrapper\"><div class=\"fusion-image-wrapper hover-type-liftup\"><img decoding=\"async\" width=\"2560\" height=\"1920\" src=\"https:\/\/www.cluster-zukunft-der-pflege.de\/wp-content\/uploads\/2026\/01\/IMG_0696-scaled.jpg\" class=\"attachment-full size-full\" alt=\"\" srcset=\"https:\/\/www.cluster-zukunft-der-pflege.de\/wp-content\/uploads\/2026\/01\/IMG_0696-200x150.jpg 200w, https:\/\/www.cluster-zukunft-der-pflege.de\/wp-content\/uploads\/2026\/01\/IMG_0696-400x300.jpg 400w, https:\/\/www.cluster-zukunft-der-pflege.de\/wp-content\/uploads\/2026\/01\/IMG_0696-600x450.jpg 600w, https:\/\/www.cluster-zukunft-der-pflege.de\/wp-content\/uploads\/2026\/01\/IMG_0696-800x600.jpg 800w, https:\/\/www.cluster-zukunft-der-pflege.de\/wp-content\/uploads\/2026\/01\/IMG_0696-1200x900.jpg 1200w, https:\/\/www.cluster-zukunft-der-pflege.de\/wp-content\/uploads\/2026\/01\/IMG_0696-scaled.jpg 2560w\" sizes=\"(min-width: 2200px) 100vw, (min-width: 1007px) 250px, (min-width: 915px) 312px, (min-width: 824px) 416px, (min-width: 732px) 624px, (min-width: 640px) 732px, \" \/><\/div><\/div><\/div><div class=\"swiper-slide\"><div class=\"fusion-carousel-item-wrapper\"><div class=\"fusion-image-wrapper hover-type-liftup\"><img decoding=\"async\" width=\"2560\" height=\"1920\" src=\"https:\/\/www.cluster-zukunft-der-pflege.de\/wp-content\/uploads\/2026\/01\/IMG_2357-scaled.jpg\" class=\"attachment-full size-full\" alt=\"\" srcset=\"https:\/\/www.cluster-zukunft-der-pflege.de\/wp-content\/uploads\/2026\/01\/IMG_2357-200x150.jpg 200w, https:\/\/www.cluster-zukunft-der-pflege.de\/wp-content\/uploads\/2026\/01\/IMG_2357-400x300.jpg 400w, https:\/\/www.cluster-zukunft-der-pflege.de\/wp-content\/uploads\/2026\/01\/IMG_2357-600x450.jpg 600w, https:\/\/www.cluster-zukunft-der-pflege.de\/wp-content\/uploads\/2026\/01\/IMG_2357-800x600.jpg 800w, https:\/\/www.cluster-zukunft-der-pflege.de\/wp-content\/uploads\/2026\/01\/IMG_2357-1200x900.jpg 1200w, https:\/\/www.cluster-zukunft-der-pflege.de\/wp-content\/uploads\/2026\/01\/IMG_2357-scaled.jpg 2560w\" sizes=\"(min-width: 2200px) 100vw, (min-width: 1007px) 250px, (min-width: 915px) 312px, (min-width: 824px) 416px, (min-width: 732px) 624px, (min-width: 640px) 732px, \" \/><\/div><\/div><\/div><div class=\"swiper-slide\"><div class=\"fusion-carousel-item-wrapper\"><div class=\"fusion-image-wrapper hover-type-liftup\"><img decoding=\"async\" width=\"2560\" height=\"1920\" src=\"https:\/\/www.cluster-zukunft-der-pflege.de\/wp-content\/uploads\/2026\/01\/IMG_2365-scaled.jpg\" class=\"attachment-full size-full\" alt=\"\" srcset=\"https:\/\/www.cluster-zukunft-der-pflege.de\/wp-content\/uploads\/2026\/01\/IMG_2365-200x150.jpg 200w, https:\/\/www.cluster-zukunft-der-pflege.de\/wp-content\/uploads\/2026\/01\/IMG_2365-400x300.jpg 400w, https:\/\/www.cluster-zukunft-der-pflege.de\/wp-content\/uploads\/2026\/01\/IMG_2365-600x450.jpg 600w, https:\/\/www.cluster-zukunft-der-pflege.de\/wp-content\/uploads\/2026\/01\/IMG_2365-800x600.jpg 800w, https:\/\/www.cluster-zukunft-der-pflege.de\/wp-content\/uploads\/2026\/01\/IMG_2365-1200x900.jpg 1200w, https:\/\/www.cluster-zukunft-der-pflege.de\/wp-content\/uploads\/2026\/01\/IMG_2365-scaled.jpg 2560w\" sizes=\"(min-width: 2200px) 100vw, (min-width: 1007px) 250px, (min-width: 915px) 312px, (min-width: 824px) 416px, (min-width: 732px) 624px, (min-width: 640px) 732px, \" \/><\/div><\/div><\/div><div class=\"swiper-slide\"><div class=\"fusion-carousel-item-wrapper\"><div class=\"fusion-image-wrapper hover-type-liftup\"><img decoding=\"async\" width=\"2560\" height=\"1920\" src=\"https:\/\/www.cluster-zukunft-der-pflege.de\/wp-content\/uploads\/2026\/01\/IMG_0694-scaled.jpg\" class=\"attachment-full size-full\" alt=\"\" srcset=\"https:\/\/www.cluster-zukunft-der-pflege.de\/wp-content\/uploads\/2026\/01\/IMG_0694-200x150.jpg 200w, https:\/\/www.cluster-zukunft-der-pflege.de\/wp-content\/uploads\/2026\/01\/IMG_0694-400x300.jpg 400w, https:\/\/www.cluster-zukunft-der-pflege.de\/wp-content\/uploads\/2026\/01\/IMG_0694-600x450.jpg 600w, https:\/\/www.cluster-zukunft-der-pflege.de\/wp-content\/uploads\/2026\/01\/IMG_0694-800x600.jpg 800w, https:\/\/www.cluster-zukunft-der-pflege.de\/wp-content\/uploads\/2026\/01\/IMG_0694-1200x900.jpg 1200w, https:\/\/www.cluster-zukunft-der-pflege.de\/wp-content\/uploads\/2026\/01\/IMG_0694-scaled.jpg 2560w\" sizes=\"(min-width: 2200px) 100vw, (min-width: 1007px) 250px, (min-width: 915px) 312px, (min-width: 824px) 416px, (min-width: 732px) 624px, (min-width: 640px) 732px, \" \/><\/div><\/div><\/div><div class=\"swiper-slide\"><div class=\"fusion-carousel-item-wrapper\"><div class=\"fusion-image-wrapper hover-type-liftup\"><img decoding=\"async\" width=\"2560\" height=\"1920\" src=\"https:\/\/www.cluster-zukunft-der-pflege.de\/wp-content\/uploads\/2026\/01\/IMG_0677-scaled.jpg\" class=\"attachment-full size-full\" alt=\"\" srcset=\"https:\/\/www.cluster-zukunft-der-pflege.de\/wp-content\/uploads\/2026\/01\/IMG_0677-200x150.jpg 200w, https:\/\/www.cluster-zukunft-der-pflege.de\/wp-content\/uploads\/2026\/01\/IMG_0677-400x300.jpg 400w, https:\/\/www.cluster-zukunft-der-pflege.de\/wp-content\/uploads\/2026\/01\/IMG_0677-600x450.jpg 600w, https:\/\/www.cluster-zukunft-der-pflege.de\/wp-content\/uploads\/2026\/01\/IMG_0677-800x600.jpg 800w, https:\/\/www.cluster-zukunft-der-pflege.de\/wp-content\/uploads\/2026\/01\/IMG_0677-1200x900.jpg 1200w, https:\/\/www.cluster-zukunft-der-pflege.de\/wp-content\/uploads\/2026\/01\/IMG_0677-scaled.jpg 2560w\" sizes=\"(min-width: 2200px) 100vw, (min-width: 1007px) 250px, (min-width: 915px) 312px, (min-width: 824px) 416px, (min-width: 732px) 624px, (min-width: 640px) 732px, \" \/><\/div><\/div><\/div><div class=\"swiper-slide\"><div class=\"fusion-carousel-item-wrapper\"><div class=\"fusion-image-wrapper hover-type-liftup\"><img decoding=\"async\" width=\"2560\" height=\"1920\" src=\"https:\/\/www.cluster-zukunft-der-pflege.de\/wp-content\/uploads\/2026\/01\/IMG_0684-scaled.jpg\" class=\"attachment-full size-full\" alt=\"\" srcset=\"https:\/\/www.cluster-zukunft-der-pflege.de\/wp-content\/uploads\/2026\/01\/IMG_0684-200x150.jpg 200w, https:\/\/www.cluster-zukunft-der-pflege.de\/wp-content\/uploads\/2026\/01\/IMG_0684-400x300.jpg 400w, https:\/\/www.cluster-zukunft-der-pflege.de\/wp-content\/uploads\/2026\/01\/IMG_0684-600x450.jpg 600w, https:\/\/www.cluster-zukunft-der-pflege.de\/wp-content\/uploads\/2026\/01\/IMG_0684-800x600.jpg 800w, https:\/\/www.cluster-zukunft-der-pflege.de\/wp-content\/uploads\/2026\/01\/IMG_0684-1200x900.jpg 1200w, https:\/\/www.cluster-zukunft-der-pflege.de\/wp-content\/uploads\/2026\/01\/IMG_0684-scaled.jpg 2560w\" sizes=\"(min-width: 2200px) 100vw, (min-width: 1007px) 250px, (min-width: 915px) 312px, (min-width: 824px) 416px, (min-width: 732px) 624px, (min-width: 640px) 732px, \" \/><\/div><\/div><\/div><div class=\"swiper-slide\"><div class=\"fusion-carousel-item-wrapper\"><div class=\"fusion-image-wrapper hover-type-liftup\"><img decoding=\"async\" width=\"2560\" height=\"1920\" src=\"https:\/\/www.cluster-zukunft-der-pflege.de\/wp-content\/uploads\/2026\/01\/IMG_0679-scaled.jpg\" class=\"attachment-full size-full\" alt=\"\" srcset=\"https:\/\/www.cluster-zukunft-der-pflege.de\/wp-content\/uploads\/2026\/01\/IMG_0679-200x150.jpg 200w, https:\/\/www.cluster-zukunft-der-pflege.de\/wp-content\/uploads\/2026\/01\/IMG_0679-400x300.jpg 400w, https:\/\/www.cluster-zukunft-der-pflege.de\/wp-content\/uploads\/2026\/01\/IMG_0679-600x450.jpg 600w, https:\/\/www.cluster-zukunft-der-pflege.de\/wp-content\/uploads\/2026\/01\/IMG_0679-800x600.jpg 800w, https:\/\/www.cluster-zukunft-der-pflege.de\/wp-content\/uploads\/2026\/01\/IMG_0679-1200x900.jpg 1200w, https:\/\/www.cluster-zukunft-der-pflege.de\/wp-content\/uploads\/2026\/01\/IMG_0679-scaled.jpg 2560w\" sizes=\"(min-width: 2200px) 100vw, (min-width: 1007px) 250px, (min-width: 915px) 312px, (min-width: 824px) 416px, (min-width: 732px) 624px, (min-width: 640px) 732px, \" \/><\/div><\/div><\/div><div class=\"swiper-slide\"><div class=\"fusion-carousel-item-wrapper\"><div class=\"fusion-image-wrapper hover-type-liftup\"><img decoding=\"async\" width=\"2560\" height=\"1920\" src=\"https:\/\/www.cluster-zukunft-der-pflege.de\/wp-content\/uploads\/2026\/01\/IMG_0673-scaled.jpg\" class=\"attachment-full size-full\" alt=\"\" srcset=\"https:\/\/www.cluster-zukunft-der-pflege.de\/wp-content\/uploads\/2026\/01\/IMG_0673-200x150.jpg 200w, https:\/\/www.cluster-zukunft-der-pflege.de\/wp-content\/uploads\/2026\/01\/IMG_0673-400x300.jpg 400w, https:\/\/www.cluster-zukunft-der-pflege.de\/wp-content\/uploads\/2026\/01\/IMG_0673-600x450.jpg 600w, https:\/\/www.cluster-zukunft-der-pflege.de\/wp-content\/uploads\/2026\/01\/IMG_0673-800x600.jpg 800w, https:\/\/www.cluster-zukunft-der-pflege.de\/wp-content\/uploads\/2026\/01\/IMG_0673-1200x900.jpg 1200w, https:\/\/www.cluster-zukunft-der-pflege.de\/wp-content\/uploads\/2026\/01\/IMG_0673-scaled.jpg 2560w\" sizes=\"(min-width: 2200px) 100vw, (min-width: 1007px) 250px, (min-width: 915px) 312px, (min-width: 824px) 416px, (min-width: 732px) 624px, (min-width: 640px) 732px, \" \/><\/div><\/div><\/div><div class=\"swiper-slide\"><div class=\"fusion-carousel-item-wrapper\"><div class=\"fusion-image-wrapper hover-type-liftup\"><img decoding=\"async\" width=\"2560\" height=\"1920\" src=\"https:\/\/www.cluster-zukunft-der-pflege.de\/wp-content\/uploads\/2026\/01\/IMG_0704-scaled.jpg\" class=\"attachment-full size-full\" alt=\"\" srcset=\"https:\/\/www.cluster-zukunft-der-pflege.de\/wp-content\/uploads\/2026\/01\/IMG_0704-200x150.jpg 200w, https:\/\/www.cluster-zukunft-der-pflege.de\/wp-content\/uploads\/2026\/01\/IMG_0704-400x300.jpg 400w, https:\/\/www.cluster-zukunft-der-pflege.de\/wp-content\/uploads\/2026\/01\/IMG_0704-600x450.jpg 600w, https:\/\/www.cluster-zukunft-der-pflege.de\/wp-content\/uploads\/2026\/01\/IMG_0704-800x600.jpg 800w, https:\/\/www.cluster-zukunft-der-pflege.de\/wp-content\/uploads\/2026\/01\/IMG_0704-1200x900.jpg 1200w, https:\/\/www.cluster-zukunft-der-pflege.de\/wp-content\/uploads\/2026\/01\/IMG_0704-scaled.jpg 2560w\" sizes=\"(min-width: 2200px) 100vw, (min-width: 1007px) 250px, (min-width: 915px) 312px, (min-width: 824px) 416px, (min-width: 732px) 624px, (min-width: 640px) 732px, \" \/><\/div><\/div><\/div><div class=\"swiper-slide\"><div class=\"fusion-carousel-item-wrapper\"><div class=\"fusion-image-wrapper hover-type-liftup\"><img decoding=\"async\" width=\"1479\" height=\"915\" src=\"https:\/\/www.cluster-zukunft-der-pflege.de\/wp-content\/uploads\/2026\/01\/st2.jpg\" class=\"attachment-full size-full\" alt=\"\" srcset=\"https:\/\/www.cluster-zukunft-der-pflege.de\/wp-content\/uploads\/2026\/01\/st2-200x124.jpg 200w, https:\/\/www.cluster-zukunft-der-pflege.de\/wp-content\/uploads\/2026\/01\/st2-400x247.jpg 400w, https:\/\/www.cluster-zukunft-der-pflege.de\/wp-content\/uploads\/2026\/01\/st2-600x371.jpg 600w, https:\/\/www.cluster-zukunft-der-pflege.de\/wp-content\/uploads\/2026\/01\/st2-800x495.jpg 800w, https:\/\/www.cluster-zukunft-der-pflege.de\/wp-content\/uploads\/2026\/01\/st2-1200x742.jpg 1200w, https:\/\/www.cluster-zukunft-der-pflege.de\/wp-content\/uploads\/2026\/01\/st2.jpg 1479w\" sizes=\"(min-width: 2200px) 100vw, (min-width: 1007px) 250px, (min-width: 915px) 312px, (min-width: 824px) 416px, (min-width: 732px) 624px, (min-width: 640px) 732px, \" \/><\/div><\/div><\/div><div class=\"swiper-slide\"><div class=\"fusion-carousel-item-wrapper\"><div class=\"fusion-image-wrapper hover-type-liftup\"><img decoding=\"async\" width=\"2560\" height=\"1920\" src=\"https:\/\/www.cluster-zukunft-der-pflege.de\/wp-content\/uploads\/2026\/01\/IMG_0671-scaled.jpg\" class=\"attachment-full size-full\" alt=\"\" srcset=\"https:\/\/www.cluster-zukunft-der-pflege.de\/wp-content\/uploads\/2026\/01\/IMG_0671-200x150.jpg 200w, https:\/\/www.cluster-zukunft-der-pflege.de\/wp-content\/uploads\/2026\/01\/IMG_0671-400x300.jpg 400w, https:\/\/www.cluster-zukunft-der-pflege.de\/wp-content\/uploads\/2026\/01\/IMG_0671-600x450.jpg 600w, https:\/\/www.cluster-zukunft-der-pflege.de\/wp-content\/uploads\/2026\/01\/IMG_0671-800x600.jpg 800w, https:\/\/www.cluster-zukunft-der-pflege.de\/wp-content\/uploads\/2026\/01\/IMG_0671-1200x900.jpg 1200w, https:\/\/www.cluster-zukunft-der-pflege.de\/wp-content\/uploads\/2026\/01\/IMG_0671-scaled.jpg 2560w\" sizes=\"(min-width: 2200px) 100vw, (min-width: 1007px) 250px, (min-width: 915px) 312px, (min-width: 824px) 416px, (min-width: 732px) 624px, (min-width: 640px) 732px, \" \/><\/div><\/div><\/div><div class=\"swiper-slide\"><div class=\"fusion-carousel-item-wrapper\"><div class=\"fusion-image-wrapper hover-type-liftup\"><img decoding=\"async\" width=\"2560\" height=\"1823\" src=\"https:\/\/www.cluster-zukunft-der-pflege.de\/wp-content\/uploads\/2026\/01\/IMG_2339-quer-scaled.jpeg\" class=\"attachment-full size-full\" alt=\"\" srcset=\"https:\/\/www.cluster-zukunft-der-pflege.de\/wp-content\/uploads\/2026\/01\/IMG_2339-quer-200x142.jpeg 200w, https:\/\/www.cluster-zukunft-der-pflege.de\/wp-content\/uploads\/2026\/01\/IMG_2339-quer-400x285.jpeg 400w, https:\/\/www.cluster-zukunft-der-pflege.de\/wp-content\/uploads\/2026\/01\/IMG_2339-quer-600x427.jpeg 600w, https:\/\/www.cluster-zukunft-der-pflege.de\/wp-content\/uploads\/2026\/01\/IMG_2339-quer-800x570.jpeg 800w, https:\/\/www.cluster-zukunft-der-pflege.de\/wp-content\/uploads\/2026\/01\/IMG_2339-quer-1200x855.jpeg 1200w, https:\/\/www.cluster-zukunft-der-pflege.de\/wp-content\/uploads\/2026\/01\/IMG_2339-quer-scaled.jpeg 2560w\" sizes=\"(min-width: 2200px) 100vw, (min-width: 1007px) 250px, (min-width: 915px) 312px, (min-width: 824px) 416px, (min-width: 732px) 624px, (min-width: 640px) 732px, \" \/><\/div><\/div><\/div><\/div><div class=\"awb-swiper-button awb-swiper-button-prev\"><i class=\"awb-icon-angle-left\" aria-hidden=\"true\"><\/i><\/div><div class=\"awb-swiper-button awb-swiper-button-next\"><i class=\"awb-icon-angle-right\" aria-hidden=\"true\"><\/i><\/div><\/div><\/div><\/div><\/div><div class=\"fusion-layout-column fusion_builder_column fusion-builder-column-2 fusion_builder_column_1_2 1_2 fusion-flex-column\" style=\"--awb-overflow:hidden;--awb-bg-color:#90b727;--awb-bg-color-hover:#90b727;--awb-bg-size:cover;--awb-box-shadow: 0px 0px ;;--awb-border-radius:15px 15px 15px 15px;--awb-width-large:50%;--awb-margin-top-large:0px;--awb-spacing-right-large:3.84%;--awb-margin-bottom-large:20px;--awb-spacing-left-large:3.84%;--awb-width-medium:100%;--awb-order-medium:0;--awb-spacing-right-medium:1.92%;--awb-spacing-left-medium:1.92%;--awb-width-small:100%;--awb-order-small:0;--awb-spacing-right-small:1.92%;--awb-spacing-left-small:1.92%;\" data-scroll-devices=\"small-visibility,medium-visibility,large-visibility\"><div class=\"fusion-column-wrapper fusion-column-has-shadow fusion-flex-justify-content-flex-start fusion-content-layout-column\"><div class=\"fusion-title title fusion-title-3 fusion-sep-none fusion-title-center fusion-title-text fusion-title-size-four\" style=\"--awb-margin-top:10px;--awb-margin-top-small:0px;--awb-margin-right-small:0px;--awb-margin-bottom-small:20px;--awb-margin-left-small:0px;\"><h4 class=\"fusion-title-heading title-heading-center fusion-responsive-typography-calculated\" style=\"margin:0;--fontSize:18;--minFontSize:18;line-height:1.33;\"><strong><span style=\"color: #ffffff;\">Snack &amp; Talk mit Prof. Patrick Jahn und Prof. Nils Lahmann<\/span><\/strong><\/h4><\/div><div class=\"fusion-video fusion-youtube\" style=\"--awb-max-width:600px;--awb-max-height:350px;--awb-align-self:center;--awb-width:100%;--awb-margin-bottom:10px;\"><div class=\"video-shortcode\"><div class=\"fluid-width-video-wrapper\" style=\"padding-top:58.33%;\" ><iframe class=\"fusion-hidden\" data-privacy-type=\"youtube\" src=\"\" title=\"YouTube video player 1\" data-privacy-src=\"https:\/\/www.youtube.com\/embed\/LLu5mNE_KVk?wmode=transparent&autoplay=0\" width=\"600\" height=\"350\" allowfullscreen allow=\"autoplay; clipboard-write; encrypted-media; gyroscope; picture-in-picture;\"><\/iframe><div class=\"fusion-privacy-placeholder\" style=\"width:600px; height:350px;\" data-privacy-type=\"youtube\"><div class=\"fusion-privacy-placeholder-content\"><div class=\"fusion-privacy-label\">For privacy reasons YouTube needs your permission to be loaded. For more details, please see our <a class=\"privacy-policy-link\" href=\"https:\/\/www.cluster-zukunft-der-pflege.de\/index.php\/datenschutzerklaerung\/\" rel=\"privacy-policy\">DATENSCHUTZ<\/a>.<\/div><button data-privacy-type=\"youtube\" class=\"fusion-button button-default fusion-button-default-size button fusion-privacy-consent\">I Accept<\/button><\/div><\/div><\/div><\/div><\/div><\/div><\/div><div class=\"fusion-layout-column fusion_builder_column fusion-builder-column-3 fusion_builder_column_1_2 1_2 fusion-flex-column\" style=\"--awb-overflow:hidden;--awb-bg-color:#90b727;--awb-bg-color-hover:#90b727;--awb-bg-size:cover;--awb-border-radius:15px 15px 15px 15px;--awb-width-large:50%;--awb-margin-top-large:0px;--awb-spacing-right-large:3.84%;--awb-margin-bottom-large:20px;--awb-spacing-left-large:3.84%;--awb-width-medium:100%;--awb-order-medium:0;--awb-spacing-right-medium:1.92%;--awb-spacing-left-medium:1.92%;--awb-width-small:100%;--awb-order-small:0;--awb-spacing-right-small:1.92%;--awb-spacing-left-small:1.92%;\" data-scroll-devices=\"small-visibility,medium-visibility,large-visibility\"><div class=\"fusion-column-wrapper fusion-column-has-shadow fusion-flex-justify-content-flex-start fusion-content-layout-column\"><div class=\"fusion-title title fusion-title-4 fusion-sep-none fusion-title-center fusion-title-text fusion-title-size-four\" style=\"--awb-margin-top:10px;--awb-margin-top-small:0px;--awb-margin-right-small:0px;--awb-margin-bottom-small:20px;--awb-margin-left-small:0px;\"><h4 class=\"fusion-title-heading title-heading-center fusion-responsive-typography-calculated\" style=\"margin:0;--fontSize:18;--minFontSize:18;line-height:1.33;\"><strong><span style=\"color: #ffffff;\">Snack &amp; Talk mit Prof. Patrick Jahn und Marlene Klemm<\/span><\/strong><\/h4><\/div><div class=\"fusion-video fusion-youtube\" style=\"--awb-max-width:600px;--awb-max-height:350px;--awb-align-self:center;--awb-width:100%;--awb-margin-bottom:10px;\"><div class=\"video-shortcode\"><div class=\"fluid-width-video-wrapper\" style=\"padding-top:58.33%;\" ><iframe class=\"fusion-hidden\" data-privacy-type=\"youtube\" src=\"\" title=\"YouTube video player 2\" data-privacy-src=\"https:\/\/www.youtube.com\/embed\/ke7Je-6v2EQ?wmode=transparent&autoplay=0\" width=\"600\" height=\"350\" allowfullscreen allow=\"autoplay; clipboard-write; encrypted-media; gyroscope; picture-in-picture;\"><\/iframe><div class=\"fusion-privacy-placeholder\" style=\"width:600px; height:350px;\" data-privacy-type=\"youtube\"><div class=\"fusion-privacy-placeholder-content\"><div class=\"fusion-privacy-label\">For privacy reasons YouTube needs your permission to be loaded. For more details, please see our <a class=\"privacy-policy-link\" href=\"https:\/\/www.cluster-zukunft-der-pflege.de\/index.php\/datenschutzerklaerung\/\" rel=\"privacy-policy\">DATENSCHUTZ<\/a>.<\/div><button data-privacy-type=\"youtube\" class=\"fusion-button button-default fusion-button-default-size button fusion-privacy-consent\">I Accept<\/button><\/div><\/div><\/div><\/div><\/div><\/div><\/div><div class=\"fusion-layout-column fusion_builder_column fusion-builder-column-4 fusion_builder_column_1_1 1_1 fusion-flex-column\" style=\"--awb-bg-size:cover;--awb-width-large:100%;--awb-margin-top-large:0px;--awb-spacing-right-large:1.92%;--awb-margin-bottom-large:20px;--awb-spacing-left-large:1.92%;--awb-width-medium:100%;--awb-order-medium:0;--awb-spacing-right-medium:1.92%;--awb-spacing-left-medium:1.92%;--awb-width-small:100%;--awb-order-small:0;--awb-spacing-right-small:1.92%;--awb-spacing-left-small:1.92%;\"><div class=\"fusion-column-wrapper fusion-column-has-shadow fusion-flex-justify-content-flex-start fusion-content-layout-column\"><div class=\"fusion-text fusion-text-2\"><p>Bilder und Videos wurden zur Verf\u00fcgung gestellt vom BMFTR.<\/p>\n<\/div><\/div><\/div><\/div><\/div><div class=\"fusion-fullwidth fullwidth-box fusion-builder-row-3 fusion-flex-container nonhundred-percent-fullwidth non-hundred-percent-height-scrolling\" style=\"--awb-border-radius-top-left:0px;--awb-border-radius-top-right:0px;--awb-border-radius-bottom-right:0px;--awb-border-radius-bottom-left:0px;--awb-flex-wrap:wrap;\" ><div class=\"fusion-builder-row fusion-row fusion-flex-align-items-flex-start fusion-flex-content-wrap\" style=\"max-width:1352px;margin-left: calc(-4% \/ 2 );margin-right: calc(-4% \/ 2 );\"><div class=\"fusion-layout-column fusion_builder_column fusion-builder-column-5 fusion_builder_column_1_1 1_1 fusion-flex-column\" style=\"--awb-bg-blend:overlay;--awb-bg-size:cover;--awb-width-large:100%;--awb-margin-top-large:0px;--awb-spacing-right-large:1.92%;--awb-margin-bottom-large:0px;--awb-spacing-left-large:1.92%;--awb-width-medium:100%;--awb-spacing-right-medium:1.92%;--awb-spacing-left-medium:1.92%;--awb-width-small:100%;--awb-spacing-right-small:1.92%;--awb-spacing-left-small:1.92%;\"><div class=\"fusion-column-wrapper fusion-flex-justify-content-flex-start fusion-content-layout-column\"><div class=\"fusion-title title fusion-title-5 fusion-title-center fusion-title-text fusion-title-size-three\" style=\"--awb-margin-top-small:0px;--awb-margin-right-small:0px;--awb-margin-bottom-small:20px;--awb-margin-left-small:0px;\"><div class=\"title-sep-container title-sep-container-left\"><div class=\"title-sep sep-single sep-solid\" style=\"border-color:#e0dede;\"><\/div><\/div><span class=\"awb-title-spacer\"><\/span><h3 class=\"fusion-title-heading title-heading-center fusion-responsive-typography-calculated\" style=\"margin:0;--fontSize:26;line-height:1.62;\"><h2 style=\"--fontsize: 56; line-height: 1.79;\" data-fontsize=\"56\" data-lineheight=\"100.233px\">2024<\/h2><\/h3><span class=\"awb-title-spacer\"><\/span><div class=\"title-sep-container title-sep-container-right\"><div class=\"title-sep sep-single sep-solid\" style=\"border-color:#e0dede;\"><\/div><\/div><\/div><\/div><\/div><div class=\"fusion-layout-column fusion_builder_column fusion-builder-column-6 fusion_builder_column_1_1 1_1 fusion-flex-column\" style=\"--awb-padding-left-medium:0px;--awb-padding-left-small:0px;--awb-bg-size:cover;--awb-width-large:100%;--awb-margin-top-large:0px;--awb-spacing-right-large:1.92%;--awb-margin-bottom-large:20px;--awb-spacing-left-large:1.92%;--awb-width-medium:100%;--awb-order-medium:0;--awb-spacing-right-medium:1.92%;--awb-spacing-left-medium:1.92%;--awb-width-small:100%;--awb-order-small:0;--awb-spacing-right-small:1.92%;--awb-spacing-left-small:1.92%;\"><div class=\"fusion-column-wrapper fusion-column-has-shadow fusion-flex-justify-content-flex-start fusion-content-layout-column\"><div class=\"fusion-image-element \" style=\"--awb-caption-title-font-family:var(--h2_typography-font-family);--awb-caption-title-font-weight:var(--h2_typography-font-weight);--awb-caption-title-font-style:var(--h2_typography-font-style);--awb-caption-title-size:var(--h2_typography-font-size);--awb-caption-title-transform:var(--h2_typography-text-transform);--awb-caption-title-line-height:var(--h2_typography-line-height);--awb-caption-title-letter-spacing:var(--h2_typography-letter-spacing);\"><span class=\" fusion-imageframe imageframe-none imageframe-1 hover-type-none\"><img decoding=\"async\" width=\"2560\" height=\"1152\" title=\"Deutscher Pflegetag Cluster Stand\" src=\"https:\/\/www.cluster-zukunft-der-pflege.de\/wp-content\/uploads\/2023\/09\/Deutscher_Pflegetag_Stand-scaled.jpeg\" alt class=\"img-responsive wp-image-2419\" srcset=\"https:\/\/www.cluster-zukunft-der-pflege.de\/wp-content\/uploads\/2023\/09\/Deutscher_Pflegetag_Stand-200x90.jpeg 200w, https:\/\/www.cluster-zukunft-der-pflege.de\/wp-content\/uploads\/2023\/09\/Deutscher_Pflegetag_Stand-400x180.jpeg 400w, https:\/\/www.cluster-zukunft-der-pflege.de\/wp-content\/uploads\/2023\/09\/Deutscher_Pflegetag_Stand-600x270.jpeg 600w, https:\/\/www.cluster-zukunft-der-pflege.de\/wp-content\/uploads\/2023\/09\/Deutscher_Pflegetag_Stand-800x360.jpeg 800w, https:\/\/www.cluster-zukunft-der-pflege.de\/wp-content\/uploads\/2023\/09\/Deutscher_Pflegetag_Stand-1200x540.jpeg 1200w, https:\/\/www.cluster-zukunft-der-pflege.de\/wp-content\/uploads\/2023\/09\/Deutscher_Pflegetag_Stand-scaled.jpeg 2560w\" sizes=\"(max-width: 1024px) 100vw, (max-width: 640px) 100vw, 2560px\" \/><\/span><\/div><\/div><\/div><div class=\"fusion-layout-column fusion_builder_column fusion-builder-column-7 fusion_builder_column_1_3 1_3 fusion-flex-column\" style=\"--awb-bg-size:cover;--awb-width-large:33.333333333333%;--awb-margin-top-large:0px;--awb-spacing-right-large:5.76%;--awb-margin-bottom-large:20px;--awb-spacing-left-large:5.76%;--awb-width-medium:100%;--awb-order-medium:0;--awb-spacing-right-medium:1.92%;--awb-spacing-left-medium:1.92%;--awb-width-small:100%;--awb-order-small:0;--awb-spacing-right-small:1.92%;--awb-spacing-left-small:1.92%;\" data-scroll-devices=\"small-visibility,medium-visibility,large-visibility\"><div class=\"fusion-column-wrapper fusion-column-has-shadow fusion-flex-justify-content-flex-start fusion-content-layout-column\"><div class=\"fusion-image-element awb-imageframe-style awb-imageframe-style-below awb-imageframe-style-2\" style=\"--awb-caption-text-size:9px;--awb-caption-title-font-family:var(--h1_typography-font-family);--awb-caption-title-font-weight:var(--h1_typography-font-weight);--awb-caption-title-font-style:var(--h1_typography-font-style);--awb-caption-title-size:var(--h1_typography-font-size);--awb-caption-title-transform:var(--h1_typography-text-transform);--awb-caption-title-line-height:var(--h1_typography-line-height);--awb-caption-title-letter-spacing:var(--h1_typography-letter-spacing);\"><span class=\" fusion-imageframe imageframe-none imageframe-2 hover-type-none\"><img decoding=\"async\" width=\"1280\" height=\"720\" src=\"https:\/\/www.cluster-zukunft-der-pflege.de\/wp-content\/uploads\/2024\/10\/Aktives-Exoskelett.png\" alt class=\"img-responsive wp-image-2593\" srcset=\"https:\/\/www.cluster-zukunft-der-pflege.de\/wp-content\/uploads\/2024\/10\/Aktives-Exoskelett-200x113.png 200w, https:\/\/www.cluster-zukunft-der-pflege.de\/wp-content\/uploads\/2024\/10\/Aktives-Exoskelett-400x225.png 400w, https:\/\/www.cluster-zukunft-der-pflege.de\/wp-content\/uploads\/2024\/10\/Aktives-Exoskelett-600x338.png 600w, https:\/\/www.cluster-zukunft-der-pflege.de\/wp-content\/uploads\/2024\/10\/Aktives-Exoskelett-800x450.png 800w, https:\/\/www.cluster-zukunft-der-pflege.de\/wp-content\/uploads\/2024\/10\/Aktives-Exoskelett-1200x675.png 1200w, https:\/\/www.cluster-zukunft-der-pflege.de\/wp-content\/uploads\/2024\/10\/Aktives-Exoskelett.png 1280w\" sizes=\"(max-width: 1024px) 100vw, (max-width: 640px) 100vw, 400px\" \/><\/span><div class=\"awb-imageframe-caption-container\" style=\"text-align:center;\"><div class=\"awb-imageframe-caption\"><p class=\"awb-imageframe-caption-text\">Bildquelle: German Bionic Systems GmbH<\/p><\/div><\/div><\/div><div ><a class=\"fusion-button button-3d fusion-button-default-size button-custom fusion-button-default button-1 fusion-button-default-span fusion-has-button-gradient button-style\" style=\"--button_bevel_color:#1c65db;--button_bevel_color_hover:#067a09;--button_accent_color:#ffffff;--button_accent_hover_color:#ffffff;--button_border_hover_color:#ffffff;--button_gradient_top_color:#36a9e1;--button_gradient_bottom_color:#318fce;--button_gradient_top_color_hover:#5aa86c;--button_gradient_bottom_color_hover:#5aa86c;\" target=\"_self\" data-hover=\"bg_slide_right\" href=\"#\" data-toggle=\"modal\" data-target=\".fusion-modal.aktivesexoskelett\"><span class=\"fusion-button-text awb-button__text awb-button__text--default\">Aktives Exoskelett<\/span><\/a><\/div><\/div><\/div><div class=\"fusion-layout-column fusion_builder_column fusion-builder-column-8 fusion_builder_column_1_3 1_3 fusion-flex-column\" style=\"--awb-bg-size:cover;--awb-width-large:33.333333333333%;--awb-margin-top-large:0px;--awb-spacing-right-large:5.76%;--awb-margin-bottom-large:20px;--awb-spacing-left-large:5.76%;--awb-width-medium:100%;--awb-order-medium:0;--awb-spacing-right-medium:1.92%;--awb-spacing-left-medium:1.92%;--awb-width-small:100%;--awb-order-small:0;--awb-spacing-right-small:1.92%;--awb-spacing-left-small:1.92%;\" data-scroll-devices=\"small-visibility,medium-visibility,large-visibility\"><div class=\"fusion-column-wrapper fusion-column-has-shadow fusion-flex-justify-content-flex-start fusion-content-layout-column\"><div class=\"fusion-image-element awb-imageframe-style awb-imageframe-style-below awb-imageframe-style-3\" style=\"--awb-caption-text-size:9px;--awb-caption-title-font-family:var(--h2_typography-font-family);--awb-caption-title-font-weight:var(--h2_typography-font-weight);--awb-caption-title-font-style:var(--h2_typography-font-style);--awb-caption-title-size:var(--h2_typography-font-size);--awb-caption-title-transform:var(--h2_typography-text-transform);--awb-caption-title-line-height:var(--h2_typography-line-height);--awb-caption-title-letter-spacing:var(--h2_typography-letter-spacing);\"><span class=\" fusion-imageframe imageframe-none imageframe-3 hover-type-none\"><img decoding=\"async\" width=\"1280\" height=\"720\" src=\"https:\/\/www.cluster-zukunft-der-pflege.de\/wp-content\/uploads\/2024\/10\/Cureo-1.png\" alt class=\"img-responsive wp-image-2599\" srcset=\"https:\/\/www.cluster-zukunft-der-pflege.de\/wp-content\/uploads\/2024\/10\/Cureo-1-200x113.png 200w, https:\/\/www.cluster-zukunft-der-pflege.de\/wp-content\/uploads\/2024\/10\/Cureo-1-400x225.png 400w, https:\/\/www.cluster-zukunft-der-pflege.de\/wp-content\/uploads\/2024\/10\/Cureo-1-600x338.png 600w, https:\/\/www.cluster-zukunft-der-pflege.de\/wp-content\/uploads\/2024\/10\/Cureo-1-800x450.png 800w, https:\/\/www.cluster-zukunft-der-pflege.de\/wp-content\/uploads\/2024\/10\/Cureo-1-1200x675.png 1200w, https:\/\/www.cluster-zukunft-der-pflege.de\/wp-content\/uploads\/2024\/10\/Cureo-1.png 1280w\" sizes=\"(max-width: 1024px) 100vw, (max-width: 640px) 100vw, 400px\" \/><\/span><div class=\"awb-imageframe-caption-container\" style=\"text-align:center;\"><div class=\"awb-imageframe-caption\"><p class=\"awb-imageframe-caption-text\">Bildquelle: https:\/\/www.cureosity.com\/de<\/p><\/div><\/div><\/div><div ><a class=\"fusion-button button-3d fusion-button-default-size button-custom fusion-button-default button-2 fusion-button-default-span fusion-has-button-gradient button-style\" style=\"--button_bevel_color:#1c65db;--button_accent_color:#ffffff;--button_accent_hover_color:#ffffff;--button_border_hover_color:#ffffff;--button_gradient_top_color:#36a9e1;--button_gradient_bottom_color:#318fce;--button_gradient_top_color_hover:#5aa86c;--button_gradient_bottom_color_hover:#5aa86c;\" target=\"_self\" data-hover=\"bg_slide_right\" href=\"#\" data-toggle=\"modal\" data-target=\".fusion-modal.cureo\"><span class=\"fusion-button-text awb-button__text awb-button__text--default\">Cureo<\/span><\/a><\/div><\/div><\/div><div class=\"fusion-layout-column fusion_builder_column fusion-builder-column-9 fusion_builder_column_1_3 1_3 fusion-flex-column\" style=\"--awb-bg-size:cover;--awb-width-large:33.333333333333%;--awb-margin-top-large:0px;--awb-spacing-right-large:5.76%;--awb-margin-bottom-large:20px;--awb-spacing-left-large:5.76%;--awb-width-medium:100%;--awb-order-medium:0;--awb-spacing-right-medium:1.92%;--awb-spacing-left-medium:1.92%;--awb-width-small:100%;--awb-order-small:0;--awb-spacing-right-small:1.92%;--awb-spacing-left-small:1.92%;\"><div class=\"fusion-column-wrapper fusion-column-has-shadow fusion-flex-justify-content-flex-start fusion-content-layout-column\"><div class=\"fusion-image-element awb-imageframe-style awb-imageframe-style-below awb-imageframe-style-4\" style=\"--awb-caption-text-size:9px;--awb-caption-title-font-family:var(--h2_typography-font-family);--awb-caption-title-font-weight:var(--h2_typography-font-weight);--awb-caption-title-font-style:var(--h2_typography-font-style);--awb-caption-title-size:var(--h2_typography-font-size);--awb-caption-title-transform:var(--h2_typography-text-transform);--awb-caption-title-line-height:var(--h2_typography-line-height);--awb-caption-title-letter-spacing:var(--h2_typography-letter-spacing);\"><span class=\" fusion-imageframe imageframe-none imageframe-4 hover-type-none\"><img decoding=\"async\" width=\"1280\" height=\"720\" src=\"https:\/\/www.cluster-zukunft-der-pflege.de\/wp-content\/uploads\/2024\/10\/Double-3.png\" alt class=\"img-responsive wp-image-2600\" srcset=\"https:\/\/www.cluster-zukunft-der-pflege.de\/wp-content\/uploads\/2024\/10\/Double-3-200x113.png 200w, https:\/\/www.cluster-zukunft-der-pflege.de\/wp-content\/uploads\/2024\/10\/Double-3-400x225.png 400w, https:\/\/www.cluster-zukunft-der-pflege.de\/wp-content\/uploads\/2024\/10\/Double-3-600x338.png 600w, https:\/\/www.cluster-zukunft-der-pflege.de\/wp-content\/uploads\/2024\/10\/Double-3-800x450.png 800w, https:\/\/www.cluster-zukunft-der-pflege.de\/wp-content\/uploads\/2024\/10\/Double-3-1200x675.png 1200w, https:\/\/www.cluster-zukunft-der-pflege.de\/wp-content\/uploads\/2024\/10\/Double-3.png 1280w\" sizes=\"(max-width: 1024px) 100vw, (max-width: 640px) 100vw, 400px\" \/><\/span><div class=\"awb-imageframe-caption-container\" style=\"text-align:center;\"><div class=\"awb-imageframe-caption\"><p class=\"awb-imageframe-caption-text\">Bildquelle: Britt Schilling f\u00fcr Uniklinikum Freiburg<\/p><\/div><\/div><\/div><div ><a class=\"fusion-button button-3d fusion-button-default-size button-custom fusion-button-default button-3 fusion-button-default-span fusion-has-button-gradient button-style\" style=\"--button_bevel_color:#1c65db;--button_accent_color:#ffffff;--button_accent_hover_color:#ffffff;--button_border_hover_color:#ffffff;--button_gradient_top_color:#36a9e1;--button_gradient_bottom_color:#318fce;--button_gradient_top_color_hover:#5aa86c;--button_gradient_bottom_color_hover:#5aa86c;\" target=\"_self\" data-hover=\"bg_slide_right\" href=\"#\" data-toggle=\"modal\" data-target=\".fusion-modal.double3\"><span class=\"fusion-button-text awb-button__text awb-button__text--default\">Double 3<\/span><\/a><\/div><\/div><\/div><div class=\"fusion-layout-column fusion_builder_column fusion-builder-column-10 fusion_builder_column_1_3 1_3 fusion-flex-column\" style=\"--awb-bg-size:cover;--awb-width-large:33.333333333333%;--awb-margin-top-large:0px;--awb-spacing-right-large:5.76%;--awb-margin-bottom-large:20px;--awb-spacing-left-large:5.76%;--awb-width-medium:100%;--awb-order-medium:0;--awb-spacing-right-medium:1.92%;--awb-spacing-left-medium:1.92%;--awb-width-small:100%;--awb-order-small:0;--awb-spacing-right-small:1.92%;--awb-spacing-left-small:1.92%;\"><div class=\"fusion-column-wrapper fusion-column-has-shadow fusion-flex-justify-content-flex-start fusion-content-layout-column\"><div class=\"fusion-image-element awb-imageframe-style awb-imageframe-style-below awb-imageframe-style-5\" style=\"--awb-caption-text-size:9px;--awb-caption-title-font-family:var(--h2_typography-font-family);--awb-caption-title-font-weight:var(--h2_typography-font-weight);--awb-caption-title-font-style:var(--h2_typography-font-style);--awb-caption-title-size:var(--h2_typography-font-size);--awb-caption-title-transform:var(--h2_typography-text-transform);--awb-caption-title-line-height:var(--h2_typography-line-height);--awb-caption-title-letter-spacing:var(--h2_typography-letter-spacing);\"><span class=\" fusion-imageframe imageframe-none imageframe-5 hover-type-none\"><img decoding=\"async\" width=\"1280\" height=\"720\" src=\"https:\/\/www.cluster-zukunft-der-pflege.de\/wp-content\/uploads\/2024\/10\/enna-1.png\" alt class=\"img-responsive wp-image-2601\" srcset=\"https:\/\/www.cluster-zukunft-der-pflege.de\/wp-content\/uploads\/2024\/10\/enna-1-200x113.png 200w, https:\/\/www.cluster-zukunft-der-pflege.de\/wp-content\/uploads\/2024\/10\/enna-1-400x225.png 400w, https:\/\/www.cluster-zukunft-der-pflege.de\/wp-content\/uploads\/2024\/10\/enna-1-600x338.png 600w, https:\/\/www.cluster-zukunft-der-pflege.de\/wp-content\/uploads\/2024\/10\/enna-1-800x450.png 800w, https:\/\/www.cluster-zukunft-der-pflege.de\/wp-content\/uploads\/2024\/10\/enna-1-1200x675.png 1200w, https:\/\/www.cluster-zukunft-der-pflege.de\/wp-content\/uploads\/2024\/10\/enna-1.png 1280w\" sizes=\"(max-width: 1024px) 100vw, (max-width: 640px) 100vw, 400px\" \/><\/span><div class=\"awb-imageframe-caption-container\" style=\"text-align:center;\"><div class=\"awb-imageframe-caption\"><p class=\"awb-imageframe-caption-text\">Bildquelle: enna care<\/p><\/div><\/div><\/div><div ><a class=\"fusion-button button-3d fusion-button-default-size button-custom fusion-button-default button-4 fusion-button-default-span fusion-has-button-gradient button-style\" style=\"--button_bevel_color:#1c65db;--button_accent_color:#ffffff;--button_accent_hover_color:#ffffff;--button_border_hover_color:#ffffff;--button_gradient_top_color:#36a9e1;--button_gradient_bottom_color:#318fce;--button_gradient_top_color_hover:#5aa86c;--button_gradient_bottom_color_hover:#5aa86c;\" target=\"_self\" data-hover=\"bg_slide_right\" href=\"#\" data-toggle=\"modal\" data-target=\".fusion-modal.enna\"><span class=\"fusion-button-text awb-button__text awb-button__text--default\">enna<\/span><\/a><\/div><\/div><\/div><div class=\"fusion-layout-column fusion_builder_column fusion-builder-column-11 fusion_builder_column_1_3 1_3 fusion-flex-column\" style=\"--awb-bg-size:cover;--awb-width-large:33.333333333333%;--awb-margin-top-large:0px;--awb-spacing-right-large:5.76%;--awb-margin-bottom-large:20px;--awb-spacing-left-large:5.76%;--awb-width-medium:100%;--awb-order-medium:0;--awb-spacing-right-medium:1.92%;--awb-spacing-left-medium:1.92%;--awb-width-small:100%;--awb-order-small:0;--awb-spacing-right-small:1.92%;--awb-spacing-left-small:1.92%;\"><div class=\"fusion-column-wrapper fusion-column-has-shadow fusion-flex-justify-content-flex-start fusion-content-layout-column\"><div class=\"fusion-image-element awb-imageframe-style awb-imageframe-style-below awb-imageframe-style-6\" style=\"--awb-caption-text-size:9px;--awb-caption-title-font-family:var(--h2_typography-font-family);--awb-caption-title-font-weight:var(--h2_typography-font-weight);--awb-caption-title-font-style:var(--h2_typography-font-style);--awb-caption-title-size:var(--h2_typography-font-size);--awb-caption-title-transform:var(--h2_typography-text-transform);--awb-caption-title-line-height:var(--h2_typography-line-height);--awb-caption-title-letter-spacing:var(--h2_typography-letter-spacing);\"><span class=\" fusion-imageframe imageframe-none imageframe-6 hover-type-none\"><img decoding=\"async\" width=\"1280\" height=\"720\" src=\"https:\/\/www.cluster-zukunft-der-pflege.de\/wp-content\/uploads\/2024\/10\/Inkontinenzmanagement-1.png\" alt class=\"img-responsive wp-image-2602\" srcset=\"https:\/\/www.cluster-zukunft-der-pflege.de\/wp-content\/uploads\/2024\/10\/Inkontinenzmanagement-1-200x113.png 200w, https:\/\/www.cluster-zukunft-der-pflege.de\/wp-content\/uploads\/2024\/10\/Inkontinenzmanagement-1-400x225.png 400w, https:\/\/www.cluster-zukunft-der-pflege.de\/wp-content\/uploads\/2024\/10\/Inkontinenzmanagement-1-600x338.png 600w, https:\/\/www.cluster-zukunft-der-pflege.de\/wp-content\/uploads\/2024\/10\/Inkontinenzmanagement-1-800x450.png 800w, https:\/\/www.cluster-zukunft-der-pflege.de\/wp-content\/uploads\/2024\/10\/Inkontinenzmanagement-1-1200x675.png 1200w, https:\/\/www.cluster-zukunft-der-pflege.de\/wp-content\/uploads\/2024\/10\/Inkontinenzmanagement-1.png 1280w\" sizes=\"(max-width: 1024px) 100vw, (max-width: 640px) 100vw, 400px\" \/><\/span><div class=\"awb-imageframe-caption-container\" style=\"text-align:center;\"><div class=\"awb-imageframe-caption\"><p class=\"awb-imageframe-caption-text\">Bildquelle: https:\/\/www.dfreeus.biz\/<\/p><\/div><\/div><\/div><div ><a class=\"fusion-button button-3d fusion-button-default-size button-custom fusion-button-default button-5 fusion-button-default-span fusion-has-button-gradient button-style\" style=\"--button_bevel_color:#1c65db;--button_accent_color:#ffffff;--button_accent_hover_color:#ffffff;--button_border_hover_color:#ffffff;--button_gradient_top_color:#36a9e1;--button_gradient_bottom_color:#318fce;--button_gradient_top_color_hover:#5aa86c;--button_gradient_bottom_color_hover:#5aa86c;\" target=\"_self\" data-hover=\"bg_slide_right\" href=\"#\" data-toggle=\"modal\" data-target=\".fusion-modal.inkontinenzmanagement\"><span class=\"fusion-button-text awb-button__text awb-button__text--default\">Inkontinenzmanagement<\/span><\/a><\/div><\/div><\/div><div class=\"fusion-layout-column fusion_builder_column fusion-builder-column-12 fusion_builder_column_1_3 1_3 fusion-flex-column\" style=\"--awb-bg-size:cover;--awb-width-large:33.333333333333%;--awb-margin-top-large:0px;--awb-spacing-right-large:5.76%;--awb-margin-bottom-large:20px;--awb-spacing-left-large:5.76%;--awb-width-medium:100%;--awb-order-medium:0;--awb-spacing-right-medium:1.92%;--awb-spacing-left-medium:1.92%;--awb-width-small:100%;--awb-order-small:0;--awb-spacing-right-small:1.92%;--awb-spacing-left-small:1.92%;\"><div class=\"fusion-column-wrapper fusion-column-has-shadow fusion-flex-justify-content-flex-start fusion-content-layout-column\"><div class=\"fusion-image-element awb-imageframe-style awb-imageframe-style-below awb-imageframe-style-7\" style=\"--awb-caption-text-size:9px;--awb-caption-title-font-family:var(--h2_typography-font-family);--awb-caption-title-font-weight:var(--h2_typography-font-weight);--awb-caption-title-font-style:var(--h2_typography-font-style);--awb-caption-title-size:var(--h2_typography-font-size);--awb-caption-title-transform:var(--h2_typography-text-transform);--awb-caption-title-line-height:var(--h2_typography-line-height);--awb-caption-title-letter-spacing:var(--h2_typography-letter-spacing);\"><span class=\" fusion-imageframe imageframe-none imageframe-7 hover-type-none\"><img decoding=\"async\" width=\"1280\" height=\"720\" src=\"https:\/\/www.cluster-zukunft-der-pflege.de\/wp-content\/uploads\/2024\/10\/Inkontinenzsensorik-1.png\" alt class=\"img-responsive wp-image-2603\" srcset=\"https:\/\/www.cluster-zukunft-der-pflege.de\/wp-content\/uploads\/2024\/10\/Inkontinenzsensorik-1-200x113.png 200w, https:\/\/www.cluster-zukunft-der-pflege.de\/wp-content\/uploads\/2024\/10\/Inkontinenzsensorik-1-400x225.png 400w, https:\/\/www.cluster-zukunft-der-pflege.de\/wp-content\/uploads\/2024\/10\/Inkontinenzsensorik-1-600x338.png 600w, https:\/\/www.cluster-zukunft-der-pflege.de\/wp-content\/uploads\/2024\/10\/Inkontinenzsensorik-1-800x450.png 800w, https:\/\/www.cluster-zukunft-der-pflege.de\/wp-content\/uploads\/2024\/10\/Inkontinenzsensorik-1-1200x675.png 1200w, https:\/\/www.cluster-zukunft-der-pflege.de\/wp-content\/uploads\/2024\/10\/Inkontinenzsensorik-1.png 1280w\" sizes=\"(max-width: 1024px) 100vw, (max-width: 640px) 100vw, 400px\" \/><\/span><div class=\"awb-imageframe-caption-container\" style=\"text-align:center;\"><div class=\"awb-imageframe-caption\"><p class=\"awb-imageframe-caption-text\">Bildquelle: https:\/\/wearandcare.com\/de\/unser-sensor\/<\/p><\/div><\/div><\/div><div ><a class=\"fusion-button button-3d fusion-button-default-size button-custom fusion-button-default button-6 fusion-button-default-span fusion-has-button-gradient button-style\" style=\"--button_bevel_color:#1c65db;--button_accent_color:#ffffff;--button_accent_hover_color:#ffffff;--button_border_hover_color:#ffffff;--button_gradient_top_color:#36a9e1;--button_gradient_bottom_color:#318fce;--button_gradient_top_color_hover:#5aa86c;--button_gradient_bottom_color_hover:#5aa86c;\" target=\"_self\" data-hover=\"bg_slide_right\" href=\"#\" data-toggle=\"modal\" data-target=\".fusion-modal.inkontinenzsensorik\"><span class=\"fusion-button-text awb-button__text awb-button__text--default\">Inkontinenzsensorik<\/span><\/a><\/div><\/div><\/div><div class=\"fusion-layout-column fusion_builder_column fusion-builder-column-13 fusion_builder_column_1_3 1_3 fusion-flex-column\" style=\"--awb-bg-size:cover;--awb-width-large:33.333333333333%;--awb-margin-top-large:0px;--awb-spacing-right-large:5.76%;--awb-margin-bottom-large:20px;--awb-spacing-left-large:5.76%;--awb-width-medium:100%;--awb-order-medium:0;--awb-spacing-right-medium:1.92%;--awb-spacing-left-medium:1.92%;--awb-width-small:100%;--awb-order-small:0;--awb-spacing-right-small:1.92%;--awb-spacing-left-small:1.92%;\"><div class=\"fusion-column-wrapper fusion-column-has-shadow fusion-flex-justify-content-flex-start fusion-content-layout-column\"><div class=\"fusion-image-element awb-imageframe-style awb-imageframe-style-below awb-imageframe-style-8\" style=\"--awb-caption-text-size:9px;--awb-caption-title-font-family:var(--h2_typography-font-family);--awb-caption-title-font-weight:var(--h2_typography-font-weight);--awb-caption-title-font-style:var(--h2_typography-font-style);--awb-caption-title-size:var(--h2_typography-font-size);--awb-caption-title-transform:var(--h2_typography-text-transform);--awb-caption-title-line-height:var(--h2_typography-line-height);--awb-caption-title-letter-spacing:var(--h2_typography-letter-spacing);\"><span class=\" fusion-imageframe imageframe-none imageframe-8 hover-type-none\"><img decoding=\"async\" width=\"1280\" height=\"720\" src=\"https:\/\/www.cluster-zukunft-der-pflege.de\/wp-content\/uploads\/2024\/10\/Passives-Exoskelett.png\" alt class=\"img-responsive wp-image-2594\" srcset=\"https:\/\/www.cluster-zukunft-der-pflege.de\/wp-content\/uploads\/2024\/10\/Passives-Exoskelett-200x113.png 200w, https:\/\/www.cluster-zukunft-der-pflege.de\/wp-content\/uploads\/2024\/10\/Passives-Exoskelett-400x225.png 400w, https:\/\/www.cluster-zukunft-der-pflege.de\/wp-content\/uploads\/2024\/10\/Passives-Exoskelett-600x338.png 600w, https:\/\/www.cluster-zukunft-der-pflege.de\/wp-content\/uploads\/2024\/10\/Passives-Exoskelett-800x450.png 800w, https:\/\/www.cluster-zukunft-der-pflege.de\/wp-content\/uploads\/2024\/10\/Passives-Exoskelett-1200x675.png 1200w, https:\/\/www.cluster-zukunft-der-pflege.de\/wp-content\/uploads\/2024\/10\/Passives-Exoskelett.png 1280w\" sizes=\"(max-width: 1024px) 100vw, (max-width: 640px) 100vw, 400px\" \/><\/span><div class=\"awb-imageframe-caption-container\" style=\"text-align:center;\"><div class=\"awb-imageframe-caption\"><p class=\"awb-imageframe-caption-text\">Bildquelle: Hunic GmbH<\/p><\/div><\/div><\/div><div ><a class=\"fusion-button button-3d fusion-button-default-size button-custom fusion-button-default button-7 fusion-button-default-span fusion-has-button-gradient button-style\" style=\"--button_bevel_color:#1c65db;--button_accent_color:#ffffff;--button_accent_hover_color:#ffffff;--button_border_hover_color:#ffffff;--button_gradient_top_color:#36a9e1;--button_gradient_bottom_color:#318fce;--button_gradient_top_color_hover:#5aa86c;--button_gradient_bottom_color_hover:#5aa86c;\" target=\"_self\" data-hover=\"bg_slide_right\" href=\"#\" data-toggle=\"modal\" data-target=\".fusion-modal.passiveexoskelette\"><span class=\"fusion-button-text awb-button__text awb-button__text--default\">Passive Exoskelette<\/span><\/a><\/div><\/div><\/div><div class=\"fusion-layout-column fusion_builder_column fusion-builder-column-14 fusion_builder_column_1_3 1_3 fusion-flex-column\" style=\"--awb-bg-size:cover;--awb-width-large:33.333333333333%;--awb-margin-top-large:0px;--awb-spacing-right-large:5.76%;--awb-margin-bottom-large:20px;--awb-spacing-left-large:5.76%;--awb-width-medium:100%;--awb-order-medium:0;--awb-spacing-right-medium:1.92%;--awb-spacing-left-medium:1.92%;--awb-width-small:100%;--awb-order-small:0;--awb-spacing-right-small:1.92%;--awb-spacing-left-small:1.92%;\"><div class=\"fusion-column-wrapper fusion-column-has-shadow fusion-flex-justify-content-flex-start fusion-content-layout-column\"><div class=\"fusion-image-element awb-imageframe-style awb-imageframe-style-below awb-imageframe-style-9\" style=\"--awb-caption-text-size:9px;--awb-caption-title-font-family:var(--h2_typography-font-family);--awb-caption-title-font-weight:var(--h2_typography-font-weight);--awb-caption-title-font-style:var(--h2_typography-font-style);--awb-caption-title-size:var(--h2_typography-font-size);--awb-caption-title-transform:var(--h2_typography-text-transform);--awb-caption-title-line-height:var(--h2_typography-line-height);--awb-caption-title-letter-spacing:var(--h2_typography-letter-spacing);\"><span class=\" fusion-imageframe imageframe-none imageframe-9 hover-type-none\"><img decoding=\"async\" width=\"1280\" height=\"720\" src=\"https:\/\/www.cluster-zukunft-der-pflege.de\/wp-content\/uploads\/2024\/10\/SEM-Scanner-1.png\" alt class=\"img-responsive wp-image-2596\" srcset=\"https:\/\/www.cluster-zukunft-der-pflege.de\/wp-content\/uploads\/2024\/10\/SEM-Scanner-1-200x113.png 200w, https:\/\/www.cluster-zukunft-der-pflege.de\/wp-content\/uploads\/2024\/10\/SEM-Scanner-1-400x225.png 400w, https:\/\/www.cluster-zukunft-der-pflege.de\/wp-content\/uploads\/2024\/10\/SEM-Scanner-1-600x338.png 600w, https:\/\/www.cluster-zukunft-der-pflege.de\/wp-content\/uploads\/2024\/10\/SEM-Scanner-1-800x450.png 800w, https:\/\/www.cluster-zukunft-der-pflege.de\/wp-content\/uploads\/2024\/10\/SEM-Scanner-1-1200x675.png 1200w, https:\/\/www.cluster-zukunft-der-pflege.de\/wp-content\/uploads\/2024\/10\/SEM-Scanner-1.png 1280w\" sizes=\"(max-width: 1024px) 100vw, (max-width: 640px) 100vw, 400px\" \/><\/span><div class=\"awb-imageframe-caption-container\" style=\"text-align:center;\"><div class=\"awb-imageframe-caption\"><p class=\"awb-imageframe-caption-text\">Bildquelle: Arjo, 2023<\/p><\/div><\/div><\/div><div ><a class=\"fusion-button button-3d fusion-button-default-size button-custom fusion-button-default button-8 fusion-button-default-span fusion-has-button-gradient button-style\" style=\"--button_bevel_color:#1c65db;--button_accent_color:#ffffff;--button_accent_hover_color:#ffffff;--button_border_hover_color:#ffffff;--button_gradient_top_color:#36a9e1;--button_gradient_bottom_color:#318fce;--button_gradient_top_color_hover:#5aa86c;--button_gradient_bottom_color_hover:#5aa86c;\" target=\"_self\" data-hover=\"bg_slide_right\" href=\"#\" data-toggle=\"modal\" data-target=\".fusion-modal.semscanner\"><span class=\"fusion-button-text awb-button__text awb-button__text--default\">SEM-Scanner<\/span><\/a><\/div><\/div><\/div><div class=\"fusion-layout-column fusion_builder_column fusion-builder-column-15 fusion_builder_column_1_3 1_3 fusion-flex-column\" style=\"--awb-bg-size:cover;--awb-width-large:33.333333333333%;--awb-margin-top-large:0px;--awb-spacing-right-large:5.76%;--awb-margin-bottom-large:20px;--awb-spacing-left-large:5.76%;--awb-width-medium:100%;--awb-order-medium:0;--awb-spacing-right-medium:1.92%;--awb-spacing-left-medium:1.92%;--awb-width-small:100%;--awb-order-small:0;--awb-spacing-right-small:1.92%;--awb-spacing-left-small:1.92%;\"><div class=\"fusion-column-wrapper fusion-column-has-shadow fusion-flex-justify-content-flex-start fusion-content-layout-column\"><div class=\"fusion-image-element awb-imageframe-style awb-imageframe-style-below awb-imageframe-style-10\" style=\"--awb-caption-text-size:9px;--awb-caption-title-font-family:var(--h2_typography-font-family);--awb-caption-title-font-weight:var(--h2_typography-font-weight);--awb-caption-title-font-style:var(--h2_typography-font-style);--awb-caption-title-size:var(--h2_typography-font-size);--awb-caption-title-transform:var(--h2_typography-text-transform);--awb-caption-title-line-height:var(--h2_typography-line-height);--awb-caption-title-letter-spacing:var(--h2_typography-letter-spacing);\"><span class=\" fusion-imageframe imageframe-none imageframe-10 hover-type-none\"><img decoding=\"async\" width=\"1280\" height=\"720\" src=\"https:\/\/www.cluster-zukunft-der-pflege.de\/wp-content\/uploads\/2024\/10\/RingConn-1.png\" alt class=\"img-responsive wp-image-2595\" srcset=\"https:\/\/www.cluster-zukunft-der-pflege.de\/wp-content\/uploads\/2024\/10\/RingConn-1-200x113.png 200w, https:\/\/www.cluster-zukunft-der-pflege.de\/wp-content\/uploads\/2024\/10\/RingConn-1-400x225.png 400w, https:\/\/www.cluster-zukunft-der-pflege.de\/wp-content\/uploads\/2024\/10\/RingConn-1-600x338.png 600w, https:\/\/www.cluster-zukunft-der-pflege.de\/wp-content\/uploads\/2024\/10\/RingConn-1-800x450.png 800w, https:\/\/www.cluster-zukunft-der-pflege.de\/wp-content\/uploads\/2024\/10\/RingConn-1-1200x675.png 1200w, https:\/\/www.cluster-zukunft-der-pflege.de\/wp-content\/uploads\/2024\/10\/RingConn-1.png 1280w\" sizes=\"(max-width: 1024px) 100vw, (max-width: 640px) 100vw, 400px\" \/><\/span><div class=\"awb-imageframe-caption-container\" style=\"text-align:center;\"><div class=\"awb-imageframe-caption\"><p class=\"awb-imageframe-caption-text\">Bildquelle: Ring Silber Schmuck - Kostenlose Vektorgrafik auf Pixabay<\/p><\/div><\/div><\/div><div ><a class=\"fusion-button button-3d fusion-button-default-size button-custom fusion-button-default button-9 fusion-button-default-span fusion-has-button-gradient button-style\" style=\"--button_bevel_color:#1c65db;--button_accent_color:#ffffff;--button_accent_hover_color:#ffffff;--button_border_hover_color:#ffffff;--button_gradient_top_color:#36a9e1;--button_gradient_bottom_color:#318fce;--button_gradient_top_color_hover:#5aa86c;--button_gradient_bottom_color_hover:#5aa86c;\" target=\"_self\" data-hover=\"bg_slide_right\" href=\"#\" data-toggle=\"modal\" data-target=\".fusion-modal.smartring\"><span class=\"fusion-button-text awb-button__text awb-button__text--default\">SmartRing<\/span><\/a><\/div><\/div><\/div><div class=\"fusion-layout-column fusion_builder_column fusion-builder-column-16 fusion_builder_column_1_3 1_3 fusion-flex-column\" style=\"--awb-bg-size:cover;--awb-width-large:33.333333333333%;--awb-margin-top-large:0px;--awb-spacing-right-large:5.76%;--awb-margin-bottom-large:20px;--awb-spacing-left-large:5.76%;--awb-width-medium:100%;--awb-order-medium:0;--awb-spacing-right-medium:1.92%;--awb-spacing-left-medium:1.92%;--awb-width-small:100%;--awb-order-small:0;--awb-spacing-right-small:1.92%;--awb-spacing-left-small:1.92%;\"><div class=\"fusion-column-wrapper fusion-column-has-shadow fusion-flex-justify-content-flex-start fusion-content-layout-column\"><div class=\"fusion-image-element awb-imageframe-style awb-imageframe-style-below awb-imageframe-style-11\" style=\"--awb-caption-text-size:9px;--awb-caption-title-font-family:var(--h2_typography-font-family);--awb-caption-title-font-weight:var(--h2_typography-font-weight);--awb-caption-title-font-style:var(--h2_typography-font-style);--awb-caption-title-size:var(--h2_typography-font-size);--awb-caption-title-transform:var(--h2_typography-text-transform);--awb-caption-title-line-height:var(--h2_typography-line-height);--awb-caption-title-letter-spacing:var(--h2_typography-letter-spacing);\"><span class=\" fusion-imageframe imageframe-none imageframe-11 hover-type-none\"><img decoding=\"async\" width=\"1280\" height=\"720\" src=\"https:\/\/www.cluster-zukunft-der-pflege.de\/wp-content\/uploads\/2024\/10\/Televisitenwagen-1.png\" alt class=\"img-responsive wp-image-2597\" srcset=\"https:\/\/www.cluster-zukunft-der-pflege.de\/wp-content\/uploads\/2024\/10\/Televisitenwagen-1-200x113.png 200w, https:\/\/www.cluster-zukunft-der-pflege.de\/wp-content\/uploads\/2024\/10\/Televisitenwagen-1-400x225.png 400w, https:\/\/www.cluster-zukunft-der-pflege.de\/wp-content\/uploads\/2024\/10\/Televisitenwagen-1-600x338.png 600w, https:\/\/www.cluster-zukunft-der-pflege.de\/wp-content\/uploads\/2024\/10\/Televisitenwagen-1-800x450.png 800w, https:\/\/www.cluster-zukunft-der-pflege.de\/wp-content\/uploads\/2024\/10\/Televisitenwagen-1-1200x675.png 1200w, https:\/\/www.cluster-zukunft-der-pflege.de\/wp-content\/uploads\/2024\/10\/Televisitenwagen-1.png 1280w\" sizes=\"(max-width: 1024px) 100vw, (max-width: 640px) 100vw, 400px\" \/><\/span><div class=\"awb-imageframe-caption-container\" style=\"text-align:center;\"><div class=\"awb-imageframe-caption\"><p class=\"awb-imageframe-caption-text\">Bildquelle: KJK-Health, 2024<\/p><\/div><\/div><\/div><div ><a class=\"fusion-button button-3d fusion-button-default-size button-custom fusion-button-default button-10 fusion-button-default-span fusion-has-button-gradient button-style\" style=\"--button_bevel_color:#1c65db;--button_accent_color:#ffffff;--button_accent_hover_color:#ffffff;--button_border_hover_color:#ffffff;--button_gradient_top_color:#36a9e1;--button_gradient_bottom_color:#318fce;--button_gradient_top_color_hover:#5aa86c;--button_gradient_bottom_color_hover:#5aa86c;\" target=\"_self\" data-hover=\"bg_slide_right\" href=\"#\" data-toggle=\"modal\" data-target=\".fusion-modal.televisitenwagen\"><span class=\"fusion-button-text awb-button__text awb-button__text--default\">Televisitenwagen<\/span><\/a><\/div><\/div><\/div><div class=\"fusion-layout-column fusion_builder_column fusion-builder-column-17 fusion_builder_column_1_3 1_3 fusion-flex-column\" style=\"--awb-bg-size:cover;--awb-width-large:33.333333333333%;--awb-margin-top-large:0px;--awb-spacing-right-large:5.76%;--awb-margin-bottom-large:20px;--awb-spacing-left-large:5.76%;--awb-width-medium:100%;--awb-order-medium:0;--awb-spacing-right-medium:1.92%;--awb-spacing-left-medium:1.92%;--awb-width-small:100%;--awb-order-small:0;--awb-spacing-right-small:1.92%;--awb-spacing-left-small:1.92%;\"><div class=\"fusion-column-wrapper fusion-column-has-shadow fusion-flex-justify-content-flex-start fusion-content-layout-column\"><div class=\"fusion-image-element awb-imageframe-style awb-imageframe-style-below awb-imageframe-style-12\" style=\"--awb-caption-text-size:9px;--awb-caption-title-font-family:var(--h2_typography-font-family);--awb-caption-title-font-weight:var(--h2_typography-font-weight);--awb-caption-title-font-style:var(--h2_typography-font-style);--awb-caption-title-size:var(--h2_typography-font-size);--awb-caption-title-transform:var(--h2_typography-text-transform);--awb-caption-title-line-height:var(--h2_typography-line-height);--awb-caption-title-letter-spacing:var(--h2_typography-letter-spacing);\"><span class=\" fusion-imageframe imageframe-none imageframe-12 hover-type-none\"><img decoding=\"async\" width=\"1280\" height=\"720\" src=\"https:\/\/www.cluster-zukunft-der-pflege.de\/wp-content\/uploads\/2024\/10\/Virtuelle-Labore.png\" alt class=\"img-responsive wp-image-2598\" srcset=\"https:\/\/www.cluster-zukunft-der-pflege.de\/wp-content\/uploads\/2024\/10\/Virtuelle-Labore-200x113.png 200w, https:\/\/www.cluster-zukunft-der-pflege.de\/wp-content\/uploads\/2024\/10\/Virtuelle-Labore-400x225.png 400w, https:\/\/www.cluster-zukunft-der-pflege.de\/wp-content\/uploads\/2024\/10\/Virtuelle-Labore-600x338.png 600w, https:\/\/www.cluster-zukunft-der-pflege.de\/wp-content\/uploads\/2024\/10\/Virtuelle-Labore-800x450.png 800w, https:\/\/www.cluster-zukunft-der-pflege.de\/wp-content\/uploads\/2024\/10\/Virtuelle-Labore-1200x675.png 1200w, https:\/\/www.cluster-zukunft-der-pflege.de\/wp-content\/uploads\/2024\/10\/Virtuelle-Labore.png 1280w\" sizes=\"(max-width: 1024px) 100vw, (max-width: 640px) 100vw, 400px\" \/><\/span><div class=\"awb-imageframe-caption-container\" style=\"text-align:center;\"><div class=\"awb-imageframe-caption\"><p class=\"awb-imageframe-caption-text\">Bildquelle: OFFIS - Institut f\u00fcr Informatik<\/p><\/div><\/div><\/div><div ><a class=\"fusion-button button-3d fusion-button-default-size button-custom fusion-button-default button-11 fusion-button-default-span fusion-has-button-gradient button-style\" style=\"--button_bevel_color:#1c65db;--button_accent_color:#ffffff;--button_accent_hover_color:#ffffff;--button_border_hover_color:#ffffff;--button_gradient_top_color:#36a9e1;--button_gradient_bottom_color:#318fce;--button_gradient_top_color_hover:#5aa86c;--button_gradient_bottom_color_hover:#5aa86c;\" target=\"_self\" data-hover=\"bg_slide_right\" href=\"#\" data-toggle=\"modal\" data-target=\".fusion-modal.virtuellelabore\"><span class=\"fusion-button-text awb-button__text awb-button__text--default\">Virtuelle Labore<\/span><\/a><\/div><\/div><\/div><div class=\"fusion-layout-column fusion_builder_column fusion-builder-column-18 fusion_builder_column_1_1 1_1 fusion-flex-column\" style=\"--awb-bg-size:cover;--awb-width-large:100%;--awb-margin-top-large:0px;--awb-spacing-right-large:1.92%;--awb-margin-bottom-large:20px;--awb-spacing-left-large:1.92%;--awb-width-medium:100%;--awb-order-medium:0;--awb-spacing-right-medium:1.92%;--awb-spacing-left-medium:1.92%;--awb-width-small:100%;--awb-order-small:0;--awb-spacing-right-small:1.92%;--awb-spacing-left-small:1.92%;\"><div class=\"fusion-column-wrapper fusion-column-has-shadow fusion-flex-justify-content-flex-start fusion-content-layout-column\"><div class=\"fusion-modal modal fade modal-1 aktivesexoskelett\" tabindex=\"-1\" role=\"dialog\" aria-labelledby=\"modal-heading-1\" aria-hidden=\"true\" style=\"--awb-border-color:#ebebeb;--awb-background:#f6f6f6;\"><div class=\"modal-dialog modal-lg\" role=\"document\"><div class=\"modal-content fusion-modal-content\"><div class=\"modal-header\"><button class=\"close\" type=\"button\" data-dismiss=\"modal\" aria-hidden=\"true\" aria-label=\"Close\">&times;<\/button><h3 class=\"modal-title\" id=\"modal-heading-1\" data-dismiss=\"modal\" aria-hidden=\"true\">Aktives Exoskelett<\/h3><\/div><div class=\"modal-body fusion-clearfix\">\n<p><a href=\"https:\/\/www.cluster-zukunft-der-pflege.de\/wp-content\/uploads\/2024\/10\/Aktives_Exoskelett.png\"><img decoding=\"async\" class=\"aligncenter size-full wp-image-2697\" src=\"https:\/\/www.cluster-zukunft-der-pflege.de\/wp-content\/uploads\/2024\/10\/Aktives_Exoskelett.png\" alt=\"\" width=\"595\" height=\"841\" srcset=\"https:\/\/www.cluster-zukunft-der-pflege.de\/wp-content\/uploads\/2024\/10\/Aktives_Exoskelett-200x283.png 200w, https:\/\/www.cluster-zukunft-der-pflege.de\/wp-content\/uploads\/2024\/10\/Aktives_Exoskelett-212x300.png 212w, https:\/\/www.cluster-zukunft-der-pflege.de\/wp-content\/uploads\/2024\/10\/Aktives_Exoskelett-400x565.png 400w, https:\/\/www.cluster-zukunft-der-pflege.de\/wp-content\/uploads\/2024\/10\/Aktives_Exoskelett.png 595w\" sizes=\"(max-width: 595px) 100vw, 595px\" \/><\/a><\/p>\n<\/div><\/div><\/div><\/div><div class=\"fusion-modal modal fade modal-2 cureo\" tabindex=\"-1\" role=\"dialog\" aria-labelledby=\"modal-heading-2\" aria-hidden=\"true\" style=\"--awb-border-color:#ebebeb;--awb-background:#f6f6f6;\"><div class=\"modal-dialog modal-lg\" role=\"document\"><div class=\"modal-content fusion-modal-content\"><div class=\"modal-header\"><button class=\"close\" type=\"button\" data-dismiss=\"modal\" aria-hidden=\"true\" aria-label=\"Close\">&times;<\/button><h3 class=\"modal-title\" id=\"modal-heading-2\" data-dismiss=\"modal\" aria-hidden=\"true\">Cureo<\/h3><\/div><div class=\"modal-body fusion-clearfix\">\n<p><a href=\"https:\/\/www.cluster-zukunft-der-pflege.de\/wp-content\/uploads\/2024\/10\/Cureo.png\"><img decoding=\"async\" class=\"aligncenter size-full wp-image-2698\" src=\"https:\/\/www.cluster-zukunft-der-pflege.de\/wp-content\/uploads\/2024\/10\/Cureo.png\" alt=\"\" width=\"595\" height=\"841\" srcset=\"https:\/\/www.cluster-zukunft-der-pflege.de\/wp-content\/uploads\/2024\/10\/Cureo-200x283.png 200w, https:\/\/www.cluster-zukunft-der-pflege.de\/wp-content\/uploads\/2024\/10\/Cureo-212x300.png 212w, https:\/\/www.cluster-zukunft-der-pflege.de\/wp-content\/uploads\/2024\/10\/Cureo-400x565.png 400w, https:\/\/www.cluster-zukunft-der-pflege.de\/wp-content\/uploads\/2024\/10\/Cureo.png 595w\" sizes=\"(max-width: 595px) 100vw, 595px\" \/><\/a><\/p>\n<\/div><\/div><\/div><\/div><div class=\"fusion-modal modal fade modal-3 double3\" tabindex=\"-1\" role=\"dialog\" aria-labelledby=\"modal-heading-3\" aria-hidden=\"true\" style=\"--awb-border-color:#ebebeb;--awb-background:#f6f6f6;\"><div class=\"modal-dialog modal-lg\" role=\"document\"><div class=\"modal-content fusion-modal-content\"><div class=\"modal-header\"><button class=\"close\" type=\"button\" data-dismiss=\"modal\" aria-hidden=\"true\" aria-label=\"Close\">&times;<\/button><h3 class=\"modal-title\" id=\"modal-heading-3\" data-dismiss=\"modal\" aria-hidden=\"true\">Double 3<\/h3><\/div><div class=\"modal-body fusion-clearfix\">\n<p><a href=\"https:\/\/www.cluster-zukunft-der-pflege.de\/wp-content\/uploads\/2024\/10\/Double_3.png\"><img decoding=\"async\" class=\"aligncenter size-full wp-image-2699\" src=\"https:\/\/www.cluster-zukunft-der-pflege.de\/wp-content\/uploads\/2024\/10\/Double_3.png\" alt=\"\" width=\"595\" height=\"841\" srcset=\"https:\/\/www.cluster-zukunft-der-pflege.de\/wp-content\/uploads\/2024\/10\/Double_3-200x283.png 200w, https:\/\/www.cluster-zukunft-der-pflege.de\/wp-content\/uploads\/2024\/10\/Double_3-212x300.png 212w, https:\/\/www.cluster-zukunft-der-pflege.de\/wp-content\/uploads\/2024\/10\/Double_3-400x565.png 400w, https:\/\/www.cluster-zukunft-der-pflege.de\/wp-content\/uploads\/2024\/10\/Double_3.png 595w\" sizes=\"(max-width: 595px) 100vw, 595px\" \/><\/a><\/p>\n<\/div><\/div><\/div><\/div><div class=\"fusion-modal modal fade modal-4 enna\" tabindex=\"-1\" role=\"dialog\" aria-labelledby=\"modal-heading-4\" aria-hidden=\"true\" style=\"--awb-border-color:#ebebeb;--awb-background:#f6f6f6;\"><div class=\"modal-dialog modal-lg\" role=\"document\"><div class=\"modal-content fusion-modal-content\"><div class=\"modal-header\"><button class=\"close\" type=\"button\" data-dismiss=\"modal\" aria-hidden=\"true\" aria-label=\"Close\">&times;<\/button><h3 class=\"modal-title\" id=\"modal-heading-4\" data-dismiss=\"modal\" aria-hidden=\"true\">enna<\/h3><\/div><div class=\"modal-body fusion-clearfix\">\n<p><a href=\"https:\/\/www.cluster-zukunft-der-pflege.de\/wp-content\/uploads\/2024\/10\/enna.png\"><img decoding=\"async\" class=\"aligncenter size-full wp-image-2700\" src=\"https:\/\/www.cluster-zukunft-der-pflege.de\/wp-content\/uploads\/2024\/10\/enna.png\" alt=\"\" width=\"595\" height=\"841\" srcset=\"https:\/\/www.cluster-zukunft-der-pflege.de\/wp-content\/uploads\/2024\/10\/enna-200x283.png 200w, https:\/\/www.cluster-zukunft-der-pflege.de\/wp-content\/uploads\/2024\/10\/enna-212x300.png 212w, https:\/\/www.cluster-zukunft-der-pflege.de\/wp-content\/uploads\/2024\/10\/enna-400x565.png 400w, https:\/\/www.cluster-zukunft-der-pflege.de\/wp-content\/uploads\/2024\/10\/enna.png 595w\" sizes=\"(max-width: 595px) 100vw, 595px\" \/><\/a><\/p>\n<\/div><\/div><\/div><\/div><div class=\"fusion-modal modal fade modal-5 inkontinenzmanagement\" tabindex=\"-1\" role=\"dialog\" aria-labelledby=\"modal-heading-5\" aria-hidden=\"true\" style=\"--awb-border-color:#ebebeb;--awb-background:#f6f6f6;\"><div class=\"modal-dialog modal-lg\" role=\"document\"><div class=\"modal-content fusion-modal-content\"><div class=\"modal-header\"><button class=\"close\" type=\"button\" data-dismiss=\"modal\" aria-hidden=\"true\" aria-label=\"Close\">&times;<\/button><h3 class=\"modal-title\" id=\"modal-heading-5\" data-dismiss=\"modal\" aria-hidden=\"true\">Inkontinenzmanagement<\/h3><\/div><div class=\"modal-body fusion-clearfix\">\n<p><a href=\"https:\/\/www.cluster-zukunft-der-pflege.de\/wp-content\/uploads\/2024\/10\/Inkontinenzmanagement.png\"><img decoding=\"async\" class=\"aligncenter size-full wp-image-2701\" src=\"https:\/\/www.cluster-zukunft-der-pflege.de\/wp-content\/uploads\/2024\/10\/Inkontinenzmanagement.png\" alt=\"\" width=\"595\" height=\"841\" srcset=\"https:\/\/www.cluster-zukunft-der-pflege.de\/wp-content\/uploads\/2024\/10\/Inkontinenzmanagement-200x283.png 200w, https:\/\/www.cluster-zukunft-der-pflege.de\/wp-content\/uploads\/2024\/10\/Inkontinenzmanagement-212x300.png 212w, https:\/\/www.cluster-zukunft-der-pflege.de\/wp-content\/uploads\/2024\/10\/Inkontinenzmanagement-400x565.png 400w, https:\/\/www.cluster-zukunft-der-pflege.de\/wp-content\/uploads\/2024\/10\/Inkontinenzmanagement.png 595w\" sizes=\"(max-width: 595px) 100vw, 595px\" \/><\/a><\/p>\n<\/div><\/div><\/div><\/div><div class=\"fusion-modal modal fade modal-6 inkontinenzsensorik\" tabindex=\"-1\" role=\"dialog\" aria-labelledby=\"modal-heading-6\" aria-hidden=\"true\" style=\"--awb-border-color:#ebebeb;--awb-background:#f6f6f6;\"><div class=\"modal-dialog modal-lg\" role=\"document\"><div class=\"modal-content fusion-modal-content\"><div class=\"modal-header\"><button class=\"close\" type=\"button\" data-dismiss=\"modal\" aria-hidden=\"true\" aria-label=\"Close\">&times;<\/button><h3 class=\"modal-title\" id=\"modal-heading-6\" data-dismiss=\"modal\" aria-hidden=\"true\">Inkontinenzsensorik<\/h3><\/div><div class=\"modal-body fusion-clearfix\">\n<p><a href=\"https:\/\/www.cluster-zukunft-der-pflege.de\/wp-content\/uploads\/2024\/10\/Inkontinenzsensorik.png\"><img decoding=\"async\" class=\"aligncenter size-full wp-image-2702\" src=\"https:\/\/www.cluster-zukunft-der-pflege.de\/wp-content\/uploads\/2024\/10\/Inkontinenzsensorik.png\" alt=\"\" width=\"595\" height=\"841\" srcset=\"https:\/\/www.cluster-zukunft-der-pflege.de\/wp-content\/uploads\/2024\/10\/Inkontinenzsensorik-200x283.png 200w, https:\/\/www.cluster-zukunft-der-pflege.de\/wp-content\/uploads\/2024\/10\/Inkontinenzsensorik-212x300.png 212w, https:\/\/www.cluster-zukunft-der-pflege.de\/wp-content\/uploads\/2024\/10\/Inkontinenzsensorik-400x565.png 400w, https:\/\/www.cluster-zukunft-der-pflege.de\/wp-content\/uploads\/2024\/10\/Inkontinenzsensorik.png 595w\" sizes=\"(max-width: 595px) 100vw, 595px\" \/><\/a><\/p>\n<\/div><\/div><\/div><\/div><div class=\"fusion-modal modal fade modal-7 passiveexoskelette\" tabindex=\"-1\" role=\"dialog\" aria-labelledby=\"modal-heading-7\" aria-hidden=\"true\" style=\"--awb-border-color:#ebebeb;--awb-background:#f6f6f6;\"><div class=\"modal-dialog modal-lg\" role=\"document\"><div class=\"modal-content fusion-modal-content\"><div class=\"modal-header\"><button class=\"close\" type=\"button\" data-dismiss=\"modal\" aria-hidden=\"true\" aria-label=\"Close\">&times;<\/button><h3 class=\"modal-title\" id=\"modal-heading-7\" data-dismiss=\"modal\" aria-hidden=\"true\">Passive Exoskelette<\/h3><\/div><div class=\"modal-body fusion-clearfix\">\n<p><a href=\"https:\/\/www.cluster-zukunft-der-pflege.de\/wp-content\/uploads\/2024\/10\/Passive_Exoskelette.png\"><img decoding=\"async\" class=\"aligncenter size-full wp-image-2703\" src=\"https:\/\/www.cluster-zukunft-der-pflege.de\/wp-content\/uploads\/2024\/10\/Passive_Exoskelette.png\" alt=\"\" width=\"595\" height=\"841\" srcset=\"https:\/\/www.cluster-zukunft-der-pflege.de\/wp-content\/uploads\/2024\/10\/Passive_Exoskelette-200x283.png 200w, https:\/\/www.cluster-zukunft-der-pflege.de\/wp-content\/uploads\/2024\/10\/Passive_Exoskelette-212x300.png 212w, https:\/\/www.cluster-zukunft-der-pflege.de\/wp-content\/uploads\/2024\/10\/Passive_Exoskelette-400x565.png 400w, https:\/\/www.cluster-zukunft-der-pflege.de\/wp-content\/uploads\/2024\/10\/Passive_Exoskelette.png 595w\" sizes=\"(max-width: 595px) 100vw, 595px\" \/><\/a><\/p>\n<\/div><\/div><\/div><\/div><div class=\"fusion-modal modal fade modal-8 smartring\" tabindex=\"-1\" role=\"dialog\" aria-labelledby=\"modal-heading-8\" aria-hidden=\"true\" style=\"--awb-border-color:#ebebeb;--awb-background:#f6f6f6;\"><div class=\"modal-dialog modal-lg\" role=\"document\"><div class=\"modal-content fusion-modal-content\"><div class=\"modal-header\"><button class=\"close\" type=\"button\" data-dismiss=\"modal\" aria-hidden=\"true\" aria-label=\"Close\">&times;<\/button><h3 class=\"modal-title\" id=\"modal-heading-8\" data-dismiss=\"modal\" aria-hidden=\"true\">SmartRing<\/h3><\/div><div class=\"modal-body fusion-clearfix\">\n<p><a href=\"https:\/\/www.cluster-zukunft-der-pflege.de\/wp-content\/uploads\/2024\/10\/SmartRing.png\"><img decoding=\"async\" class=\"aligncenter size-full wp-image-2705\" src=\"https:\/\/www.cluster-zukunft-der-pflege.de\/wp-content\/uploads\/2024\/10\/SmartRing.png\" alt=\"\" width=\"595\" height=\"841\" srcset=\"https:\/\/www.cluster-zukunft-der-pflege.de\/wp-content\/uploads\/2024\/10\/SmartRing-200x283.png 200w, https:\/\/www.cluster-zukunft-der-pflege.de\/wp-content\/uploads\/2024\/10\/SmartRing-212x300.png 212w, https:\/\/www.cluster-zukunft-der-pflege.de\/wp-content\/uploads\/2024\/10\/SmartRing-400x565.png 400w, https:\/\/www.cluster-zukunft-der-pflege.de\/wp-content\/uploads\/2024\/10\/SmartRing.png 595w\" sizes=\"(max-width: 595px) 100vw, 595px\" \/><\/a><\/p>\n<\/div><\/div><\/div><\/div><div class=\"fusion-modal modal fade modal-9 semscanner\" tabindex=\"-1\" role=\"dialog\" aria-labelledby=\"modal-heading-9\" aria-hidden=\"true\" style=\"--awb-border-color:#ebebeb;--awb-background:#f6f6f6;\"><div class=\"modal-dialog modal-lg\" role=\"document\"><div class=\"modal-content fusion-modal-content\"><div class=\"modal-header\"><button class=\"close\" type=\"button\" data-dismiss=\"modal\" aria-hidden=\"true\" aria-label=\"Close\">&times;<\/button><h3 class=\"modal-title\" id=\"modal-heading-9\" data-dismiss=\"modal\" aria-hidden=\"true\">SEM-Scanner<\/h3><\/div><div class=\"modal-body fusion-clearfix\">\n<p><a href=\"https:\/\/www.cluster-zukunft-der-pflege.de\/wp-content\/uploads\/2024\/10\/SEM-Scanner.png\"><img decoding=\"async\" class=\"aligncenter size-full wp-image-2704\" src=\"https:\/\/www.cluster-zukunft-der-pflege.de\/wp-content\/uploads\/2024\/10\/SEM-Scanner.png\" alt=\"\" width=\"595\" height=\"841\" srcset=\"https:\/\/www.cluster-zukunft-der-pflege.de\/wp-content\/uploads\/2024\/10\/SEM-Scanner-200x283.png 200w, https:\/\/www.cluster-zukunft-der-pflege.de\/wp-content\/uploads\/2024\/10\/SEM-Scanner-212x300.png 212w, https:\/\/www.cluster-zukunft-der-pflege.de\/wp-content\/uploads\/2024\/10\/SEM-Scanner-400x565.png 400w, https:\/\/www.cluster-zukunft-der-pflege.de\/wp-content\/uploads\/2024\/10\/SEM-Scanner.png 595w\" sizes=\"(max-width: 595px) 100vw, 595px\" \/><\/a><\/p>\n<\/div><\/div><\/div><\/div><div class=\"fusion-modal modal fade modal-10 televisitenwagen\" tabindex=\"-1\" role=\"dialog\" aria-labelledby=\"modal-heading-10\" aria-hidden=\"true\" style=\"--awb-border-color:#ebebeb;--awb-background:#f6f6f6;\"><div class=\"modal-dialog modal-lg\" role=\"document\"><div class=\"modal-content fusion-modal-content\"><div class=\"modal-header\"><button class=\"close\" type=\"button\" data-dismiss=\"modal\" aria-hidden=\"true\" aria-label=\"Close\">&times;<\/button><h3 class=\"modal-title\" id=\"modal-heading-10\" data-dismiss=\"modal\" aria-hidden=\"true\">Televisitenwagen<\/h3><\/div><div class=\"modal-body fusion-clearfix\">\n<p><a href=\"https:\/\/www.cluster-zukunft-der-pflege.de\/wp-content\/uploads\/2024\/10\/Televisitenwagen.png\"><img decoding=\"async\" class=\"aligncenter size-full wp-image-2706\" src=\"https:\/\/www.cluster-zukunft-der-pflege.de\/wp-content\/uploads\/2024\/10\/Televisitenwagen.png\" alt=\"\" width=\"595\" height=\"841\" srcset=\"https:\/\/www.cluster-zukunft-der-pflege.de\/wp-content\/uploads\/2024\/10\/Televisitenwagen-200x283.png 200w, https:\/\/www.cluster-zukunft-der-pflege.de\/wp-content\/uploads\/2024\/10\/Televisitenwagen-212x300.png 212w, https:\/\/www.cluster-zukunft-der-pflege.de\/wp-content\/uploads\/2024\/10\/Televisitenwagen-400x565.png 400w, https:\/\/www.cluster-zukunft-der-pflege.de\/wp-content\/uploads\/2024\/10\/Televisitenwagen.png 595w\" sizes=\"(max-width: 595px) 100vw, 595px\" \/><\/a><\/p>\n<\/div><\/div><\/div><\/div><div class=\"fusion-modal modal fade modal-11 virtuellelabore\" tabindex=\"-1\" role=\"dialog\" aria-labelledby=\"modal-heading-11\" aria-hidden=\"true\" style=\"--awb-border-color:#ebebeb;--awb-background:#f6f6f6;\"><div class=\"modal-dialog modal-lg\" role=\"document\"><div class=\"modal-content fusion-modal-content\"><div class=\"modal-header\"><button class=\"close\" type=\"button\" data-dismiss=\"modal\" aria-hidden=\"true\" aria-label=\"Close\">&times;<\/button><h3 class=\"modal-title\" id=\"modal-heading-11\" data-dismiss=\"modal\" aria-hidden=\"true\">Virtuelle Labore<\/h3><\/div><div class=\"modal-body fusion-clearfix\">\n<p><a href=\"https:\/\/www.cluster-zukunft-der-pflege.de\/wp-content\/uploads\/2024\/10\/Virtuelle_Labore.png\"><img decoding=\"async\" class=\"aligncenter size-full wp-image-2707\" src=\"https:\/\/www.cluster-zukunft-der-pflege.de\/wp-content\/uploads\/2024\/10\/Virtuelle_Labore.png\" alt=\"\" width=\"595\" height=\"841\" srcset=\"https:\/\/www.cluster-zukunft-der-pflege.de\/wp-content\/uploads\/2024\/10\/Virtuelle_Labore-200x283.png 200w, https:\/\/www.cluster-zukunft-der-pflege.de\/wp-content\/uploads\/2024\/10\/Virtuelle_Labore-212x300.png 212w, https:\/\/www.cluster-zukunft-der-pflege.de\/wp-content\/uploads\/2024\/10\/Virtuelle_Labore-400x565.png 400w, https:\/\/www.cluster-zukunft-der-pflege.de\/wp-content\/uploads\/2024\/10\/Virtuelle_Labore.png 595w\" sizes=\"(max-width: 595px) 100vw, 595px\" \/><\/a><\/p>\n<\/div><\/div><\/div><\/div><\/div><\/div><\/div><\/div><div class=\"fusion-fullwidth fullwidth-box fusion-builder-row-4 fusion-flex-container nonhundred-percent-fullwidth non-hundred-percent-height-scrolling\" style=\"--awb-border-radius-top-left:0px;--awb-border-radius-top-right:0px;--awb-border-radius-bottom-right:0px;--awb-border-radius-bottom-left:0px;--awb-flex-wrap:wrap;\" ><div class=\"fusion-builder-row fusion-row fusion-flex-align-items-flex-start fusion-flex-content-wrap\" style=\"max-width:1352px;margin-left: calc(-4% \/ 2 );margin-right: calc(-4% \/ 2 );\"><div class=\"fusion-layout-column fusion_builder_column fusion-builder-column-19 fusion_builder_column_1_1 1_1 fusion-flex-column\" style=\"--awb-bg-blend:overlay;--awb-bg-size:cover;--awb-width-large:100%;--awb-margin-top-large:0px;--awb-spacing-right-large:1.92%;--awb-margin-bottom-large:0px;--awb-spacing-left-large:1.92%;--awb-width-medium:100%;--awb-spacing-right-medium:1.92%;--awb-spacing-left-medium:1.92%;--awb-width-small:100%;--awb-spacing-right-small:1.92%;--awb-spacing-left-small:1.92%;\"><div class=\"fusion-column-wrapper fusion-flex-justify-content-flex-start fusion-content-layout-column\"><div class=\"fusion-title title fusion-title-6 fusion-title-center fusion-title-text fusion-title-size-three\" style=\"--awb-margin-top-small:0px;--awb-margin-right-small:0px;--awb-margin-bottom-small:20px;--awb-margin-left-small:0px;\"><div class=\"title-sep-container title-sep-container-left\"><div class=\"title-sep sep-single sep-solid\" style=\"border-color:#e0dede;\"><\/div><\/div><span class=\"awb-title-spacer\"><\/span><h3 class=\"fusion-title-heading title-heading-center fusion-responsive-typography-calculated\" style=\"margin:0;--fontSize:26;line-height:1.62;\">2023<\/h3><span class=\"awb-title-spacer\"><\/span><div class=\"title-sep-container title-sep-container-right\"><div class=\"title-sep sep-single sep-solid\" style=\"border-color:#e0dede;\"><\/div><\/div><\/div><\/div><\/div><div class=\"fusion-layout-column fusion_builder_column fusion-builder-column-20 fusion_builder_column_1_3 1_3 fusion-flex-column\" style=\"--awb-bg-size:cover;--awb-width-large:33.333333333333%;--awb-margin-top-large:0px;--awb-spacing-right-large:5.76%;--awb-margin-bottom-large:20px;--awb-spacing-left-large:5.76%;--awb-width-medium:100%;--awb-order-medium:0;--awb-spacing-right-medium:1.92%;--awb-spacing-left-medium:1.92%;--awb-width-small:100%;--awb-order-small:0;--awb-spacing-right-small:1.92%;--awb-spacing-left-small:1.92%;\"><div class=\"fusion-column-wrapper fusion-column-has-shadow fusion-flex-justify-content-flex-start fusion-content-layout-column\"><div ><a class=\"fusion-button button-3d fusion-button-default-size button-custom fusion-button-default button-12 fusion-button-default-span fusion-has-button-gradient button-style\" style=\"--button_bevel_color:#1c65db;--button_accent_color:#ffffff;--button_accent_hover_color:#ffffff;--button_border_hover_color:#ffffff;--button_gradient_top_color:#36a9e1;--button_gradient_bottom_color:#318fce;--button_gradient_top_color_hover:#5aa86c;--button_gradient_bottom_color_hover:#5aa86c;\" target=\"_self\" data-hover=\"bg_slide_right\" href=\"#\" data-toggle=\"modal\" data-target=\".fusion-modal.virtuell\"><span class=\"fusion-button-text awb-button__text awb-button__text--default\">Virtuelle Labore des PIZ<\/span><\/a><\/div><\/div><\/div><div class=\"fusion-layout-column fusion_builder_column fusion-builder-column-21 fusion_builder_column_1_3 1_3 fusion-flex-column\" style=\"--awb-bg-size:cover;--awb-width-large:33.333333333333%;--awb-margin-top-large:0px;--awb-spacing-right-large:5.76%;--awb-margin-bottom-large:20px;--awb-spacing-left-large:5.76%;--awb-width-medium:100%;--awb-order-medium:0;--awb-spacing-right-medium:1.92%;--awb-spacing-left-medium:1.92%;--awb-width-small:100%;--awb-order-small:0;--awb-spacing-right-small:1.92%;--awb-spacing-left-small:1.92%;\"><div class=\"fusion-column-wrapper fusion-column-has-shadow fusion-flex-justify-content-flex-start fusion-content-layout-column\"><div ><a class=\"fusion-button button-3d fusion-button-default-size button-custom fusion-button-default button-13 fusion-button-default-span fusion-has-button-gradient button-style\" style=\"--button_bevel_color:#1c65db;--button_accent_color:#ffffff;--button_accent_hover_color:#ffffff;--button_border_hover_color:#ffffff;--button_gradient_top_color:#36a9e1;--button_gradient_bottom_color:#318fce;--button_gradient_top_color_hover:#5aa86c;--button_gradient_bottom_color_hover:#5aa86c;\" target=\"_self\" data-hover=\"bg_slide_right\" href=\"#\" data-toggle=\"modal\" data-target=\".fusion-modal.evocare\"><span class=\"fusion-button-text awb-button__text awb-button__text--default\">Evocare &#8211; Digitale Physiotherapie <\/span><\/a><\/div><\/div><\/div><div class=\"fusion-layout-column fusion_builder_column fusion-builder-column-22 fusion_builder_column_1_3 1_3 fusion-flex-column\" style=\"--awb-bg-size:cover;--awb-width-large:33.333333333333%;--awb-margin-top-large:0px;--awb-spacing-right-large:5.76%;--awb-margin-bottom-large:20px;--awb-spacing-left-large:5.76%;--awb-width-medium:100%;--awb-order-medium:0;--awb-spacing-right-medium:1.92%;--awb-spacing-left-medium:1.92%;--awb-width-small:100%;--awb-order-small:0;--awb-spacing-right-small:1.92%;--awb-spacing-left-small:1.92%;\"><div class=\"fusion-column-wrapper fusion-column-has-shadow fusion-flex-justify-content-flex-start fusion-content-layout-column\"><div ><a class=\"fusion-button button-3d fusion-button-default-size button-custom fusion-button-default button-14 fusion-button-default-span fusion-has-button-gradient button-style\" style=\"--button_bevel_color:#1c65db;--button_accent_color:#ffffff;--button_accent_hover_color:#ffffff;--button_border_hover_color:#ffffff;--button_gradient_top_color:#36a9e1;--button_gradient_bottom_color:#318fce;--button_gradient_top_color_hover:#5aa86c;--button_gradient_bottom_color_hover:#5aa86c;\" target=\"_self\" data-hover=\"bg_slide_right\" href=\"#\" data-toggle=\"modal\" data-target=\".fusion-modal.exoskelett\"><span class=\"fusion-button-text awb-button__text awb-button__text--default\">Atlas Exoskelett<\/span><\/a><\/div><\/div><\/div><div class=\"fusion-layout-column fusion_builder_column fusion-builder-column-23 fusion_builder_column_1_3 1_3 fusion-flex-column\" style=\"--awb-bg-size:cover;--awb-width-large:33.333333333333%;--awb-margin-top-large:0px;--awb-spacing-right-large:5.76%;--awb-margin-bottom-large:20px;--awb-spacing-left-large:5.76%;--awb-width-medium:100%;--awb-order-medium:0;--awb-spacing-right-medium:1.92%;--awb-spacing-left-medium:1.92%;--awb-width-small:100%;--awb-order-small:0;--awb-spacing-right-small:1.92%;--awb-spacing-left-small:1.92%;\"><div class=\"fusion-column-wrapper fusion-column-has-shadow fusion-flex-justify-content-flex-start fusion-content-layout-column\"><div ><a class=\"fusion-button button-3d fusion-button-default-size button-custom fusion-button-default button-15 fusion-button-default-span fusion-has-button-gradient button-style\" style=\"--button_bevel_color:#1c65db;--button_accent_color:#ffffff;--button_accent_hover_color:#ffffff;--button_border_hover_color:#ffffff;--button_gradient_top_color:#36a9e1;--button_gradient_bottom_color:#318fce;--button_gradient_top_color_hover:#5aa86c;--button_gradient_bottom_color_hover:#5aa86c;\" target=\"_self\" data-hover=\"bg_slide_right\" href=\"#\" data-toggle=\"modal\" data-target=\".fusion-modal.vireed\"><span class=\"fusion-button-text awb-button__text awb-button__text--default\">VIREED<\/span><\/a><\/div><\/div><\/div><div class=\"fusion-layout-column fusion_builder_column fusion-builder-column-24 fusion_builder_column_1_3 1_3 fusion-flex-column\" style=\"--awb-bg-size:cover;--awb-width-large:33.333333333333%;--awb-margin-top-large:0px;--awb-spacing-right-large:5.76%;--awb-margin-bottom-large:20px;--awb-spacing-left-large:5.76%;--awb-width-medium:100%;--awb-order-medium:0;--awb-spacing-right-medium:1.92%;--awb-spacing-left-medium:1.92%;--awb-width-small:100%;--awb-order-small:0;--awb-spacing-right-small:1.92%;--awb-spacing-left-small:1.92%;\"><div class=\"fusion-column-wrapper fusion-column-has-shadow fusion-flex-justify-content-flex-start fusion-content-layout-column\"><div ><a class=\"fusion-button button-3d fusion-button-default-size button-custom fusion-button-default button-16 fusion-button-default-span fusion-has-button-gradient button-style\" style=\"--button_bevel_color:#1c65db;--button_accent_color:#ffffff;--button_accent_hover_color:#ffffff;--button_border_hover_color:#ffffff;--button_gradient_top_color:#36a9e1;--button_gradient_bottom_color:#318fce;--button_gradient_top_color_hover:#5aa86c;--button_gradient_bottom_color_hover:#5aa86c;\" target=\"_self\" data-hover=\"bg_slide_right\" href=\"#\" data-toggle=\"modal\" data-target=\".fusion-modal.passiv\"><span class=\"fusion-button-text awb-button__text awb-button__text--default\">Passive Exoskelette<\/span><\/a><\/div><\/div><\/div><div class=\"fusion-layout-column fusion_builder_column fusion-builder-column-25 fusion_builder_column_1_3 1_3 fusion-flex-column\" style=\"--awb-bg-size:cover;--awb-width-large:33.333333333333%;--awb-margin-top-large:0px;--awb-spacing-right-large:5.76%;--awb-margin-bottom-large:20px;--awb-spacing-left-large:5.76%;--awb-width-medium:100%;--awb-order-medium:0;--awb-spacing-right-medium:1.92%;--awb-spacing-left-medium:1.92%;--awb-width-small:100%;--awb-order-small:0;--awb-spacing-right-small:1.92%;--awb-spacing-left-small:1.92%;\"><div class=\"fusion-column-wrapper fusion-column-has-shadow fusion-flex-justify-content-flex-start fusion-content-layout-column\"><div ><a class=\"fusion-button button-3d fusion-button-default-size button-custom fusion-button-default button-17 fusion-button-default-span fusion-has-button-gradient button-style\" style=\"--button_bevel_color:#1c65db;--button_accent_color:#ffffff;--button_accent_hover_color:#ffffff;--button_border_hover_color:#ffffff;--button_gradient_top_color:#36a9e1;--button_gradient_bottom_color:#318fce;--button_gradient_top_color_hover:#5aa86c;--button_gradient_bottom_color_hover:#5aa86c;\" target=\"_self\" data-hover=\"bg_slide_right\" href=\"#\" data-toggle=\"modal\" data-target=\".fusion-modal.voize\"><span class=\"fusion-button-text awb-button__text awb-button__text--default\">voize<\/span><\/a><\/div><\/div><\/div><div class=\"fusion-layout-column fusion_builder_column fusion-builder-column-26 fusion_builder_column_1_3 1_3 fusion-flex-column\" style=\"--awb-bg-size:cover;--awb-width-large:33.333333333333%;--awb-margin-top-large:0px;--awb-spacing-right-large:5.76%;--awb-margin-bottom-large:20px;--awb-spacing-left-large:5.76%;--awb-width-medium:100%;--awb-order-medium:0;--awb-spacing-right-medium:1.92%;--awb-spacing-left-medium:1.92%;--awb-width-small:100%;--awb-order-small:0;--awb-spacing-right-small:1.92%;--awb-spacing-left-small:1.92%;\"><div class=\"fusion-column-wrapper fusion-column-has-shadow fusion-flex-justify-content-flex-start fusion-content-layout-column\"><\/div><\/div><div class=\"fusion-layout-column fusion_builder_column fusion-builder-column-27 fusion_builder_column_1_3 1_3 fusion-flex-column\" style=\"--awb-bg-size:cover;--awb-width-large:33.333333333333%;--awb-margin-top-large:0px;--awb-spacing-right-large:5.76%;--awb-margin-bottom-large:20px;--awb-spacing-left-large:5.76%;--awb-width-medium:100%;--awb-order-medium:0;--awb-spacing-right-medium:1.92%;--awb-spacing-left-medium:1.92%;--awb-width-small:100%;--awb-order-small:0;--awb-spacing-right-small:1.92%;--awb-spacing-left-small:1.92%;\"><div class=\"fusion-column-wrapper fusion-column-has-shadow fusion-flex-justify-content-flex-start fusion-content-layout-column\"><div ><a class=\"fusion-button button-3d fusion-button-default-size button-custom fusion-button-default button-18 fusion-button-default-span fusion-has-button-gradient button-style\" style=\"--button_bevel_color:#1c65db;--button_accent_color:#ffffff;--button_accent_hover_color:#ffffff;--button_border_hover_color:#ffffff;--button_gradient_top_color:#36a9e1;--button_gradient_bottom_color:#318fce;--button_gradient_top_color_hover:#5aa86c;--button_gradient_bottom_color_hover:#5aa86c;\" target=\"_self\" data-hover=\"bg_slide_right\" href=\"#\" data-toggle=\"modal\" data-target=\".fusion-modal.debeleeftv\"><span class=\"fusion-button-text awb-button__text awb-button__text--default\">DeBeleefTV<\/span><\/a><\/div><\/div><\/div><div class=\"fusion-layout-column fusion_builder_column fusion-builder-column-28 fusion_builder_column_1_3 1_3 fusion-flex-column\" style=\"--awb-bg-size:cover;--awb-width-large:33.333333333333%;--awb-margin-top-large:0px;--awb-spacing-right-large:5.76%;--awb-margin-bottom-large:20px;--awb-spacing-left-large:5.76%;--awb-width-medium:100%;--awb-order-medium:0;--awb-spacing-right-medium:1.92%;--awb-spacing-left-medium:1.92%;--awb-width-small:100%;--awb-order-small:0;--awb-spacing-right-small:1.92%;--awb-spacing-left-small:1.92%;\"><div class=\"fusion-column-wrapper fusion-column-has-shadow fusion-flex-justify-content-flex-start fusion-content-layout-column\"><\/div><\/div><div class=\"fusion-layout-column fusion_builder_column fusion-builder-column-29 fusion_builder_column_1_1 1_1 fusion-flex-column\" style=\"--awb-bg-size:cover;--awb-width-large:100%;--awb-margin-top-large:0px;--awb-spacing-right-large:1.92%;--awb-margin-bottom-large:20px;--awb-spacing-left-large:1.92%;--awb-width-medium:100%;--awb-order-medium:0;--awb-spacing-right-medium:1.92%;--awb-spacing-left-medium:1.92%;--awb-width-small:100%;--awb-order-small:0;--awb-spacing-right-small:1.92%;--awb-spacing-left-small:1.92%;\"><div class=\"fusion-column-wrapper fusion-column-has-shadow fusion-flex-justify-content-flex-start fusion-content-layout-column\"><div class=\"fusion-modal modal fade modal-12 virtuell\" tabindex=\"-1\" role=\"dialog\" aria-labelledby=\"modal-heading-12\" aria-hidden=\"true\" style=\"--awb-border-color:#ebebeb;--awb-background:#f6f6f6;\"><div class=\"modal-dialog modal-lg\" role=\"document\"><div class=\"modal-content fusion-modal-content\"><div class=\"modal-header\"><button class=\"close\" type=\"button\" data-dismiss=\"modal\" aria-hidden=\"true\" aria-label=\"Close\">&times;<\/button><h3 class=\"modal-title\" id=\"modal-heading-12\" data-dismiss=\"modal\" aria-hidden=\"true\">Virtuelle Labore<\/h3><\/div><div class=\"modal-body fusion-clearfix\">\n<div>\n<h3 class=\"\" style=\"--fontsize: 26; line-height: 1.62;\" data-fontsize=\"26\" data-lineheight=\"42.1167px\">\u00dcberblick<\/h3>\n<h4 class=\"fusion-responsive-typography-calculated\" style=\"--fontsize: 18; line-height: 1.33; --minfontsize: 18;\" data-fontsize=\"18\" data-lineheight=\"23.9333px\"><strong>Produkt:<\/strong><\/h4>\n<ul>\n<li>Virtualisierte, interaktive Labore verschiedener Pflegekontexte<\/li>\n<li>Erfahrbar in Virtual Reality oder niedrigschwellig am PC<\/li>\n<\/ul>\n<\/div>\n<div>\n<h4 class=\"fusion-responsive-typography-calculated\" style=\"--fontsize: 18; line-height: 1.33; --minfontsize: 18;\" data-fontsize=\"18\" data-lineheight=\"23.9333px\"><strong>Ziel:<\/strong><\/h4>\n<ul>\n<li>Unterst\u00fctzung der Pflegeausbildung durch Simulationstechnik<\/li>\n<li>Demonstration verschiedener Forschungsthemen<\/li>\n<li>Selbstst\u00e4ndige Besichtigungen, trotz r\u00e4umlicher Distanz zu den Reallaboren<\/li>\n<\/ul>\n<h4 class=\"fusion-responsive-typography-calculated\" style=\"--fontsize: 18; line-height: 1.33; --minfontsize: 18;\" data-fontsize=\"18\" data-lineheight=\"23.9333px\"><strong>Funktion:<\/strong><\/h4>\n<ul>\n<li>Interaktion mit virtuellen Demonstratoren via VR Controllern<\/li>\n<li>Simulation verschiedener Pflegeszenarien<\/li>\n<\/ul>\n<hr \/>\n<p style=\"text-align: center;\"><strong>CARL &#8211; Pflegeheimlabor<br \/>\n<\/strong><\/p>\n<p><img decoding=\"async\" class=\"aligncenter wp-image-2346 size-medium\" src=\"https:\/\/www.cluster-zukunft-der-pflege.de\/wp-content\/uploads\/2023\/09\/CARL-300x206.png\" alt=\"Virtuelles Labor (CARL)\" width=\"300\" height=\"206\" srcset=\"https:\/\/www.cluster-zukunft-der-pflege.de\/wp-content\/uploads\/2023\/09\/CARL-200x137.png 200w, https:\/\/www.cluster-zukunft-der-pflege.de\/wp-content\/uploads\/2023\/09\/CARL-300x206.png 300w, https:\/\/www.cluster-zukunft-der-pflege.de\/wp-content\/uploads\/2023\/09\/CARL-400x275.png 400w, https:\/\/www.cluster-zukunft-der-pflege.de\/wp-content\/uploads\/2023\/09\/CARL-600x412.png 600w, https:\/\/www.cluster-zukunft-der-pflege.de\/wp-content\/uploads\/2023\/09\/CARL-768x527.png 768w, https:\/\/www.cluster-zukunft-der-pflege.de\/wp-content\/uploads\/2023\/09\/CARL-800x549.png 800w, https:\/\/www.cluster-zukunft-der-pflege.de\/wp-content\/uploads\/2023\/09\/CARL-1024x703.png 1024w, https:\/\/www.cluster-zukunft-der-pflege.de\/wp-content\/uploads\/2023\/09\/CARL-1200x824.png 1200w, https:\/\/www.cluster-zukunft-der-pflege.de\/wp-content\/uploads\/2023\/09\/CARL.png 1245w\" sizes=\"(max-width: 300px) 100vw, 300px\" \/><\/p>\n<p style=\"text-align: center;\"><strong>\u00a9<\/strong> OFFIS<\/p>\n<hr \/>\n<p style=\"text-align: center;\"><strong>LIFE &#8211; Intensivpflegelabor<br \/>\n<\/strong><\/p>\n<p><img decoding=\"async\" class=\"aligncenter wp-image-2349 size-medium\" src=\"https:\/\/www.cluster-zukunft-der-pflege.de\/wp-content\/uploads\/2023\/09\/LIFE-300x196.png\" alt=\"Virtuelles Labor (LIFE)\" width=\"300\" height=\"196\" srcset=\"https:\/\/www.cluster-zukunft-der-pflege.de\/wp-content\/uploads\/2023\/09\/LIFE-200x131.png 200w, https:\/\/www.cluster-zukunft-der-pflege.de\/wp-content\/uploads\/2023\/09\/LIFE-300x196.png 300w, https:\/\/www.cluster-zukunft-der-pflege.de\/wp-content\/uploads\/2023\/09\/LIFE-400x262.png 400w, https:\/\/www.cluster-zukunft-der-pflege.de\/wp-content\/uploads\/2023\/09\/LIFE-600x392.png 600w, https:\/\/www.cluster-zukunft-der-pflege.de\/wp-content\/uploads\/2023\/09\/LIFE-768x502.png 768w, https:\/\/www.cluster-zukunft-der-pflege.de\/wp-content\/uploads\/2023\/09\/LIFE-800x523.png 800w, https:\/\/www.cluster-zukunft-der-pflege.de\/wp-content\/uploads\/2023\/09\/LIFE-1024x670.png 1024w, https:\/\/www.cluster-zukunft-der-pflege.de\/wp-content\/uploads\/2023\/09\/LIFE-1200x785.png 1200w, https:\/\/www.cluster-zukunft-der-pflege.de\/wp-content\/uploads\/2023\/09\/LIFE.png 1292w\" sizes=\"(max-width: 300px) 100vw, 300px\" \/><\/p>\n<p style=\"text-align: center;\"><strong>\u00a9<\/strong> OFFIS<\/p>\n<hr \/>\n<p style=\"text-align: center;\"><strong>PDZ &#8211; Pflegedienstzentrale<br \/>\n<\/strong><\/p>\n<p><img decoding=\"async\" class=\"aligncenter wp-image-2347 size-medium\" src=\"https:\/\/www.cluster-zukunft-der-pflege.de\/wp-content\/uploads\/2023\/09\/PDZ-300x200.png\" alt=\"Virtuelles Labor (PDZ)\" width=\"300\" height=\"200\" srcset=\"https:\/\/www.cluster-zukunft-der-pflege.de\/wp-content\/uploads\/2023\/09\/PDZ-200x133.png 200w, https:\/\/www.cluster-zukunft-der-pflege.de\/wp-content\/uploads\/2023\/09\/PDZ-300x200.png 300w, https:\/\/www.cluster-zukunft-der-pflege.de\/wp-content\/uploads\/2023\/09\/PDZ-400x266.png 400w, https:\/\/www.cluster-zukunft-der-pflege.de\/wp-content\/uploads\/2023\/09\/PDZ-600x400.png 600w, https:\/\/www.cluster-zukunft-der-pflege.de\/wp-content\/uploads\/2023\/09\/PDZ-768x511.png 768w, https:\/\/www.cluster-zukunft-der-pflege.de\/wp-content\/uploads\/2023\/09\/PDZ-800x533.png 800w, https:\/\/www.cluster-zukunft-der-pflege.de\/wp-content\/uploads\/2023\/09\/PDZ-1024x682.png 1024w, https:\/\/www.cluster-zukunft-der-pflege.de\/wp-content\/uploads\/2023\/09\/PDZ-1200x799.png 1200w, https:\/\/www.cluster-zukunft-der-pflege.de\/wp-content\/uploads\/2023\/09\/PDZ.png 1272w\" sizes=\"(max-width: 300px) 100vw, 300px\" \/><\/p>\n<p style=\"text-align: center;\"><strong>\u00a9<\/strong> OFFIS<\/p>\n<hr \/>\n<p style=\"text-align: center;\"><strong>IDEAAL &#8211; H\u00e4usliches Pflegelabor<br \/>\n<\/strong><\/p>\n<p><img decoding=\"async\" class=\"aligncenter wp-image-2351 size-medium\" src=\"https:\/\/www.cluster-zukunft-der-pflege.de\/wp-content\/uploads\/2023\/09\/IDEAAL-300x202.png\" alt=\"Virtuelles Labor (IDEAAL)\" width=\"300\" height=\"202\" srcset=\"https:\/\/www.cluster-zukunft-der-pflege.de\/wp-content\/uploads\/2023\/09\/IDEAAL-200x135.png 200w, https:\/\/www.cluster-zukunft-der-pflege.de\/wp-content\/uploads\/2023\/09\/IDEAAL-300x202.png 300w, https:\/\/www.cluster-zukunft-der-pflege.de\/wp-content\/uploads\/2023\/09\/IDEAAL-400x270.png 400w, https:\/\/www.cluster-zukunft-der-pflege.de\/wp-content\/uploads\/2023\/09\/IDEAAL-600x405.png 600w, https:\/\/www.cluster-zukunft-der-pflege.de\/wp-content\/uploads\/2023\/09\/IDEAAL-768x518.png 768w, https:\/\/www.cluster-zukunft-der-pflege.de\/wp-content\/uploads\/2023\/09\/IDEAAL-800x540.png 800w, https:\/\/www.cluster-zukunft-der-pflege.de\/wp-content\/uploads\/2023\/09\/IDEAAL-1024x691.png 1024w, https:\/\/www.cluster-zukunft-der-pflege.de\/wp-content\/uploads\/2023\/09\/IDEAAL-1200x810.png 1200w, https:\/\/www.cluster-zukunft-der-pflege.de\/wp-content\/uploads\/2023\/09\/IDEAAL.png 1248w\" sizes=\"(max-width: 300px) 100vw, 300px\" \/><\/p>\n<p style=\"text-align: center;\"><strong>\u00a9<\/strong> OFFIS<\/p>\n<hr \/>\n<h3 class=\"\" style=\"--fontsize: 26; line-height: 1.62;\" data-fontsize=\"26\" data-lineheight=\"42.1167px\">Beschreibung<\/h3>\n<p>Um realistische Szenarien der Pflegepraxis zu erforschen, wurden am OFFIS Reallabore zur Darstellung gesundheitsbezogener Umgebungen eingerichtet. Die fachliche und fachfremde \u00d6ffentlichkeit soll so nicht nur Zugang zur Forschung erhalten, sondern durch partizipative Ans\u00e4tze aktiv an deren Weiterentwicklung mitarbeiten. Die Umgebungen werden auch als \u00f6kologisch valide Experimentalumgebungen genutzt.<\/p>\n<p>Jedes dieser Reallabore hat einen digitalen Zwilling: eine dreidimensionale, virtuelle Umgebung, die mit Virtual Reality (VR) erfahrbar gemacht werden. Die Umgebungen sind immersiv und interaktiv und k\u00f6nnen vielseitig eingesetzt werden \u2013 zu Demonstrationszwecken, zur Szenarioentwicklung, f\u00fcr rapides Prototyping und zur Durchf\u00fchrung von Studien und Experimenten, unterst\u00fctzt durch Pflegefachpersonen. Auch ein Einsatz in der Pflegeausbildung ist denkbar. Die Virtualisierung erm\u00f6glicht die Besichtigung und Verwendung der Labore trotz r\u00e4umlicher Distanz; lediglich ein VR-Headset und VR-Controller werden ben\u00f6tigt.<\/p>\n<\/div>\n<\/div><\/div><\/div><\/div><div class=\"fusion-modal modal fade modal-13 evocare\" tabindex=\"-1\" role=\"dialog\" aria-labelledby=\"modal-heading-13\" aria-hidden=\"true\" style=\"--awb-border-color:#ebebeb;--awb-background:#f6f6f6;\"><div class=\"modal-dialog modal-lg\" role=\"document\"><div class=\"modal-content fusion-modal-content\"><div class=\"modal-header\"><button class=\"close\" type=\"button\" data-dismiss=\"modal\" aria-hidden=\"true\" aria-label=\"Close\">&times;<\/button><h3 class=\"modal-title\" id=\"modal-heading-13\" data-dismiss=\"modal\" aria-hidden=\"true\">Evocare - Digitale Physiotherapie <\/h3><\/div><div class=\"modal-body fusion-clearfix\">\n<h3 class=\"fusion-responsive-typography-calculated\" style=\"--fontsize: 26; line-height: 1.62;\" data-fontsize=\"26\" data-lineheight=\"42.1167px\">\u00dcberblick:<\/h3>\n<h4 class=\"fusion-responsive-typography-calculated\" style=\"--fontsize: 18; line-height: 1.33; --minfontsize: 18;\" data-fontsize=\"18\" data-lineheight=\"23.9333px\">Produkt:<\/h4>\n<ul>\n<li>Physiotherapeutische Ma\u00dfnahmen unabh\u00e4ngig von Terminvereinbarungen bei \u00e4lteren Menschen zu Hause<\/li>\n<li>Selbst\u00e4ndige Durchf\u00fchrung im gewohnten Umfeld, dadurch Erhalt der Selbst\u00e4ndigkeit<\/li>\n<li>Erleichterung des Zugangs zu physiotherapeutischen Ma\u00dfnahmen<\/li>\n<\/ul>\n<h4 class=\"fusion-responsive-typography-calculated\" style=\"--fontsize: 18; line-height: 1.33; --minfontsize: 18;\" data-fontsize=\"18\" data-lineheight=\"23.9333px\">Ziel:<\/h4>\n<ul>\n<li>Erm\u00f6glichung von Therapiema\u00dfnahmen zu Hause im Anschluss oder als Erg\u00e4nzung an Reha-Ma\u00dfnahmen<\/li>\n<li>Mobilit\u00e4tsf\u00f6rderung und Erhalt der allt\u00e4glichen F\u00e4higkeiten<\/li>\n<li>Entlastung des Pflegepersonals<\/li>\n<\/ul>\n<h4 class=\"fusion-responsive-typography-calculated\" style=\"--fontsize: 18; line-height: 1.33; --minfontsize: 18;\" data-fontsize=\"18\" data-lineheight=\"23.9333px\">Funktion:<\/h4>\n<ul>\n<li>Anhand eines Tablets werden Video-\u00dcbungseinheiten angesehen und selbst\u00e4ndig durchgef\u00fchrt<\/li>\n<li>Die Therapie wird pers\u00f6nlich von Therapeuten supervidiert, jede \u00dcbungseinheit wird pers\u00f6nlich ausgewertet<\/li>\n<li>Die \u00dcbungseinheiten k\u00f6nnen zur Kontrolle durch einen Physiotherapeuten gespeichert werden<\/li>\n<li>Zeit- und ortsunabh\u00e4ngige Durchf\u00fchrung der physiotherapeutischen Ma\u00dfnahmen<\/li>\n<\/ul>\n<hr \/>\n<p style=\"text-align: center;\"><b>Evocare<\/b><\/p>\n<p><img decoding=\"async\" class=\"aligncenter size-medium wp-image-2384\" src=\"https:\/\/www.cluster-zukunft-der-pflege.de\/wp-content\/uploads\/2023\/09\/evocare-213x300.png\" alt=\"\" width=\"213\" height=\"300\" srcset=\"https:\/\/www.cluster-zukunft-der-pflege.de\/wp-content\/uploads\/2023\/09\/evocare-200x282.png 200w, https:\/\/www.cluster-zukunft-der-pflege.de\/wp-content\/uploads\/2023\/09\/evocare-213x300.png 213w, https:\/\/www.cluster-zukunft-der-pflege.de\/wp-content\/uploads\/2023\/09\/evocare.png 314w\" sizes=\"(max-width: 213px) 100vw, 213px\" \/><\/p>\n<p style=\"text-align: center;\"><strong>\u00a9<\/strong> Evocare<\/p>\n<hr \/>\n<h3 class=\"fusion-responsive-typography-calculated\" style=\"--fontsize: 26; line-height: 1.62;\" data-fontsize=\"26\" data-lineheight=\"42.1167px\">Beschreibung:<\/h3>\n<p>Nach einer Operation oder Krankheit sowie in der Pr\u00e4vention hilft diese digitale physiotherapeutische Behandlungsmethode Patient:innen bei ihrer Genesung und Gesunderhaltung. Die Behandlung erfolgt hierbei \u00fcber eine digitale Interaktion von Behandler und Therapeut und kann dabei pr\u00e4ventiv, kurativ (als Rehabilitationsma\u00dfnahme), rehabilitativ oder palliativ durchgef\u00fchrt werden. Das System transportiert \u00fcber ein Tablet \u2013 vorerst Indikationsunspezifisch \u2013 Therapieinhalte und Anweisungen zu gesundheitsf\u00f6rderndem Verhalten per Video an den Patienten. Die medizinisch-therapeutisch-pflegerischen Inhalte, welche die medizinische Fachperson dem Patienten rezeptiert, werden individuell f\u00fcr jeden einzelne Patient*in oder Bewohner+in zusammengestellt. Das Monitoring der Patient*Innen ist dabei einzeln steuerbar, patientenzentriert und beinhaltet eine automatisierte Dokumentation. Im PPZ-N\u00fcrnberg\/N\u00fcrnbergStift wurde ein erster Feldtest als Mobilit\u00e4tsf\u00f6rderungsma\u00dfnahme durchgef\u00fchrt.<\/p>\n<\/div><\/div><\/div><\/div><div class=\"fusion-modal modal fade modal-14 passiv\" tabindex=\"-1\" role=\"dialog\" aria-labelledby=\"modal-heading-14\" aria-hidden=\"true\" style=\"--awb-border-color:#ebebeb;--awb-background:#f6f6f6;\"><div class=\"modal-dialog modal-lg\" role=\"document\"><div class=\"modal-content fusion-modal-content\"><div class=\"modal-header\"><button class=\"close\" type=\"button\" data-dismiss=\"modal\" aria-hidden=\"true\" aria-label=\"Close\">&times;<\/button><h3 class=\"modal-title\" id=\"modal-heading-14\" data-dismiss=\"modal\" aria-hidden=\"true\">Passive Exoskelette<\/h3><\/div><div class=\"modal-body fusion-clearfix\">\n<h3>\u00dcberblick:<\/h3>\n<h4>Produkt:<\/h4>\n<ul>\n<li>Passive Unterst\u00fctzung des Muskel-Skelett Systems im R\u00fcckenbereich zur physischen Entlastung<\/li>\n<li>Individuell einstellbar zur optimalen Passform<\/li>\n<li>Verf\u00fcgbar in mehreren Gr\u00f6\u00dfen\n<ul>\n<li>Paexo Soft Back von Ottobock: sechs Gr\u00f6\u00dfen<\/li>\n<li>Rakunie von N-Ippin GmbH: sechs Gr\u00f6\u00dfen<\/li>\n<li>SoftExo Lift von Hunic: eine Gr\u00f6\u00dfe mit k\u00fcrzeren &amp; l\u00e4ngeren Elastomeren<\/li>\n<\/ul>\n<\/li>\n<\/ul>\n<h4>Ziel:<\/h4>\n<ul>\n<li>Entlastung der Lendenwirbels\u00e4ule und des oberen R\u00fcckens bei k\u00f6rperlichen T\u00e4tigkeiten<\/li>\n<li>Pr\u00e4vention von Erkrankungen des Muskel-Skelett Systems im R\u00fcckenbereich<\/li>\n<\/ul>\n<h4>Funktion:<\/h4>\n<ul>\n<li>Elastomere unterst\u00fctzen den Bewegungsablauf, insbesondere bei Dreh- oder Hebebewegungen bzw. bei T\u00e4tigkeiten in Zwangsbeugehaltungen<\/li>\n<li>Korrektur der Haltung<\/li>\n<\/ul>\n<div>\n<hr \/>\n<\/div>\n<p style=\"text-align: center;\"><strong>Passive Exoskelette<\/strong><\/p>\n<p><img decoding=\"async\" class=\"aligncenter size-medium wp-image-2393\" src=\"https:\/\/www.cluster-zukunft-der-pflege.de\/wp-content\/uploads\/2023\/09\/passive_exoskelette-225x300.png\" alt=\"\" width=\"225\" height=\"300\" srcset=\"https:\/\/www.cluster-zukunft-der-pflege.de\/wp-content\/uploads\/2023\/09\/passive_exoskelette-200x267.png 200w, https:\/\/www.cluster-zukunft-der-pflege.de\/wp-content\/uploads\/2023\/09\/passive_exoskelette-225x300.png 225w, https:\/\/www.cluster-zukunft-der-pflege.de\/wp-content\/uploads\/2023\/09\/passive_exoskelette-400x534.png 400w, https:\/\/www.cluster-zukunft-der-pflege.de\/wp-content\/uploads\/2023\/09\/passive_exoskelette.png 416w\" sizes=\"(max-width: 225px) 100vw, 225px\" \/><\/p>\n<p style=\"text-align: center;\"><strong>\u00a9<\/strong> N\u00fcrnbergStift\/PPZ-N\u00fcrnberg<\/p>\n<hr \/>\n<h3>Beschreibung:<\/h3>\n<p>Exoskelette sind Assistenzsysteme, die am K\u00f6rper getragen werden und die Bewegungen und Haltung des K\u00f6rpers unterst\u00fctzen. Bei Hebet\u00e4tigkeiten kann so der K\u00f6rper der Pflegeperson entlastet werden. Aufgrund der besseren Handhabung im pflegerischen Alltag hat sich das PPZ-N\u00fcrnberg dazu entschlossen ausschlie\u00dflich passive Exoskelette ohne eigene Energiequelle (z.B. durch elektrischen Akkus oder Drucklufttanks) zu testen. Ziel der Erprobung von Exoskeletten bei den Praxispartnern N\u00fcrnbergStift und Diakoneo im PPZ-N\u00fcrnberg ist es, Erfahrungen mit Exoskeletten zu sammeln und Mitarbeitende an die Nutzung der Systeme im Pflegealltag heranzuf\u00fchren. Der regelm\u00e4\u00dfige Einsatz der passiven Exoskelette, die damit einhergehenden Effekte und die gegebenenfalls auftretenden Ver\u00e4nderungen in der Arbeitsroutine werden hierbei untersucht.<\/p>\n<\/div><\/div><\/div><\/div><div class=\"fusion-modal modal fade modal-15 voize\" tabindex=\"-1\" role=\"dialog\" aria-labelledby=\"modal-heading-15\" aria-hidden=\"true\" style=\"--awb-border-color:#ebebeb;--awb-background:#f6f6f6;\"><div class=\"modal-dialog modal-lg\" role=\"document\"><div class=\"modal-content fusion-modal-content\"><div class=\"modal-header\"><button class=\"close\" type=\"button\" data-dismiss=\"modal\" aria-hidden=\"true\" aria-label=\"Close\">&times;<\/button><h3 class=\"modal-title\" id=\"modal-heading-15\" data-dismiss=\"modal\" aria-hidden=\"true\">voize \u2013 Digitale Pflegedokumentation per Spracheingabe <\/h3><\/div><div class=\"modal-body fusion-clearfix\">\n<h3 class=\"fusion-responsive-typography-calculated\" style=\"--fontsize: 26; line-height: 1.62;\" data-fontsize=\"26\" data-lineheight=\"42.1167px\">\u00dcberblick:<\/h3>\n<h4 class=\"fusion-responsive-typography-calculated\" style=\"--fontsize: 18; line-height: 1.33; --minfontsize: 18;\" data-fontsize=\"18\" data-lineheight=\"23.9333px\">Produkt:<\/h4>\n<ul>\n<li>KI-gest\u00fctzte Sprach-App f\u00fcr Pflegedokumentation<\/li>\n<li>Pflegeberichte, Vitalwerte und Bewegungsprotokolle k\u00f6nnen eingesprochen werden<\/li>\n<li>Stamm-\/ Kontaktdaten, komplette Pflegeplanung, Medikationsplan und Notfallrufnummern sind sofort griffbereit<\/li>\n<\/ul>\n<h4 class=\"fusion-responsive-typography-calculated\" style=\"--fontsize: 18; line-height: 1.33; --minfontsize: 18;\" data-fontsize=\"18\" data-lineheight=\"23.9333px\">Ziel:<\/h4>\n<ul>\n<li>Erm\u00f6glichung von simultaner Dokumentation, vor Ort bei der pflegebed\u00fcrftigen Person<\/li>\n<li>Vereinfachung der Dokumentation f\u00fcr Menschen mit Zuwanderungsgeschichte bzw. Nicht-Muttersprachler:innen<\/li>\n<li>Zeitersparnis durch Reduktion des Schreibaufwands und Wegen ins Stationszimmer<\/li>\n<\/ul>\n<h4 class=\"fusion-responsive-typography-calculated\" style=\"--fontsize: 18; line-height: 1.33; --minfontsize: 18;\" data-fontsize=\"18\" data-lineheight=\"23.9333px\">Funktion:<\/h4>\n<ul>\n<li>K\u00fcnstliche Intelligenz hilft dabei, den pflegerischen Kontext zu erkennen<\/li>\n<li>Korrektur von Sprachfehlern<\/li>\n<li>Automatische \u00dcbertragung in das Pflegedokumentationssystem per Schnittstelle<\/li>\n<\/ul>\n<div>\n<hr \/>\n<\/div>\n<p style=\"text-align: center;\"><strong>voize<\/strong><\/p>\n<p><img decoding=\"async\" class=\"aligncenter size-medium wp-image-2395\" src=\"https:\/\/www.cluster-zukunft-der-pflege.de\/wp-content\/uploads\/2023\/09\/voize-300x200.jpg\" alt=\"\" width=\"300\" height=\"200\" srcset=\"https:\/\/www.cluster-zukunft-der-pflege.de\/wp-content\/uploads\/2023\/09\/voize-200x133.jpg 200w, https:\/\/www.cluster-zukunft-der-pflege.de\/wp-content\/uploads\/2023\/09\/voize-300x200.jpg 300w, https:\/\/www.cluster-zukunft-der-pflege.de\/wp-content\/uploads\/2023\/09\/voize-400x266.jpg 400w, https:\/\/www.cluster-zukunft-der-pflege.de\/wp-content\/uploads\/2023\/09\/voize-600x400.jpg 600w, https:\/\/www.cluster-zukunft-der-pflege.de\/wp-content\/uploads\/2023\/09\/voize-768x511.jpg 768w, https:\/\/www.cluster-zukunft-der-pflege.de\/wp-content\/uploads\/2023\/09\/voize-800x533.jpg 800w, https:\/\/www.cluster-zukunft-der-pflege.de\/wp-content\/uploads\/2023\/09\/voize.jpg 955w\" sizes=\"(max-width: 300px) 100vw, 300px\" \/><\/p>\n<p style=\"text-align: center;\"><strong>\u00a9 <\/strong>voize GmbH (2023)<\/p>\n<hr \/>\n<h3 class=\"fusion-responsive-typography-calculated\" style=\"--fontsize: 26; line-height: 1.62;\" data-fontsize=\"26\" data-lineheight=\"42.1167px\">Beschreibung:<\/h3>\n<p>Im PPZ-N\u00fcrnberg\/Kompetenzzentrum Forchheim von Diakoneo wurde eine Spracherkennungssoftware getestet. Durch die mit K\u00fcnstlicher Intelligenz (KI) gest\u00fctzte Pflegedokumentation ist eine intuitive Bedienung durch Spracheingabe am Smartphone m\u00f6glich. Hierbei werden alle Informationen in die entsprechenden Formulare der jeweiligen Pflegesoftware \u00fcbertragen. Man erhofft sich dadurch ein hohes Ma\u00df an Zeit- und Wegeersparnis f\u00fcr Pflegefachkr\u00e4fte und eine (nahezu) fehlerfreie Erstellung von rechtlich verpflichtenden Pflegedokumentationen. Die KI erm\u00f6glicht die Spracheingabe auch bei regionalen Sprachvarianten und Akzenten, zum Beispiel bei Personen mit rudiment\u00e4ren Deutschkenntnissen bzw. Migrationshintergrund.<\/p>\n<\/div><\/div><\/div><\/div><div class=\"fusion-modal modal fade modal-16 exoskelett\" tabindex=\"-1\" role=\"dialog\" aria-labelledby=\"modal-heading-16\" aria-hidden=\"true\" style=\"--awb-border-color:#ebebeb;--awb-background:#f6f6f6;\"><div class=\"modal-dialog modal-lg\" role=\"document\"><div class=\"modal-content fusion-modal-content\"><div class=\"modal-header\"><button class=\"close\" type=\"button\" data-dismiss=\"modal\" aria-hidden=\"true\" aria-label=\"Close\">&times;<\/button><h3 class=\"modal-title\" id=\"modal-heading-16\" data-dismiss=\"modal\" aria-hidden=\"true\">Atlas Exoskelett<\/h3><\/div><div class=\"modal-body fusion-clearfix\">\n<h3 class=\"\" style=\"--fontsize: 26; line-height: 1.62;\" data-fontsize=\"26\" data-lineheight=\"42.1167px\">\u00dcberblick<\/h3>\n<h4 class=\"\" style=\"--fontsize: 18; line-height: 1.33; --minfontsize: 18;\" data-fontsize=\"18\" data-lineheight=\"23.9333px\">Produkt:<\/h4>\n<ul>\n<li>Aktive (Unter-)St\u00fctzung der Lendenwirbels\u00e4ule und der unteren Bandscheiben zur physischen Entlastung<\/li>\n<li>Individuell einstellbar zur optimalen Passform<\/li>\n<li>Verf\u00fcgbar in zwei Gr\u00f6\u00dfen<\/li>\n<\/ul>\n<h4 class=\"\" style=\"--fontsize: 18; line-height: 1.33; --minfontsize: 18;\" data-fontsize=\"18\" data-lineheight=\"23.9333px\">Ziel:<\/h4>\n<ul>\n<li><span id=\"page135R_mcid0\" class=\"markedContent\"><\/span><span id=\"page135R_mcid1\" class=\"markedContent\"><\/span><span id=\"page135R_mcid21\" class=\"markedContent\"><span dir=\"ltr\" role=\"presentation\">Entlastung der<\/span><\/span><span id=\"page135R_mcid22\" class=\"markedContent\"> <span dir=\"ltr\" role=\"presentation\">Lendenwirbels\u00e4ule<\/span><\/span><span id=\"page135R_mcid23\" class=\"markedContent\"> <span dir=\"ltr\" role=\"presentation\">bei k\u00f6rperlichen T\u00e4tigkeiten<\/span><\/span><\/li>\n<li><span id=\"page135R_mcid25\" class=\"markedContent\"><span dir=\"ltr\" role=\"presentation\">Mobilit\u00e4t des Oberk\u00f6rpers bleibt erhalten<\/span><\/span><\/li>\n<li><span id=\"page135R_mcid26\" class=\"markedContent\"><\/span><span id=\"page135R_mcid27\" class=\"markedContent\"><span dir=\"ltr\" role=\"presentation\">Vermeidung von<\/span><\/span><span id=\"page135R_mcid28\" class=\"markedContent\"> <span dir=\"ltr\" role=\"presentation\">muskuloskelettalen<\/span><\/span><span id=\"page135R_mcid29\" class=\"markedContent\"> <span dir=\"ltr\" role=\"presentation\">R\u00fcckenbeschwerden<\/span><\/span><\/li>\n<\/ul>\n<h4 class=\"\" style=\"--fontsize: 18; line-height: 1.33; --minfontsize: 18;\" data-fontsize=\"18\" data-lineheight=\"23.9333px\">Funktion:<\/h4>\n<ul>\n<li>Austauschbarer Akku<\/li>\n<li>Aktoren unterst\u00fctzen den nat\u00fcrlichen Bewegungsablauf, insbesondere bei Dreh- oder Hebebewegungen<\/li>\n<\/ul>\n<div><\/div>\n<hr \/>\n<h3 class=\"\" style=\"--fontsize: 26; line-height: 1.62;\" data-fontsize=\"26\" data-lineheight=\"42.1167px\">Beschreibung<\/h3>\n<p>Unterst\u00fctzt aktiv die unteren Bandscheiben und die Lendenwirbels\u00e4ule. Es ist in zwei Gr\u00f6\u00dfen verf\u00fcgbar und kann individuell auf den jeweiligen Tr\u00e4ger \/ die Tr\u00e4gerin eingestellt werden. W\u00e4hrend die Lendenwirbels\u00e4ule entlastet wird, bleibt die Beweglichkeit des Oberk\u00f6rpers erhalten. Die Aktoren des Exoskelett unterst\u00fctzen den nat\u00fcrlichen Bewegungsablauf, insbesondere bei Dreh- oder Hebebewegungen.<\/p>\n<\/div><\/div><\/div><\/div><div class=\"fusion-modal modal fade modal-17 vireed\" tabindex=\"-1\" role=\"dialog\" aria-labelledby=\"modal-heading-17\" aria-hidden=\"true\" style=\"--awb-border-color:#ebebeb;--awb-background:#f6f6f6;\"><div class=\"modal-dialog modal-lg\" role=\"document\"><div class=\"modal-content fusion-modal-content\"><div class=\"modal-header\"><button class=\"close\" type=\"button\" data-dismiss=\"modal\" aria-hidden=\"true\" aria-label=\"Close\">&times;<\/button><h3 class=\"modal-title\" id=\"modal-heading-17\" data-dismiss=\"modal\" aria-hidden=\"true\">VIREED<\/h3><\/div><div class=\"modal-body fusion-clearfix\">\n<h3 class=\"fusion-responsive-typography-calculated\" style=\"--fontsize: 26; line-height: 1.62;\" data-fontsize=\"26\" data-lineheight=\"42.1167px\">\u00dcberblick<\/h3>\n<h4 class=\"fusion-responsive-typography-calculated\" style=\"--fontsize: 18; line-height: 1.33; --minfontsize: 18;\" data-fontsize=\"18\" data-lineheight=\"23.9333px\">Produkt:<\/h4>\n<ul>\n<li><span id=\"page128R_mcid6\" class=\"markedContent\"><span dir=\"ltr\" role=\"presentation\">Virtual Reality Lernstation mit VR<\/span><\/span><span id=\"page128R_mcid7\" class=\"markedContent\"><span dir=\"ltr\" role=\"presentation\">&#8211;<\/span><\/span><span id=\"page128R_mcid8\" class=\"markedContent\"><span dir=\"ltr\" role=\"presentation\">Brille und Controllern<\/span><\/span><\/li>\n<li><span id=\"page128R_mcid10\" class=\"markedContent\"><span dir=\"ltr\" role=\"presentation\">Kardiopulmonale<\/span><\/span><span id=\"page128R_mcid11\" class=\"markedContent\"> <span dir=\"ltr\" role=\"presentation\">Reanimation in Virtual Reality<\/span><\/span><\/li>\n<li><span id=\"page128R_mcid13\" class=\"markedContent\"><span dir=\"ltr\" role=\"presentation\">Prozessbasiertes<\/span><\/span><span id=\"page128R_mcid14\" class=\"markedContent\"> <span dir=\"ltr\" role=\"presentation\">Lernen nach einem<\/span><\/span><span id=\"page128R_mcid15\" class=\"markedContent\"> <span dir=\"ltr\" role=\"presentation\">klinischen <\/span><\/span><span id=\"page128R_mcid16\" class=\"markedContent\"><span dir=\"ltr\" role=\"presentation\">Verhaltensalgorithmus<\/span><\/span><\/li>\n<\/ul>\n<h4 class=\"fusion-responsive-typography-calculated\" style=\"--fontsize: 18; line-height: 1.33; --minfontsize: 18;\" data-fontsize=\"18\" data-lineheight=\"23.9333px\">Ziel:<\/h4>\n<ul>\n<li><span id=\"page128R_mcid19\" class=\"markedContent\"><span dir=\"ltr\" role=\"presentation\">Handlungssicherheit bei der Durchf\u00fchrung des<\/span><\/span><span id=\"page128R_mcid20\" class=\"markedContent\"> <span dir=\"ltr\" role=\"presentation\">Basic Life <\/span><\/span><span id=\"page128R_mcid21\" class=\"markedContent\"><span dir=\"ltr\" role=\"presentation\">Support<\/span><\/span><\/li>\n<li><span id=\"page128R_mcid23\" class=\"markedContent\"><span dir=\"ltr\" role=\"presentation\">Abbau von \u00c4ngsten w\u00e4hrend der Reanimation<\/span><\/span><span id=\"page128R_mcid24\" class=\"markedContent\"><\/span><span id=\"page128R_mcid25\" class=\"markedContent\"><\/span><\/li>\n<li><span id=\"page128R_mcid25\" class=\"markedContent\"><span dir=\"ltr\" role=\"presentation\">Besseres Outcome f\u00fcr<\/span><\/span><span id=\"page128R_mcid26\" class=\"markedContent\"> <span dir=\"ltr\" role=\"presentation\">Patient:innen<\/span><\/span><\/li>\n<\/ul>\n<h4 class=\"fusion-responsive-typography-calculated\" style=\"--fontsize: 18; line-height: 1.33; --minfontsize: 18;\" data-fontsize=\"18\" data-lineheight=\"23.9333px\">Funktion:<\/h4>\n<ul>\n<li><span id=\"page128R_mcid29\" class=\"markedContent\"><span dir=\"ltr\" role=\"presentation\">Lernszenario<\/span><\/span><span id=\"page128R_mcid30\" class=\"markedContent\"> <span dir=\"ltr\" role=\"presentation\">realistisch nachgebaut<\/span><\/span><\/li>\n<li><span id=\"page128R_mcid32\" class=\"markedContent\"><span dir=\"ltr\" role=\"presentation\">Einbindung<\/span><\/span><span id=\"page128R_mcid33\" class=\"markedContent\"> <span dir=\"ltr\" role=\"presentation\">auditiver Ger\u00e4uschkulissen <\/span><\/span><span id=\"page128R_mcid34\" class=\"markedContent\"><span dir=\"ltr\" role=\"presentation\">sowie Haptik durch Reanimationspuppe<\/span><\/span><\/li>\n<\/ul>\n<div><\/div>\n<hr \/>\n<h3 class=\"fusion-responsive-typography-calculated\" style=\"--fontsize: 26; line-height: 1.62;\" data-fontsize=\"26\" data-lineheight=\"42.1167px\">Beschreibung<\/h3>\n<p>VR-System zum Trainieren verschiedener Reanimationssituationen. In unterschiedlichen Modi kann sowohl der Basic Life Support als auch ein Schockraumtraining absolviert werden. Zus\u00e4tzlich kann eine Reanimationspuppe eingesetzt werden, um ein haptisches Feedback bei der Herzdruckmassage zu erhalten. Nach den absolvierten Trainingseinheiten erhalten die Teilnehmenden ein Feedback mit Hinweisen zu Verbesserungsm\u00f6glichkeiten beim n\u00e4chsten Durchlauf.<\/div><\/div><\/div><\/div><div class=\"fusion-modal modal fade modal-18 debeleeftv\" tabindex=\"-1\" role=\"dialog\" aria-labelledby=\"modal-heading-18\" aria-hidden=\"true\" style=\"--awb-border-color:#ebebeb;--awb-background:#f6f6f6;\"><div class=\"modal-dialog modal-lg\" role=\"document\"><div class=\"modal-content fusion-modal-content\"><div class=\"modal-header\"><button class=\"close\" type=\"button\" data-dismiss=\"modal\" aria-hidden=\"true\" aria-label=\"Close\">&times;<\/button><h3 class=\"modal-title\" id=\"modal-heading-18\" data-dismiss=\"modal\" aria-hidden=\"true\">DeBeleefTV<\/h3><\/div><div class=\"modal-body fusion-clearfix\">\n<h3 class=\"\" style=\"--fontsize: 26; line-height: 1.62;\" data-fontsize=\"26\" data-lineheight=\"42.1167px\">\u00dcberblick<\/h3>\n<h4 class=\"\" style=\"--fontsize: 18; line-height: 1.33; --minfontsize: 18;\" data-fontsize=\"18\" data-lineheight=\"23.9333px\">Produkt:<\/h4>\n<ul>\n<li>Interaktiver Pflegetisch mit verschiedene Programmen und Spielen zur Aktivierung und Besch\u00e4ftigung von Menschen mit kognitiven Einschr\u00e4nkungen im geriatrischen Setting<\/li>\n<li>Mit Pflegeeinrichtungen gemeinsam entwickelt<\/li>\n<li>Anschauliche und interaktive Darstellung der Inhalte (visuell &amp; akustisch)<\/li>\n<\/ul>\n<h4 class=\"\" style=\"--fontsize: 18; line-height: 1.33; --minfontsize: 18;\" data-fontsize=\"18\" data-lineheight=\"23.9333px\">Ziel:<\/h4>\n<ul>\n<li>Aktivierung und Besch\u00e4ftigung von Menschen mit kognitiven Einschr\u00e4nkungen<\/li>\n<\/ul>\n<h4 class=\"\" style=\"--fontsize: 18; line-height: 1.33; --minfontsize: 18;\" data-fontsize=\"18\" data-lineheight=\"23.9333px\">Funktion:<\/h4>\n<ul>\n<li>Trainiert Feinmotorik<\/li>\n<li>Stimuliert das Gehirn<\/li>\n<li>Schafft soziale Interaktion<\/li>\n<li>Wirkt Apathie entgegen<\/li>\n<li>F\u00f6rdert Erinnerungspflege<\/li>\n<\/ul>\n<div><\/div>\n<div><\/div>\n<hr \/>\n<h3 class=\"\" style=\"--fontsize: 26; line-height: 1.62;\" data-fontsize=\"26\" data-lineheight=\"42.1167px\">Beschreibung<\/h3>\n<p>Der DeBeleefTV Tisch ist ein interaktiver Touchscreen-Tisch, der speziell f\u00fcr die Betreuung von Menschen mit Demenz und anderen kognitiven Beeintr\u00e4chtigungen gemeinsam mit Pflegeeinrichtungen entwickelt wurde. Er bietet eine Reihe von Spielen und Aktivit\u00e4ten, die kognitive F\u00e4higkeiten f\u00f6rdern und soziale Interaktionen erleichtern. Die benutzerfreundliche Oberfl\u00e4che erm\u00f6glicht einfache Navigation und Anpassung an individuelle Bed\u00fcrfnisse. H\u00e4ufig wird der Tisch in Pflegeheimen, Krankenh\u00e4usern und anderen betreuten Einrichtungen eingesetzt.<\/div><\/div><\/div><\/div><\/div><\/div><\/div><\/div><\/p>\n","protected":false},"excerpt":{"rendered":"","protected":false},"author":7,"featured_media":0,"parent":0,"menu_order":0,"comment_status":"closed","ping_status":"closed","template":"","meta":{"footnotes":""},"class_list":["post-2328","page","type-page","status-publish","hentry"],"_links":{"self":[{"href":"https:\/\/www.cluster-zukunft-der-pflege.de\/index.php\/wp-json\/wp\/v2\/pages\/2328","targetHints":{"allow":["GET"]}}],"collection":[{"href":"https:\/\/www.cluster-zukunft-der-pflege.de\/index.php\/wp-json\/wp\/v2\/pages"}],"about":[{"href":"https:\/\/www.cluster-zukunft-der-pflege.de\/index.php\/wp-json\/wp\/v2\/types\/page"}],"author":[{"embeddable":true,"href":"https:\/\/www.cluster-zukunft-der-pflege.de\/index.php\/wp-json\/wp\/v2\/users\/7"}],"replies":[{"embeddable":true,"href":"https:\/\/www.cluster-zukunft-der-pflege.de\/index.php\/wp-json\/wp\/v2\/comments?post=2328"}],"version-history":[{"count":74,"href":"https:\/\/www.cluster-zukunft-der-pflege.de\/index.php\/wp-json\/wp\/v2\/pages\/2328\/revisions"}],"predecessor-version":[{"id":3363,"href":"https:\/\/www.cluster-zukunft-der-pflege.de\/index.php\/wp-json\/wp\/v2\/pages\/2328\/revisions\/3363"}],"wp:attachment":[{"href":"https:\/\/www.cluster-zukunft-der-pflege.de\/index.php\/wp-json\/wp\/v2\/media?parent=2328"}],"curies":[{"name":"wp","href":"https:\/\/api.w.org\/{rel}","templated":true}]}}