{"id":2932,"date":"2025-07-08T12:39:14","date_gmt":"2025-07-08T10:39:14","guid":{"rendered":"https:\/\/www.cluster-zukunft-der-pflege.de\/?page_id=2932"},"modified":"2026-08-31T10:48:03","modified_gmt":"2026-08-31T08:48:03","slug":"konferenz","status":"publish","type":"page","link":"https:\/\/www.cluster-zukunft-der-pflege.de\/index.php\/konferenz\/","title":{"rendered":"KONFERENZ"},"content":{"rendered":"<div class=\"fusion-fullwidth fullwidth-box fusion-builder-row-1 fusion-flex-container has-pattern-background has-mask-background nonhundred-percent-fullwidth non-hundred-percent-height-scrolling\" style=\"--awb-border-radius-top-left:0px;--awb-border-radius-top-right:0px;--awb-border-radius-bottom-right:0px;--awb-border-radius-bottom-left:0px;--awb-flex-wrap:wrap;\" ><div class=\"fusion-builder-row fusion-row fusion-flex-align-items-flex-start fusion-flex-content-wrap\" style=\"max-width:1352px;margin-left: calc(-4% \/ 2 );margin-right: calc(-4% \/ 2 );\"><div class=\"fusion-layout-column fusion_builder_column fusion-builder-column-0 fusion_builder_column_2_3 2_3 fusion-flex-column\" style=\"--awb-bg-size:cover;--awb-width-large:66.666666666667%;--awb-margin-top-large:0px;--awb-spacing-right-large:2.88%;--awb-margin-bottom-large:20px;--awb-spacing-left-large:2.88%;--awb-width-medium:100%;--awb-order-medium:0;--awb-spacing-right-medium:1.92%;--awb-spacing-left-medium:1.92%;--awb-width-small:100%;--awb-order-small:0;--awb-spacing-right-small:1.92%;--awb-spacing-left-small:1.92%;\"><div class=\"fusion-column-wrapper fusion-column-has-shadow fusion-flex-justify-content-flex-start fusion-content-layout-column\"><div class=\"fusion-title title fusion-title-1 fusion-sep-none fusion-title-text fusion-title-size-two\" style=\"--awb-text-color:#90b727;--awb-margin-top-small:0px;--awb-margin-right-small:0px;--awb-margin-bottom-small:20px;--awb-margin-left-small:0px;\"><h2 class=\"fusion-title-heading title-heading-left fusion-responsive-typography-calculated\" style=\"margin:0;--fontSize:35;line-height:1.29;\"><h2>9. Konferenz Zukunft der Pflege<\/h2><\/h2><\/div><div class=\"fusion-title title fusion-title-2 fusion-sep-none fusion-title-text fusion-title-size-four\" style=\"--awb-text-color:#90b727;--awb-margin-top-small:0px;--awb-margin-right-small:0px;--awb-margin-bottom-small:20px;--awb-margin-left-small:0px;\"><h4 class=\"fusion-title-heading title-heading-left fusion-responsive-typography-calculated\" style=\"margin:0;--fontSize:18;--minFontSize:18;line-height:1.33;\">13. &amp; 14. April 2027 in Hannover<\/h4><\/div><div class=\"fusion-title title fusion-title-3 fusion-sep-none fusion-title-text fusion-title-size-three\" style=\"--awb-text-color:#90b727;--awb-margin-top-small:0px;--awb-margin-right-small:0px;--awb-margin-bottom-small:20px;--awb-margin-left-small:0px;\"><h3 class=\"fusion-title-heading title-heading-left fusion-responsive-typography-calculated\" style=\"margin:0;--fontSize:26;line-height:1.62;\">Pflegepraxis neu denken: kompetent, evidenzbasiert und vernetzt<\/h3><\/div><div class=\"fusion-text fusion-text-1\"><p>Die Digitalisierung in der Pflege er\u00f6ffnet vielf\u00e4ltige und vielversprechende M\u00f6glichkeiten. Die Auswahl passender Technologien, ihre Einf\u00fchrung und nachhaltige Nutzung gestalten sich in den unterschiedlichen pflegerischen Versorgungssettings weiterhin herausfordernd. Die Pflegepraxis steht vor der Frage, wie digitale L\u00f6sungen den Pflegealltag sinnvoll unterst\u00fctzen k\u00f6nnen und welche Kompetenzen daf\u00fcr notwendig sind. W\u00e4hrenddessen besch\u00e4ftigen sich Wissenschaft und Politik mit der Frage, wie digitale Transformationsprozesse nachhaltig unterst\u00fctzt werden k\u00f6nnen. Dies stellt den Hauptauftrag des Clusters Zukunft der Pflege, gef\u00f6rdert vom Bundesministerium f\u00fcr Forschung, Technologie und Raumfahrt (BMFTR) dar.<\/p>\n<p>Im Mittelpunkt der <strong>9. Konferenz Zukunft der Pflege<\/strong> stehen daher drei zentrale S\u00e4ulen f\u00fcr eine zukunftsf\u00e4hige digitale Pflegepraxis:<\/p>\n<\/div><div class=\"fusion-builder-row fusion-builder-row-inner fusion-row fusion-flex-align-items-flex-start fusion-flex-content-wrap\" style=\"--awb-flex-grow:0;--awb-flex-grow-medium:0;--awb-flex-grow-small:0;--awb-flex-shrink:0;--awb-flex-shrink-medium:0;--awb-flex-shrink-small:0;width:104% !important;max-width:104% !important;margin-left: calc(-4% \/ 2 );margin-right: calc(-4% \/ 2 );\"><div class=\"fusion-layout-column fusion_builder_column_inner fusion-builder-nested-column-0 fusion_builder_column_inner_1_3 1_3 fusion-flex-column\" style=\"--awb-overflow:hidden;--awb-bg-color:#50ade5;--awb-bg-color-hover:#50ade5;--awb-bg-size:cover;--awb-border-radius:15px 15px 15px 15px;--awb-width-large:33.333333333333%;--awb-margin-top-large:0px;--awb-spacing-right-large:5.76%;--awb-margin-bottom-large:20px;--awb-spacing-left-large:5.76%;--awb-width-medium:100%;--awb-order-medium:0;--awb-spacing-right-medium:1.92%;--awb-spacing-left-medium:1.92%;--awb-width-small:100%;--awb-order-small:0;--awb-spacing-right-small:1.92%;--awb-spacing-left-small:1.92%;\" data-scroll-devices=\"small-visibility,medium-visibility,large-visibility\"><div class=\"fusion-column-wrapper fusion-column-has-shadow fusion-flex-justify-content-flex-start fusion-content-layout-column\"><div class=\"fusion-title title fusion-title-4 fusion-sep-none fusion-title-center fusion-title-text fusion-title-size-three\" style=\"--awb-text-color:#ffffff;--awb-margin-top:20px;--awb-margin-top-small:0px;--awb-margin-right-small:0px;--awb-margin-bottom-small:20px;--awb-margin-left-small:0px;\"><h3 class=\"fusion-title-heading title-heading-center fusion-responsive-typography-calculated\" style=\"margin:0;--fontSize:26;line-height:1.62;\"><strong>Kompetent<\/strong><\/h3><\/div><div class=\"fusion-text fusion-text-2 fusion-text-no-margin\" style=\"--awb-content-alignment:center;--awb-text-color:#ffffff;--awb-margin-right:5px;--awb-margin-bottom:50px;--awb-margin-left:5px;\"><p>Kompetenz bildet die Grundlage f\u00fcr den souver\u00e4nen Umgang mit digitalen Technologien. Dies umfasst sowohl individuelle Kompetenzen von Pflegenden, als auch organisationale von Pflegeeinrichtungen. Digitale (Gesundheits-) Kompetenz und gezielte Kompetenzentwicklung sind entscheidend f\u00fcr eine sichere, effektive und verantwortungsvolle Nutzung digitaler Technologien.<\/p>\n<\/div><\/div><\/div><div class=\"fusion-layout-column fusion_builder_column_inner fusion-builder-nested-column-1 fusion_builder_column_inner_1_3 1_3 fusion-flex-column\" style=\"--awb-overflow:hidden;--awb-bg-color:#50ade5;--awb-bg-color-hover:#50ade5;--awb-bg-size:cover;--awb-border-radius:15px 15px 15px 15px;--awb-width-large:33.333333333333%;--awb-margin-top-large:0px;--awb-spacing-right-large:5.76%;--awb-margin-bottom-large:20px;--awb-spacing-left-large:5.76%;--awb-width-medium:100%;--awb-order-medium:0;--awb-spacing-right-medium:1.92%;--awb-spacing-left-medium:1.92%;--awb-width-small:100%;--awb-order-small:0;--awb-spacing-right-small:1.92%;--awb-spacing-left-small:1.92%;\" data-scroll-devices=\"small-visibility,medium-visibility,large-visibility\"><div class=\"fusion-column-wrapper fusion-column-has-shadow fusion-flex-justify-content-flex-start fusion-content-layout-column\"><div class=\"fusion-title title fusion-title-5 fusion-sep-none fusion-title-center fusion-title-text fusion-title-size-three\" style=\"--awb-text-color:#ffffff;--awb-margin-top:20px;--awb-margin-top-small:0px;--awb-margin-right-small:0px;--awb-margin-bottom-small:20px;--awb-margin-left-small:0px;\"><h3 class=\"fusion-title-heading title-heading-center fusion-responsive-typography-calculated\" style=\"margin:0;--fontSize:26;line-height:1.62;\"><strong>Evidenzbasiert<\/strong><\/h3><\/div><div class=\"fusion-text fusion-text-3\" style=\"--awb-content-alignment:center;--awb-text-color:#ffffff;--awb-margin-right:5px;--awb-margin-left:5px;\"><p>Mit Evidenzbasierung sollen technologische Innovationen kritisch gepr\u00fcft, ihre Wirksamkeit sichtbar gemacht und Forschungsergebnisse f\u00fcr die Pflegepraxis nutzbar aufbereitet werden. Eine systematische Evaluation digitaler Pflegetechnologien erm\u00f6glicht es, vielversprechende Ans\u00e4tze zur Einf\u00fchrung und Nutzung in allen pflegerischen Versorgungssettings auszusch\u00f6pfen.<\/p>\n<\/div><\/div><\/div><div class=\"fusion-layout-column fusion_builder_column_inner fusion-builder-nested-column-2 fusion_builder_column_inner_1_3 1_3 fusion-flex-column\" style=\"--awb-overflow:hidden;--awb-bg-color:#50ade5;--awb-bg-color-hover:#50ade5;--awb-bg-size:cover;--awb-border-radius:15px 15px 15px 15px;--awb-width-large:33.333333333333%;--awb-margin-top-large:0px;--awb-spacing-right-large:5.76%;--awb-margin-bottom-large:20px;--awb-spacing-left-large:5.76%;--awb-width-medium:100%;--awb-order-medium:0;--awb-spacing-right-medium:1.92%;--awb-spacing-left-medium:1.92%;--awb-width-small:100%;--awb-order-small:0;--awb-spacing-right-small:1.92%;--awb-spacing-left-small:1.92%;\" data-scroll-devices=\"small-visibility,medium-visibility,large-visibility\"><div class=\"fusion-column-wrapper fusion-column-has-shadow fusion-flex-justify-content-flex-start fusion-content-layout-column\"><div class=\"fusion-title title fusion-title-6 fusion-sep-none fusion-title-center fusion-title-text fusion-title-size-three\" style=\"--awb-text-color:#ffffff;--awb-margin-top:20px;--awb-margin-top-small:0px;--awb-margin-right-small:0px;--awb-margin-bottom-small:20px;--awb-margin-left-small:0px;\"><h3 class=\"fusion-title-heading title-heading-center fusion-responsive-typography-calculated\" style=\"margin:0;--fontSize:26;line-height:1.62;\"><strong>Vernetzt<\/strong><\/h3><\/div><div class=\"fusion-text fusion-text-4 fusion-text-no-margin\" style=\"--awb-content-alignment:center;--awb-text-color:#ffffff;--awb-margin-right:5px;--awb-margin-bottom:110px;--awb-margin-left:5px;\"><p>Vernetzung ist ein zentraler Erfolgsfaktor f\u00fcr die digitale Transformation in der Pflege. Dazu sollten Pflegepraxis, Wissenschaft, Technologieentwicklung, Bildung und Politik interprofessionell zusammenarbeiten, um gemeinsam digitale L\u00f6sungen in der Pflegepraxis nachhaltig zu verankern.<\/p>\n<\/div><\/div><\/div><\/div><div class=\"fusion-text fusion-text-5\"><p>Alle Zielgruppe sind eingeladen, insbesondere die Folgenden:<\/p>\n<ul>\n<li>Pflegende, Auszubildende und Studierende aus allen Versorgungssettings (Akutpflege, Langzeitpflege, ambulante Pflege, Community Health, Rehabilitation)<\/li>\n<li>Praxisanleitende, Pflegeexpert:innen, Pflegep\u00e4dagog:innen<\/li>\n<li>Pflegeorganisations- und Pflegemanagementverantwortliche<\/li>\n<li>Wissenschaftler:innen aus der Forschungspraxis<\/li>\n<li>Entwickler:innen und Anbieter digitaler Pflegetechnologien<\/li>\n<li>Weitere Akteur:innen, die Pflegepraxis digital und zukunftsf\u00e4hig mitgestalten wollen<\/li>\n<\/ul>\n<\/div><div class=\"fusion-text fusion-text-6\"><p>Der <strong>Call for Abstracts<\/strong> ist gestartet. Als Formate werden wissenschaftlich Vortr\u00e4ge, Praxisbeitr\u00e4ge, Posterpr\u00e4sentationen, Beitr\u00e4ge f\u00fcr einen Science Slam und Beitr\u00e4ge f\u00fcr den Innovationswettbewerb angeboten. Weitere Informationen finden Sie <strong><a href=\"https:\/\/www.cluster-zukunft-der-pflege.de\/wp-content\/uploads\/2026\/08\/Konferenz-Zukunft-der-Pflege-27_CfA_final.pdf\" target=\"_blank\" rel=\"noopener\">hier<\/a><\/strong>.<\/p>\n<p><strong>Die Einreichungsfrist endet am 04.10.2026.<\/strong><\/p>\n<p>Die Einreichung der Beitr\u00e4ge sowie die Anmeldung kann \u00fcber das System unter folgendem Link erfolgen: <strong><a href=\"https:\/\/app.vcongress.de\/event\/9-konferenz-zukunft-der-pflege\" target=\"_blank\" rel=\"noopener\">https:\/\/app.vcongress.de\/event\/9-konferenz-zukunft-der-pflege<\/a><\/strong><\/p>\n<\/div><\/div><\/div><div class=\"fusion-layout-column fusion_builder_column fusion-builder-column-1 fusion_builder_column_1_3 1_3 fusion-flex-column\" style=\"--awb-padding-top:15px;--awb-padding-right:15px;--awb-padding-bottom:15px;--awb-padding-left:15px;--awb-overflow:hidden;--awb-bg-color:#90b727;--awb-bg-color-hover:#90b727;--awb-bg-size:cover;--awb-box-shadow: 0px 0px ;;--awb-border-radius:15px 15px 15px 15px;--awb-width-large:33.333333333333%;--awb-margin-top-large:0px;--awb-spacing-right-large:5.76%;--awb-margin-bottom-large:20px;--awb-spacing-left-large:5.76%;--awb-width-medium:100%;--awb-order-medium:0;--awb-spacing-right-medium:1.92%;--awb-spacing-left-medium:1.92%;--awb-width-small:100%;--awb-order-small:0;--awb-spacing-right-small:1.92%;--awb-spacing-left-small:1.92%;\" data-scroll-devices=\"small-visibility,medium-visibility,large-visibility\"><div class=\"fusion-column-wrapper fusion-column-has-shadow fusion-flex-justify-content-flex-start fusion-content-layout-column\"><div class=\"fusion-text fusion-text-7\" style=\"--awb-text-color:#ffffff;\"><p><strong>KONFERENZ 2027<\/strong><\/p>\n<ul>\n<li><a href=\"https:\/\/www.cluster-zukunft-der-pflege.de\/wp-content\/uploads\/2026\/08\/Konferenz-Zukunft-der-Pflege-27_CfA_final.pdf\" target=\"_blank\" rel=\"noopener\">Call for Abstracts<\/a><\/li>\n<\/ul>\n<p><strong>KONFERENZ 2026<\/strong><\/p>\n<ul>\n<li><a href=\"https:\/\/www.youtube.com\/watch?v=M-krEmCz0bE\" target=\"_blank\" rel=\"noopener\">Video der Konferenz 2026<\/a><\/li>\n<li><a href=\"https:\/\/www.cluster-zukunft-der-pflege.de\/index.php\/konferenz-2026\/\" target=\"_blank\" rel=\"noopener\">Bericht Konferenz 2026<\/a><\/li>\n<li><a href=\"https:\/\/ppz-nuernberg.de\/wp-content\/uploads\/2026\/03\/Konferenzband_doi.pdf\" target=\"_blank\" rel=\"noopener\">Konferenzband 2026<\/a><\/li>\n<\/ul>\n<p><strong>KONFERENZ 2025<\/strong><\/p>\n<ul>\n<li><a href=\"https:\/\/geriatrie.charite.de\/fileadmin\/user_upload\/microsites\/m_cc13\/geriatrie\/Bild_Videomatrerial_Cluster_2025\/Clusterkonferenz2025_mitLogo.mp4\" target=\"_blank\" rel=\"noopener\">Video der Clusterkonferenz 2025<\/a><\/li>\n<li><a href=\"https:\/\/www.cluster-zukunft-der-pflege.de\/index.php\/clusterkonferenz-2025\/\" target=\"_blank\" rel=\"noopener\">Bericht Clusterkonferenz 2025<\/a><\/li>\n<li><a href=\"https:\/\/www.cluster-zukunft-der-pflege.de\/wp-content\/uploads\/2025\/04\/250404_Konferenzband_Clusterkonferenz.pdf\" target=\"_blank\" rel=\"noopener\">Konferenzband 2025<\/a><\/li>\n<\/ul>\n<p><strong>KONFERENZ 2023<\/strong><\/p>\n<ul>\n<li><a href=\"https:\/\/youtu.be\/9XKPUC4YIKc\" target=\"_blank\" rel=\"noopener\">Video der Clusterkonferenz 2023<\/a><\/li>\n<li><a href=\"https:\/\/www.cluster-zukunft-der-pflege.de\/index.php\/clusterkonferenz2023\/\" target=\"_blank\" rel=\"noopener\">Bericht Clusterkonferenz 2023<\/a><\/li>\n<li><a href=\"https:\/\/www.cluster-zukunft-der-pflege.de\/index.php\/innovationswettbewerb\/\">Innovationswettbewerb 2023<\/a><\/li>\n<li><a href=\"https:\/\/oops.uni-oldenburg.de\/5865\/\" target=\"_blank\" rel=\"noopener\">Tagungsband 2023<\/a><\/li>\n<\/ul>\n<p class=\"p1\"><strong>WEITERE INFORMATIONEN<\/strong><\/p>\n<ul>\n<li><a href=\"https:\/\/www.youtube.com\/watch?v=nUgyRR1AXao\" target=\"_blank\" rel=\"noopener\">Video des Clusters Zukunft der Pflege<\/a><\/li>\n<\/ul>\n<p><!--more--><\/p>\n<\/div><\/div><\/div><\/div><\/div>\n","protected":false},"excerpt":{"rendered":"<p>KONFERENZ 2027 Call for Abstracts KONFERENZ 2026 Video der Konferenz  [&#8230;]<\/p>\n","protected":false},"author":11,"featured_media":0,"parent":0,"menu_order":0,"comment_status":"closed","ping_status":"closed","template":"","meta":{"footnotes":""},"class_list":["post-2932","page","type-page","status-publish","hentry"],"_links":{"self":[{"href":"https:\/\/www.cluster-zukunft-der-pflege.de\/index.php\/wp-json\/wp\/v2\/pages\/2932","targetHints":{"allow":["GET"]}}],"collection":[{"href":"https:\/\/www.cluster-zukunft-der-pflege.de\/index.php\/wp-json\/wp\/v2\/pages"}],"about":[{"href":"https:\/\/www.cluster-zukunft-der-pflege.de\/index.php\/wp-json\/wp\/v2\/types\/page"}],"author":[{"embeddable":true,"href":"https:\/\/www.cluster-zukunft-der-pflege.de\/index.php\/wp-json\/wp\/v2\/users\/11"}],"replies":[{"embeddable":true,"href":"https:\/\/www.cluster-zukunft-der-pflege.de\/index.php\/wp-json\/wp\/v2\/comments?post=2932"}],"version-history":[{"count":34,"href":"https:\/\/www.cluster-zukunft-der-pflege.de\/index.php\/wp-json\/wp\/v2\/pages\/2932\/revisions"}],"predecessor-version":[{"id":3658,"href":"https:\/\/www.cluster-zukunft-der-pflege.de\/index.php\/wp-json\/wp\/v2\/pages\/2932\/revisions\/3658"}],"wp:attachment":[{"href":"https:\/\/www.cluster-zukunft-der-pflege.de\/index.php\/wp-json\/wp\/v2\/media?parent=2932"}],"curies":[{"name":"wp","href":"https:\/\/api.w.org\/{rel}","templated":true}]}}