{"id":2942,"date":"2025-03-26T11:16:40","date_gmt":"2025-03-26T09:16:40","guid":{"rendered":"https:\/\/www.cluster-zukunft-der-pflege.de\/?page_id=2942"},"modified":"2025-04-09T08:59:11","modified_gmt":"2025-04-09T06:59:11","slug":"clusterkonferenz-2025","status":"publish","type":"page","link":"https:\/\/www.cluster-zukunft-der-pflege.de\/index.php\/clusterkonferenz-2025\/","title":{"rendered":"CLUSTERKONFERENZ 2025"},"content":{"rendered":"<div class=\"fusion-fullwidth fullwidth-box fusion-builder-row-1 fusion-flex-container has-pattern-background has-mask-background nonhundred-percent-fullwidth non-hundred-percent-height-scrolling\" style=\"--awb-border-radius-top-left:0px;--awb-border-radius-top-right:0px;--awb-border-radius-bottom-right:0px;--awb-border-radius-bottom-left:0px;--awb-flex-wrap:wrap;\" ><div class=\"fusion-builder-row fusion-row fusion-flex-align-items-flex-start fusion-flex-content-wrap\" style=\"max-width:1352px;margin-left: calc(-4% \/ 2 );margin-right: calc(-4% \/ 2 );\"><div class=\"fusion-layout-column fusion_builder_column fusion-builder-column-0 fusion_builder_column_3_4 3_4 fusion-flex-column\" style=\"--awb-bg-size:cover;--awb-width-large:75%;--awb-margin-top-large:0px;--awb-spacing-right-large:2.56%;--awb-margin-bottom-large:20px;--awb-spacing-left-large:2.56%;--awb-width-medium:100%;--awb-order-medium:0;--awb-spacing-right-medium:1.92%;--awb-spacing-left-medium:1.92%;--awb-width-small:100%;--awb-order-small:0;--awb-spacing-right-small:1.92%;--awb-spacing-left-small:1.92%;\"><div class=\"fusion-column-wrapper fusion-column-has-shadow fusion-flex-justify-content-flex-start fusion-content-layout-column\"><div class=\"fusion-title title fusion-title-1 fusion-sep-none fusion-title-text fusion-title-size-two\" style=\"--awb-text-color:#90b727;--awb-margin-top:20px;--awb-margin-top-small:0px;--awb-margin-right-small:0px;--awb-margin-bottom-small:20px;--awb-margin-left-small:0px;\"><h2 class=\"fusion-title-heading title-heading-left fusion-responsive-typography-calculated\" style=\"margin:0;--fontSize:35;line-height:1.29;\"><h2><strong>Bericht zur 7. Clusterkonferenz 2025 \u2013 Cluster \u201eZukunft der Pflege\u201c<\/strong><\/h2><\/h2><\/div><div class=\"fusion-text fusion-text-1\"><p><strong>Am 11. und 12. M\u00e4rz 2025 fand die siebte Clusterkonferenz Zukunft der Pflege am Campus Virchow-Klinikum (CVK) der Charit\u00e9-Universit\u00e4tsmedizin in Berlin statt. Die Veranstaltung, die vom Pflegepraxiszentrum (PPZ) Berlin ausgerichtet wurde, zog \u00fcber 200 Teilnehmende aus verschiedenen Bereichen der Forschung, Pflege- und Gesundheitsversorgung an. Ziel der Konferenz war es, den Austausch \u00fcber die neuesten Entwicklungen in der Digitalisierung und technologische Innovationen sowie die daraus resultierenden Anforderungen f\u00fcr die Pflegepraxis und -wissenschaft zu f\u00f6rdern und gemeinsam an der Zukunft der Pflege zu arbeiten. Das vom Bundesministerium f\u00fcr Bildung und Forschung (BMBF) gef\u00f6rderte Cluster bringt seit 2017 soziale und technologische Innovationen in der Pflege zusammen und leistet damit einen wichtigen Beitrag zur wirksamen und nachhaltigen Verbesserung der Pflegequalit\u00e4t sowie zur Bew\u00e4ltigung der wachsenden Herausforderungen des Fachkr\u00e4ftemangels.<\/strong><\/p>\n<\/div><\/div><\/div><div class=\"fusion-layout-column fusion_builder_column fusion-builder-column-1 fusion_builder_column_1_4 1_4 fusion-flex-column\" style=\"--awb-padding-top:15px;--awb-padding-right:15px;--awb-padding-bottom:15px;--awb-padding-left:15px;--awb-overflow:hidden;--awb-bg-color:#90b727;--awb-bg-color-hover:#90b727;--awb-bg-size:cover;--awb-box-shadow: 0px 0px ;;--awb-border-radius:15px 15px 15px 15px;--awb-width-large:25%;--awb-margin-top-large:0px;--awb-spacing-right-large:7.68%;--awb-margin-bottom-large:20px;--awb-spacing-left-large:7.68%;--awb-width-medium:100%;--awb-order-medium:0;--awb-spacing-right-medium:1.92%;--awb-spacing-left-medium:1.92%;--awb-width-small:100%;--awb-order-small:0;--awb-spacing-right-small:1.92%;--awb-spacing-left-small:1.92%;\" data-scroll-devices=\"small-visibility,medium-visibility,large-visibility\"><div class=\"fusion-column-wrapper fusion-column-has-shadow fusion-flex-justify-content-flex-start fusion-content-layout-column\"><div class=\"fusion-title title fusion-title-2 fusion-sep-none fusion-title-center fusion-title-text fusion-title-size-three\" style=\"--awb-text-color:#ffffff;--awb-margin-top-small:0px;--awb-margin-right-small:0px;--awb-margin-bottom-small:20px;--awb-margin-left-small:0px;\"><h3 class=\"fusion-title-heading title-heading-center fusion-responsive-typography-calculated\" style=\"margin:0;--fontSize:26;line-height:1.62;\">Konferenzband<\/h3><\/div><div class=\"fusion-image-element \" style=\"--awb-caption-title-font-family:var(--h2_typography-font-family);--awb-caption-title-font-weight:var(--h2_typography-font-weight);--awb-caption-title-font-style:var(--h2_typography-font-style);--awb-caption-title-size:var(--h2_typography-font-size);--awb-caption-title-transform:var(--h2_typography-text-transform);--awb-caption-title-line-height:var(--h2_typography-line-height);--awb-caption-title-letter-spacing:var(--h2_typography-letter-spacing);\"><span class=\" fusion-imageframe imageframe-none imageframe-1 hover-type-none\"><a class=\"fusion-no-lightbox\" href=\"https:\/\/www.cluster-zukunft-der-pflege.de\/wp-content\/uploads\/2025\/04\/250404_Konferenzband_Clusterkonferenz.pdf\" target=\"_blank\" aria-label=\"250313_Konferenzband_Clusterkonferenz\" rel=\"noopener noreferrer\"><img decoding=\"async\" width=\"595\" height=\"842\" src=\"https:\/\/www.cluster-zukunft-der-pflege.de\/wp-content\/uploads\/2025\/03\/250313_Konferenzband_Clusterkonferenz.png\" alt class=\"img-responsive wp-image-2960\" srcset=\"https:\/\/www.cluster-zukunft-der-pflege.de\/wp-content\/uploads\/2025\/03\/250313_Konferenzband_Clusterkonferenz-200x283.png 200w, https:\/\/www.cluster-zukunft-der-pflege.de\/wp-content\/uploads\/2025\/03\/250313_Konferenzband_Clusterkonferenz-400x566.png 400w, https:\/\/www.cluster-zukunft-der-pflege.de\/wp-content\/uploads\/2025\/03\/250313_Konferenzband_Clusterkonferenz.png 595w\" sizes=\"(max-width: 1024px) 100vw, (max-width: 640px) 100vw, 400px\" \/><\/a><\/span><\/div><\/div><\/div><div class=\"fusion-layout-column fusion_builder_column fusion-builder-column-2 fusion_builder_column_1_1 1_1 fusion-flex-column\" style=\"--awb-bg-size:cover;--awb-width-large:100%;--awb-margin-top-large:0px;--awb-spacing-right-large:1.92%;--awb-margin-bottom-large:20px;--awb-spacing-left-large:1.92%;--awb-width-medium:100%;--awb-order-medium:0;--awb-spacing-right-medium:1.92%;--awb-spacing-left-medium:1.92%;--awb-width-small:100%;--awb-order-small:0;--awb-spacing-right-small:1.92%;--awb-spacing-left-small:1.92%;\"><div class=\"fusion-column-wrapper fusion-column-has-shadow fusion-flex-justify-content-flex-start fusion-content-layout-column\"><div class=\"fusion-text fusion-text-2\"><p><strong>Motto und Themenschwerpunkte<\/strong><\/p>\n<p>Unter dem Motto \u201ePflegeZukunft menschlich gestalten \u2013 Erfolgreicher Transfer und Kompetenzentwicklung\u201c wurden im Rahmen der Clusterkonferenz zentrale Themen verfolgt, die f\u00fcr die Weiterentwicklung der Pflege von entscheidender Bedeutung sind. Die Schwerpunkte umfassten technologische Innovationen in der Pflege, die Kompetenzentwicklung im Kontext der digitalen Transformation, ethische Fragestellungen sowie den Wissenstransfer und die Implementierung neuer Technologien in die Praxis.<\/p>\n<p><strong>Programm und Formate<\/strong><\/p>\n<p>Die Konferenz bot ein abwechslungsreiches Programm, das den Teilnehmenden zahlreiche M\u00f6glichkeiten zum Austausch und zur Diskussion bot. Impulsvortr\u00e4ge, Posterausstellung, Short-Paper-Sessions, World-Caf\u00e9s, Salongespr\u00e4ch und Workshops erm\u00f6glichten es den Teilnehmenden, sich aktiv einzubringen und ihre Perspektiven zu teilen.<\/p>\n<p>Er\u00f6ffnet wurde die Veranstaltung durch Sibylle Quenett, Referatsleiterin \u201eInteraktive Technologien f\u00fcr Gesundheit und Lebensqualit\u00e4t; Medizintechnik\u201c im Bundesministerium f\u00fcr Bildung und Forschung sowie durch Kolleginnen der Charit\u00e9 \u2013 Universit\u00e4tsmedizin Berlin: Frau Carla Eysel, Prof.in Dr.in M\u00fcller-Werdan und Dr.in Sandra Strube-Lahmann. Besondere Impulse und wertvolle Anregungen f\u00fcr die eigene Praxis boten die Keynote-Vortr\u00e4ge hochkar\u00e4tiger Expert:innen, die zentrale Zukunftsthemen der Pflege beleuchteten. Christine Vogler, Pr\u00e4sidentin des Deutscher Pflegerat (DPR), stellte die Herausforderungen und Chancen technologischer Innovationen in der ambulanten und intersektoralen Versorgung aus berufspolitischer Perspektive dar und bot eine pr\u00e4zise Standortbestimmung. Sascha Sa\u00dfen, langj\u00e4hriger Leiter des Bereichs Zentrales Qualit\u00e4tsmanagement &amp; Ethik der Korian Deutschland GmbH, zeigte auf, wie die digitale Transformation Ver\u00e4nderungsprozesse in der ambulanten Versorgung vorantreibt. Olaf Meyer, Handelsbeauftragter der d\u00e4nischen Botschaft Berlin, gew\u00e4hrte einen internationalen Blick auf die digitale Zukunft der Pflege und pr\u00e4sentierte die fortschrittlichen Strukturen des d\u00e4nischen Gesundheitswesens.<\/p>\n<p><strong>Networking und Austausch<\/strong><\/p>\n<p>Im Rahmen der Konferenz fanden Vortragssessions zu Schwerpunkten wie technologischen Innovationen in der intersektoralen Versorgung, Kompetenzentwicklung, Ethik, Gesundheits\u00f6konomie sowie Wissenstransfer und Implementierung statt. Ebenso wurden in Workshops zu inhaltlichen Themen wie strukturellen Herausforderungen und Perspektiven in der Kompetenzentwicklung erarbeitet sowie Input zu aktuellen Entwicklungen in der Telematikinfrastruktur und dessen Auswirkungen auf die Pflege geliefert.\u00a0 Die Konferenz bot nicht nur eine Plattform f\u00fcr die Vorstellung aktueller (Forschungs-)Ergebnisse im Rahmen von Fachvortr\u00e4gen, sondern auch zahlreiche Gelegenheiten zum Networking. Die Teilnehmenden, darunter Wissenschaftler:innen, Politiker:innen, Praktiker:innen sowie Studierende und Auszubildende, nutzten die Konferenz f\u00fcr informelle Treffen, um Kontakte zu kn\u00fcpfen und Ideen auszutauschen. Die Atmosph\u00e4re war gepr\u00e4gt von Offenheit und dem gemeinsamen Ziel, die Pflege zukunftsf\u00e4hig gestalten zu wollen.<\/p>\n<p><strong>Vorgeschalteter D-A-CH-Austausch<\/strong><\/p>\n<p>Vorgeschaltet zur Clusterkonferenz fand am 10. M\u00e4rz 2025 der 1. D-A-CH-Austausch statt, der thematisch eng mit der Clusterkonferenz verbunden war. \u00a0Diese Veranstaltung wurde von und mit der Sektion Hochschulische Pflegebildung der Deutsche Gesellschaft f\u00fcr Pflegewissenschaft (DGP) initiiert und organisiert. Sie fand in den R\u00e4umlichkeiten der Charit\u00e9-Universit\u00e4tsmedizin statt. Prof.in Dr.in Andrea Brenner von der Ostschweizer Fachhochschule und PhD Simon Krutter von der Paracelsus Medizinischen Universit\u00e4t in Salzburg sowie Dr.in Sandra Strube-Lahmann stellten den \u00fcberarbeiteten One-Pager (Pflege braucht Qualit\u00e4t &#8211; One-pager zu Ma\u00dfnahmen zur F\u00f6rderung der Ausbildung und zum Einsatz akademisch qualifizierter Pflegefachpersonen) in aktualisierter zweiter Auflage vor.<\/p>\n<p>Im Rahmen der anschlie\u00dfenden Clusterkonferenz diskutierten sie als Expert:innen mit Teilnehmenden \u00fcber Beitr\u00e4ge und Poster aus den Themenbereichen berufliche und akademische Pflegeausbildung, Kompetenzentwicklung und curriculare Strukturen sowie Digitalisierung, technologische Innovationen und k\u00fcnstliche Intelligenz in der hochschulischen Pflegeausbildung. Dem D-A-CH-Austausch war somit der inhaltliche Schulterschluss zur Clusterkonferenz gelungen. Die erste Resonanz ist sehr positiv ausgefallen. Folglich soll dieser Austausch verstetigt werden. Der 2. D-A-CH-Austausch wird im Fr\u00fchjahr 2026 abermals an der Charit\u00e9 stattfinden.<\/p>\n<p><strong>Ergebnisse und Ausblick<\/strong><\/p>\n<p>Die Clusterkonferenz 2025 war ein gro\u00dfer Erfolg und hat wichtige Impulse f\u00fcr die Weiterentwicklung der Pflege gegeben. Die Diskussionen und Erkenntnisse werden in die zuk\u00fcnftige Arbeit des Cluster Zukunft der Pflege 2.0 einflie\u00dfen. Die Teilnehmenden betonten die Notwendigkeit, den Menschen in den Mittelpunkt aller technologischen Entwicklungen zu stellen und sicherzustellen, dass Innovationen die Pflegequalit\u00e4t verbessern und die Bed\u00fcrfnisse der Pflegebed\u00fcrftigen ber\u00fccksichtigen. Dar\u00fcber hinaus kann festgehalten werden, dass Digitalisierung und technologische Innovationen nicht bedeuten sollten, alte Strukturen und Prozesse zu ersetzen, sondern dass eine Orientierung entlang den Bedarfen der Pflegepraxis ansetzen muss, wobei ethische Fragestellungen im Zuge der Digitalisierung ber\u00fccksichtigt werden m\u00fcssen.<\/p>\n<p>Die Evaluationsergebnisse der 7. Clusterkonferenz waren ausgesprochen positiv. Besonders hervorgehoben wurden die Keynotes sowie die 10-min\u00fctigen Short-Paper-Sessions als beliebte Veranstaltungsformate.<\/p>\n<p><strong>Fazit<\/strong><br \/>\nDie Clusterkonferenz 2025 in Berlin hat eindrucksvoll gezeigt, wie wichtig der Austausch zwischen verschiedenen Akteuren im Gesundheitswesen ist. Die engagierten Diskussionen und die Vielzahl an Perspektiven haben dazu beigetragen, konkrete Schritte f\u00fcr die Zukunft der Pflege zu skizzieren. Wir freuen uns auf die <strong>n\u00e4chste Konferenz am 10.03-11.03.2026 in N\u00fcrnberg <\/strong>und darauf, gemeinsam mit Ihnen die Zukunft der Pflege weiter zu gestalten. Seien Sie dabei und bringen Sie Ihre Ideen ein!<\/p>\n<\/div><div ><a class=\"fusion-button button-flat fusion-button-default-size button-custom fusion-button-default button-1 fusion-button-default-span fusion-button-default-type\" style=\"--button_accent_color:#90b727;--button_accent_hover_color:#ffffff;--button_border_hover_color:#ffffff;--button_gradient_top_color:rgba(101,188,123,0);--button_gradient_bottom_color:rgba(101,188,123,0);--button_gradient_top_color_hover:#5aa86c;--button_gradient_bottom_color_hover:#5aa86c;--button_text_transform:var(--awb-typography3-text-transform);--button_font_size:var(--awb-typography3-font-size);--button_line_height:var(--awb-typography3-line-height);--button_typography-letter-spacing:var(--awb-typography3-letter-spacing);--button_typography-font-family:var(--awb-typography3-font-family);--button_typography-font-weight:var(--awb-typography3-font-weight);--button_typography-font-style:var(--awb-typography3-font-style);\" target=\"_blank\" rel=\"noopener noreferrer\" href=\"https:\/\/www.interaktive-technologien.de\/service\/aktuelles\/pflegezukunft-menschlich-gestalten-erfolgreicher-transfer-und-kompetenzentwicklung\"><span class=\"fusion-button-text awb-button__text awb-button__text--default\">Bericht des BMBF<\/span><\/a><\/div><div ><a class=\"fusion-button button-flat fusion-button-default-size button-custom fusion-button-default button-2 fusion-button-default-span fusion-button-default-type\" style=\"--button_accent_color:#90b727;--button_accent_hover_color:#ffffff;--button_border_hover_color:#ffffff;--button_gradient_top_color:rgba(101,188,123,0);--button_gradient_bottom_color:rgba(101,188,123,0);--button_gradient_top_color_hover:#5aa86c;--button_gradient_bottom_color_hover:#5aa86c;--button_text_transform:var(--awb-typography3-text-transform);--button_font_size:var(--awb-typography3-font-size);--button_line_height:var(--awb-typography3-line-height);--button_typography-letter-spacing:var(--awb-typography3-letter-spacing);--button_typography-font-family:var(--awb-typography3-font-family);--button_typography-font-weight:var(--awb-typography3-font-weight);--button_typography-font-style:var(--awb-typography3-font-style);\" target=\"_blank\" rel=\"noopener noreferrer\" href=\"https:\/\/geriatrie.charite.de\/fileadmin\/user_upload\/microsites\/m_cc13\/geriatrie\/Bild_Videomatrerial_Cluster_2025\/Clusterkonferenz2025_mitLogo.mp4\"><span class=\"fusion-button-text awb-button__text awb-button__text--default\">R\u00fcckblick-Video<\/span><\/a><\/div><div class=\"fusion-image-carousel fusion-image-carousel-auto fusion-image-carousel-1\"><div class=\"awb-carousel awb-swiper awb-swiper-carousel awb-carousel--carousel awb-swiper-dots-position-bottom\" data-layout=\"carousel\" data-autoplay=\"no\" data-autoplayspeed=\"2500\" data-autoplaypause=\"no\" data-loop=\"yes\" data-columns=\"4\" data-columnsmedium=\"1\" data-columnssmall=\"1\" data-itemmargin=\"13\" data-itemwidth=\"180\" data-touchscroll=\"no\" data-freemode=\"no\" data-imagesize=\"auto\" data-scrollitems=\"0\" data-centeredslides=\"no\" data-rotationangle=\"50\" data-depth=\"100\" data-speed=\"500\" data-shadow=\"no\" data-pagination=\"bullets\" style=\"--awb-columns:4;\"><div class=\"swiper-wrapper awb-image-carousel-wrapper fusion-flex-align-items-center\"><div class=\"swiper-slide\"><div class=\"fusion-carousel-item-wrapper\"><div class=\"fusion-image-wrapper hover-type-liftup\"><img decoding=\"async\" width=\"2560\" height=\"1707\" src=\"https:\/\/www.cluster-zukunft-der-pflege.de\/wp-content\/uploads\/2025\/03\/DSC_5561-scaled.jpg\" class=\"attachment-full size-full\" alt=\"\" srcset=\"https:\/\/www.cluster-zukunft-der-pflege.de\/wp-content\/uploads\/2025\/03\/DSC_5561-200x133.jpg 200w, https:\/\/www.cluster-zukunft-der-pflege.de\/wp-content\/uploads\/2025\/03\/DSC_5561-400x267.jpg 400w, https:\/\/www.cluster-zukunft-der-pflege.de\/wp-content\/uploads\/2025\/03\/DSC_5561-600x400.jpg 600w, https:\/\/www.cluster-zukunft-der-pflege.de\/wp-content\/uploads\/2025\/03\/DSC_5561-800x533.jpg 800w, https:\/\/www.cluster-zukunft-der-pflege.de\/wp-content\/uploads\/2025\/03\/DSC_5561-1200x800.jpg 1200w, https:\/\/www.cluster-zukunft-der-pflege.de\/wp-content\/uploads\/2025\/03\/DSC_5561-scaled.jpg 2560w\" sizes=\"(min-width: 2200px) 100vw, (min-width: 915px) 315px, (min-width: 824px) 420px, (min-width: 732px) 631px, (min-width: 640px) 732px, \" \/><\/div><\/div><\/div><div class=\"swiper-slide\"><div class=\"fusion-carousel-item-wrapper\"><div class=\"fusion-image-wrapper hover-type-liftup\"><img decoding=\"async\" width=\"2560\" height=\"1707\" src=\"https:\/\/www.cluster-zukunft-der-pflege.de\/wp-content\/uploads\/2025\/03\/DSC_5622-scaled.jpg\" class=\"attachment-full size-full\" alt=\"\" srcset=\"https:\/\/www.cluster-zukunft-der-pflege.de\/wp-content\/uploads\/2025\/03\/DSC_5622-200x133.jpg 200w, https:\/\/www.cluster-zukunft-der-pflege.de\/wp-content\/uploads\/2025\/03\/DSC_5622-400x267.jpg 400w, https:\/\/www.cluster-zukunft-der-pflege.de\/wp-content\/uploads\/2025\/03\/DSC_5622-600x400.jpg 600w, https:\/\/www.cluster-zukunft-der-pflege.de\/wp-content\/uploads\/2025\/03\/DSC_5622-800x533.jpg 800w, https:\/\/www.cluster-zukunft-der-pflege.de\/wp-content\/uploads\/2025\/03\/DSC_5622-1200x800.jpg 1200w, https:\/\/www.cluster-zukunft-der-pflege.de\/wp-content\/uploads\/2025\/03\/DSC_5622-scaled.jpg 2560w\" sizes=\"(min-width: 2200px) 100vw, (min-width: 915px) 315px, (min-width: 824px) 420px, (min-width: 732px) 631px, (min-width: 640px) 732px, \" \/><\/div><\/div><\/div><div class=\"swiper-slide\"><div class=\"fusion-carousel-item-wrapper\"><div class=\"fusion-image-wrapper hover-type-liftup\"><img decoding=\"async\" width=\"2560\" height=\"1707\" src=\"https:\/\/www.cluster-zukunft-der-pflege.de\/wp-content\/uploads\/2025\/03\/DSC_5687-scaled.jpg\" class=\"attachment-full size-full\" alt=\"\" srcset=\"https:\/\/www.cluster-zukunft-der-pflege.de\/wp-content\/uploads\/2025\/03\/DSC_5687-200x133.jpg 200w, https:\/\/www.cluster-zukunft-der-pflege.de\/wp-content\/uploads\/2025\/03\/DSC_5687-400x267.jpg 400w, https:\/\/www.cluster-zukunft-der-pflege.de\/wp-content\/uploads\/2025\/03\/DSC_5687-600x400.jpg 600w, https:\/\/www.cluster-zukunft-der-pflege.de\/wp-content\/uploads\/2025\/03\/DSC_5687-800x533.jpg 800w, https:\/\/www.cluster-zukunft-der-pflege.de\/wp-content\/uploads\/2025\/03\/DSC_5687-1200x800.jpg 1200w, https:\/\/www.cluster-zukunft-der-pflege.de\/wp-content\/uploads\/2025\/03\/DSC_5687-scaled.jpg 2560w\" sizes=\"(min-width: 2200px) 100vw, (min-width: 915px) 315px, (min-width: 824px) 420px, (min-width: 732px) 631px, (min-width: 640px) 732px, \" \/><\/div><\/div><\/div><div class=\"swiper-slide\"><div class=\"fusion-carousel-item-wrapper\"><div class=\"fusion-image-wrapper hover-type-liftup\"><img decoding=\"async\" width=\"2560\" height=\"1707\" src=\"https:\/\/www.cluster-zukunft-der-pflege.de\/wp-content\/uploads\/2025\/03\/DSC_5734-scaled.jpg\" class=\"attachment-full size-full\" alt=\"\" srcset=\"https:\/\/www.cluster-zukunft-der-pflege.de\/wp-content\/uploads\/2025\/03\/DSC_5734-200x133.jpg 200w, https:\/\/www.cluster-zukunft-der-pflege.de\/wp-content\/uploads\/2025\/03\/DSC_5734-400x267.jpg 400w, https:\/\/www.cluster-zukunft-der-pflege.de\/wp-content\/uploads\/2025\/03\/DSC_5734-600x400.jpg 600w, https:\/\/www.cluster-zukunft-der-pflege.de\/wp-content\/uploads\/2025\/03\/DSC_5734-800x533.jpg 800w, https:\/\/www.cluster-zukunft-der-pflege.de\/wp-content\/uploads\/2025\/03\/DSC_5734-1200x800.jpg 1200w, https:\/\/www.cluster-zukunft-der-pflege.de\/wp-content\/uploads\/2025\/03\/DSC_5734-scaled.jpg 2560w\" sizes=\"(min-width: 2200px) 100vw, (min-width: 915px) 315px, (min-width: 824px) 420px, (min-width: 732px) 631px, (min-width: 640px) 732px, \" \/><\/div><\/div><\/div><div class=\"swiper-slide\"><div class=\"fusion-carousel-item-wrapper\"><div class=\"fusion-image-wrapper hover-type-liftup\"><img decoding=\"async\" width=\"2560\" height=\"1707\" src=\"https:\/\/www.cluster-zukunft-der-pflege.de\/wp-content\/uploads\/2025\/03\/DSC_5746-scaled.jpg\" class=\"attachment-full size-full\" alt=\"\" srcset=\"https:\/\/www.cluster-zukunft-der-pflege.de\/wp-content\/uploads\/2025\/03\/DSC_5746-200x133.jpg 200w, https:\/\/www.cluster-zukunft-der-pflege.de\/wp-content\/uploads\/2025\/03\/DSC_5746-400x267.jpg 400w, https:\/\/www.cluster-zukunft-der-pflege.de\/wp-content\/uploads\/2025\/03\/DSC_5746-600x400.jpg 600w, https:\/\/www.cluster-zukunft-der-pflege.de\/wp-content\/uploads\/2025\/03\/DSC_5746-800x533.jpg 800w, https:\/\/www.cluster-zukunft-der-pflege.de\/wp-content\/uploads\/2025\/03\/DSC_5746-1200x800.jpg 1200w, https:\/\/www.cluster-zukunft-der-pflege.de\/wp-content\/uploads\/2025\/03\/DSC_5746-scaled.jpg 2560w\" sizes=\"(min-width: 2200px) 100vw, (min-width: 915px) 315px, (min-width: 824px) 420px, (min-width: 732px) 631px, (min-width: 640px) 732px, \" \/><\/div><\/div><\/div><div class=\"swiper-slide\"><div class=\"fusion-carousel-item-wrapper\"><div class=\"fusion-image-wrapper hover-type-liftup\"><img decoding=\"async\" width=\"2560\" height=\"1707\" src=\"https:\/\/www.cluster-zukunft-der-pflege.de\/wp-content\/uploads\/2025\/03\/DSC_5756-scaled.jpg\" class=\"attachment-full size-full\" alt=\"\" srcset=\"https:\/\/www.cluster-zukunft-der-pflege.de\/wp-content\/uploads\/2025\/03\/DSC_5756-200x133.jpg 200w, https:\/\/www.cluster-zukunft-der-pflege.de\/wp-content\/uploads\/2025\/03\/DSC_5756-400x267.jpg 400w, https:\/\/www.cluster-zukunft-der-pflege.de\/wp-content\/uploads\/2025\/03\/DSC_5756-600x400.jpg 600w, https:\/\/www.cluster-zukunft-der-pflege.de\/wp-content\/uploads\/2025\/03\/DSC_5756-800x533.jpg 800w, https:\/\/www.cluster-zukunft-der-pflege.de\/wp-content\/uploads\/2025\/03\/DSC_5756-1200x800.jpg 1200w, https:\/\/www.cluster-zukunft-der-pflege.de\/wp-content\/uploads\/2025\/03\/DSC_5756-scaled.jpg 2560w\" sizes=\"(min-width: 2200px) 100vw, (min-width: 915px) 315px, (min-width: 824px) 420px, (min-width: 732px) 631px, (min-width: 640px) 732px, \" \/><\/div><\/div><\/div><div class=\"swiper-slide\"><div class=\"fusion-carousel-item-wrapper\"><div class=\"fusion-image-wrapper hover-type-liftup\"><img decoding=\"async\" width=\"2560\" height=\"1707\" src=\"https:\/\/www.cluster-zukunft-der-pflege.de\/wp-content\/uploads\/2025\/03\/DSC_5779-scaled.jpg\" class=\"attachment-full size-full\" alt=\"\" srcset=\"https:\/\/www.cluster-zukunft-der-pflege.de\/wp-content\/uploads\/2025\/03\/DSC_5779-200x133.jpg 200w, https:\/\/www.cluster-zukunft-der-pflege.de\/wp-content\/uploads\/2025\/03\/DSC_5779-400x267.jpg 400w, https:\/\/www.cluster-zukunft-der-pflege.de\/wp-content\/uploads\/2025\/03\/DSC_5779-600x400.jpg 600w, https:\/\/www.cluster-zukunft-der-pflege.de\/wp-content\/uploads\/2025\/03\/DSC_5779-800x533.jpg 800w, https:\/\/www.cluster-zukunft-der-pflege.de\/wp-content\/uploads\/2025\/03\/DSC_5779-1200x800.jpg 1200w, https:\/\/www.cluster-zukunft-der-pflege.de\/wp-content\/uploads\/2025\/03\/DSC_5779-scaled.jpg 2560w\" sizes=\"(min-width: 2200px) 100vw, (min-width: 915px) 315px, (min-width: 824px) 420px, (min-width: 732px) 631px, (min-width: 640px) 732px, \" \/><\/div><\/div><\/div><div class=\"swiper-slide\"><div class=\"fusion-carousel-item-wrapper\"><div class=\"fusion-image-wrapper hover-type-liftup\"><img decoding=\"async\" width=\"2560\" height=\"1707\" src=\"https:\/\/www.cluster-zukunft-der-pflege.de\/wp-content\/uploads\/2025\/03\/DSC_5793-scaled.jpg\" class=\"attachment-full size-full\" alt=\"\" srcset=\"https:\/\/www.cluster-zukunft-der-pflege.de\/wp-content\/uploads\/2025\/03\/DSC_5793-200x133.jpg 200w, https:\/\/www.cluster-zukunft-der-pflege.de\/wp-content\/uploads\/2025\/03\/DSC_5793-400x267.jpg 400w, https:\/\/www.cluster-zukunft-der-pflege.de\/wp-content\/uploads\/2025\/03\/DSC_5793-600x400.jpg 600w, https:\/\/www.cluster-zukunft-der-pflege.de\/wp-content\/uploads\/2025\/03\/DSC_5793-800x533.jpg 800w, https:\/\/www.cluster-zukunft-der-pflege.de\/wp-content\/uploads\/2025\/03\/DSC_5793-1200x800.jpg 1200w, https:\/\/www.cluster-zukunft-der-pflege.de\/wp-content\/uploads\/2025\/03\/DSC_5793-scaled.jpg 2560w\" sizes=\"(min-width: 2200px) 100vw, (min-width: 915px) 315px, (min-width: 824px) 420px, (min-width: 732px) 631px, (min-width: 640px) 732px, \" \/><\/div><\/div><\/div><div class=\"swiper-slide\"><div class=\"fusion-carousel-item-wrapper\"><div class=\"fusion-image-wrapper hover-type-liftup\"><img decoding=\"async\" width=\"2560\" height=\"1707\" src=\"https:\/\/www.cluster-zukunft-der-pflege.de\/wp-content\/uploads\/2025\/03\/DSC_5807-scaled.jpg\" class=\"attachment-full size-full\" alt=\"\" srcset=\"https:\/\/www.cluster-zukunft-der-pflege.de\/wp-content\/uploads\/2025\/03\/DSC_5807-200x133.jpg 200w, https:\/\/www.cluster-zukunft-der-pflege.de\/wp-content\/uploads\/2025\/03\/DSC_5807-400x267.jpg 400w, https:\/\/www.cluster-zukunft-der-pflege.de\/wp-content\/uploads\/2025\/03\/DSC_5807-600x400.jpg 600w, https:\/\/www.cluster-zukunft-der-pflege.de\/wp-content\/uploads\/2025\/03\/DSC_5807-800x533.jpg 800w, https:\/\/www.cluster-zukunft-der-pflege.de\/wp-content\/uploads\/2025\/03\/DSC_5807-1200x800.jpg 1200w, https:\/\/www.cluster-zukunft-der-pflege.de\/wp-content\/uploads\/2025\/03\/DSC_5807-scaled.jpg 2560w\" sizes=\"(min-width: 2200px) 100vw, (min-width: 915px) 315px, (min-width: 824px) 420px, (min-width: 732px) 631px, (min-width: 640px) 732px, \" \/><\/div><\/div><\/div><div class=\"swiper-slide\"><div class=\"fusion-carousel-item-wrapper\"><div class=\"fusion-image-wrapper hover-type-liftup\"><img decoding=\"async\" width=\"2560\" height=\"1706\" src=\"https:\/\/www.cluster-zukunft-der-pflege.de\/wp-content\/uploads\/2025\/03\/DSC_5830-scaled.jpg\" class=\"attachment-full size-full\" alt=\"\" srcset=\"https:\/\/www.cluster-zukunft-der-pflege.de\/wp-content\/uploads\/2025\/03\/DSC_5830-200x133.jpg 200w, https:\/\/www.cluster-zukunft-der-pflege.de\/wp-content\/uploads\/2025\/03\/DSC_5830-400x267.jpg 400w, https:\/\/www.cluster-zukunft-der-pflege.de\/wp-content\/uploads\/2025\/03\/DSC_5830-600x400.jpg 600w, https:\/\/www.cluster-zukunft-der-pflege.de\/wp-content\/uploads\/2025\/03\/DSC_5830-800x533.jpg 800w, https:\/\/www.cluster-zukunft-der-pflege.de\/wp-content\/uploads\/2025\/03\/DSC_5830-1200x800.jpg 1200w, https:\/\/www.cluster-zukunft-der-pflege.de\/wp-content\/uploads\/2025\/03\/DSC_5830-scaled.jpg 2560w\" sizes=\"(min-width: 2200px) 100vw, (min-width: 915px) 315px, (min-width: 824px) 420px, (min-width: 732px) 631px, (min-width: 640px) 732px, \" \/><\/div><\/div><\/div><div class=\"swiper-slide\"><div class=\"fusion-carousel-item-wrapper\"><div class=\"fusion-image-wrapper hover-type-liftup\"><img decoding=\"async\" width=\"2560\" height=\"1707\" src=\"https:\/\/www.cluster-zukunft-der-pflege.de\/wp-content\/uploads\/2025\/03\/DSC_5834-scaled.jpg\" class=\"attachment-full size-full\" alt=\"\" srcset=\"https:\/\/www.cluster-zukunft-der-pflege.de\/wp-content\/uploads\/2025\/03\/DSC_5834-200x133.jpg 200w, https:\/\/www.cluster-zukunft-der-pflege.de\/wp-content\/uploads\/2025\/03\/DSC_5834-400x267.jpg 400w, https:\/\/www.cluster-zukunft-der-pflege.de\/wp-content\/uploads\/2025\/03\/DSC_5834-600x400.jpg 600w, https:\/\/www.cluster-zukunft-der-pflege.de\/wp-content\/uploads\/2025\/03\/DSC_5834-800x533.jpg 800w, https:\/\/www.cluster-zukunft-der-pflege.de\/wp-content\/uploads\/2025\/03\/DSC_5834-1200x800.jpg 1200w, https:\/\/www.cluster-zukunft-der-pflege.de\/wp-content\/uploads\/2025\/03\/DSC_5834-scaled.jpg 2560w\" sizes=\"(min-width: 2200px) 100vw, (min-width: 915px) 315px, (min-width: 824px) 420px, (min-width: 732px) 631px, (min-width: 640px) 732px, \" \/><\/div><\/div><\/div><div class=\"swiper-slide\"><div class=\"fusion-carousel-item-wrapper\"><div class=\"fusion-image-wrapper hover-type-liftup\"><img decoding=\"async\" width=\"2560\" height=\"1920\" src=\"https:\/\/www.cluster-zukunft-der-pflege.de\/wp-content\/uploads\/2025\/03\/20250311-IMG_2779-2-scaled.jpg\" class=\"attachment-full size-full\" alt=\"\" srcset=\"https:\/\/www.cluster-zukunft-der-pflege.de\/wp-content\/uploads\/2025\/03\/20250311-IMG_2779-2-200x150.jpg 200w, https:\/\/www.cluster-zukunft-der-pflege.de\/wp-content\/uploads\/2025\/03\/20250311-IMG_2779-2-400x300.jpg 400w, https:\/\/www.cluster-zukunft-der-pflege.de\/wp-content\/uploads\/2025\/03\/20250311-IMG_2779-2-600x450.jpg 600w, https:\/\/www.cluster-zukunft-der-pflege.de\/wp-content\/uploads\/2025\/03\/20250311-IMG_2779-2-800x600.jpg 800w, https:\/\/www.cluster-zukunft-der-pflege.de\/wp-content\/uploads\/2025\/03\/20250311-IMG_2779-2-1200x900.jpg 1200w, https:\/\/www.cluster-zukunft-der-pflege.de\/wp-content\/uploads\/2025\/03\/20250311-IMG_2779-2-scaled.jpg 2560w\" sizes=\"(min-width: 2200px) 100vw, (min-width: 915px) 315px, (min-width: 824px) 420px, (min-width: 732px) 631px, (min-width: 640px) 732px, \" \/><\/div><\/div><\/div><div class=\"swiper-slide\"><div class=\"fusion-carousel-item-wrapper\"><div class=\"fusion-image-wrapper hover-type-liftup\"><img decoding=\"async\" width=\"1920\" height=\"2560\" src=\"https:\/\/www.cluster-zukunft-der-pflege.de\/wp-content\/uploads\/2025\/03\/20250311-IMG_2781-2-scaled.jpg\" class=\"attachment-full size-full\" alt=\"\" srcset=\"https:\/\/www.cluster-zukunft-der-pflege.de\/wp-content\/uploads\/2025\/03\/20250311-IMG_2781-2-200x267.jpg 200w, https:\/\/www.cluster-zukunft-der-pflege.de\/wp-content\/uploads\/2025\/03\/20250311-IMG_2781-2-400x533.jpg 400w, https:\/\/www.cluster-zukunft-der-pflege.de\/wp-content\/uploads\/2025\/03\/20250311-IMG_2781-2-600x800.jpg 600w, https:\/\/www.cluster-zukunft-der-pflege.de\/wp-content\/uploads\/2025\/03\/20250311-IMG_2781-2-800x1067.jpg 800w, https:\/\/www.cluster-zukunft-der-pflege.de\/wp-content\/uploads\/2025\/03\/20250311-IMG_2781-2-1200x1600.jpg 1200w, https:\/\/www.cluster-zukunft-der-pflege.de\/wp-content\/uploads\/2025\/03\/20250311-IMG_2781-2-scaled.jpg 1920w\" sizes=\"(min-width: 2200px) 100vw, (min-width: 915px) 315px, (min-width: 824px) 420px, (min-width: 732px) 631px, (min-width: 640px) 732px, \" \/><\/div><\/div><\/div><div class=\"swiper-slide\"><div class=\"fusion-carousel-item-wrapper\"><div class=\"fusion-image-wrapper hover-type-liftup\"><img decoding=\"async\" width=\"2560\" height=\"1920\" src=\"https:\/\/www.cluster-zukunft-der-pflege.de\/wp-content\/uploads\/2025\/03\/20250311-IMG_2788-2-2-scaled.jpg\" class=\"attachment-full size-full\" alt=\"\" srcset=\"https:\/\/www.cluster-zukunft-der-pflege.de\/wp-content\/uploads\/2025\/03\/20250311-IMG_2788-2-2-200x150.jpg 200w, https:\/\/www.cluster-zukunft-der-pflege.de\/wp-content\/uploads\/2025\/03\/20250311-IMG_2788-2-2-400x300.jpg 400w, https:\/\/www.cluster-zukunft-der-pflege.de\/wp-content\/uploads\/2025\/03\/20250311-IMG_2788-2-2-600x450.jpg 600w, https:\/\/www.cluster-zukunft-der-pflege.de\/wp-content\/uploads\/2025\/03\/20250311-IMG_2788-2-2-800x600.jpg 800w, https:\/\/www.cluster-zukunft-der-pflege.de\/wp-content\/uploads\/2025\/03\/20250311-IMG_2788-2-2-1200x900.jpg 1200w, https:\/\/www.cluster-zukunft-der-pflege.de\/wp-content\/uploads\/2025\/03\/20250311-IMG_2788-2-2-scaled.jpg 2560w\" sizes=\"(min-width: 2200px) 100vw, (min-width: 915px) 315px, (min-width: 824px) 420px, (min-width: 732px) 631px, (min-width: 640px) 732px, \" \/><\/div><\/div><\/div><div class=\"swiper-slide\"><div class=\"fusion-carousel-item-wrapper\"><div class=\"fusion-image-wrapper hover-type-liftup\"><img decoding=\"async\" width=\"1920\" height=\"2560\" src=\"https:\/\/www.cluster-zukunft-der-pflege.de\/wp-content\/uploads\/2025\/03\/20250311-IMG_2818-2-scaled.jpg\" class=\"attachment-full size-full\" alt=\"\" srcset=\"https:\/\/www.cluster-zukunft-der-pflege.de\/wp-content\/uploads\/2025\/03\/20250311-IMG_2818-2-200x267.jpg 200w, https:\/\/www.cluster-zukunft-der-pflege.de\/wp-content\/uploads\/2025\/03\/20250311-IMG_2818-2-400x533.jpg 400w, https:\/\/www.cluster-zukunft-der-pflege.de\/wp-content\/uploads\/2025\/03\/20250311-IMG_2818-2-600x800.jpg 600w, https:\/\/www.cluster-zukunft-der-pflege.de\/wp-content\/uploads\/2025\/03\/20250311-IMG_2818-2-800x1067.jpg 800w, https:\/\/www.cluster-zukunft-der-pflege.de\/wp-content\/uploads\/2025\/03\/20250311-IMG_2818-2-1200x1600.jpg 1200w, https:\/\/www.cluster-zukunft-der-pflege.de\/wp-content\/uploads\/2025\/03\/20250311-IMG_2818-2-scaled.jpg 1920w\" sizes=\"(min-width: 2200px) 100vw, (min-width: 915px) 315px, (min-width: 824px) 420px, (min-width: 732px) 631px, (min-width: 640px) 732px, \" \/><\/div><\/div><\/div><div class=\"swiper-slide\"><div class=\"fusion-carousel-item-wrapper\"><div class=\"fusion-image-wrapper hover-type-liftup\"><img decoding=\"async\" width=\"2560\" height=\"1920\" src=\"https:\/\/www.cluster-zukunft-der-pflege.de\/wp-content\/uploads\/2025\/03\/20250311-IMG_2821-2-scaled.jpg\" class=\"attachment-full size-full\" alt=\"\" srcset=\"https:\/\/www.cluster-zukunft-der-pflege.de\/wp-content\/uploads\/2025\/03\/20250311-IMG_2821-2-200x150.jpg 200w, https:\/\/www.cluster-zukunft-der-pflege.de\/wp-content\/uploads\/2025\/03\/20250311-IMG_2821-2-400x300.jpg 400w, https:\/\/www.cluster-zukunft-der-pflege.de\/wp-content\/uploads\/2025\/03\/20250311-IMG_2821-2-600x450.jpg 600w, https:\/\/www.cluster-zukunft-der-pflege.de\/wp-content\/uploads\/2025\/03\/20250311-IMG_2821-2-800x600.jpg 800w, https:\/\/www.cluster-zukunft-der-pflege.de\/wp-content\/uploads\/2025\/03\/20250311-IMG_2821-2-1200x900.jpg 1200w, https:\/\/www.cluster-zukunft-der-pflege.de\/wp-content\/uploads\/2025\/03\/20250311-IMG_2821-2-scaled.jpg 2560w\" sizes=\"(min-width: 2200px) 100vw, (min-width: 915px) 315px, (min-width: 824px) 420px, (min-width: 732px) 631px, (min-width: 640px) 732px, \" \/><\/div><\/div><\/div><div class=\"swiper-slide\"><div class=\"fusion-carousel-item-wrapper\"><div class=\"fusion-image-wrapper hover-type-liftup\"><img decoding=\"async\" width=\"1920\" height=\"2560\" src=\"https:\/\/www.cluster-zukunft-der-pflege.de\/wp-content\/uploads\/2025\/03\/20250311-IMG_2822-2-scaled.jpg\" class=\"attachment-full size-full\" alt=\"\" srcset=\"https:\/\/www.cluster-zukunft-der-pflege.de\/wp-content\/uploads\/2025\/03\/20250311-IMG_2822-2-200x267.jpg 200w, https:\/\/www.cluster-zukunft-der-pflege.de\/wp-content\/uploads\/2025\/03\/20250311-IMG_2822-2-400x533.jpg 400w, https:\/\/www.cluster-zukunft-der-pflege.de\/wp-content\/uploads\/2025\/03\/20250311-IMG_2822-2-600x800.jpg 600w, https:\/\/www.cluster-zukunft-der-pflege.de\/wp-content\/uploads\/2025\/03\/20250311-IMG_2822-2-800x1067.jpg 800w, https:\/\/www.cluster-zukunft-der-pflege.de\/wp-content\/uploads\/2025\/03\/20250311-IMG_2822-2-1200x1600.jpg 1200w, https:\/\/www.cluster-zukunft-der-pflege.de\/wp-content\/uploads\/2025\/03\/20250311-IMG_2822-2-scaled.jpg 1920w\" sizes=\"(min-width: 2200px) 100vw, (min-width: 915px) 315px, (min-width: 824px) 420px, (min-width: 732px) 631px, (min-width: 640px) 732px, \" \/><\/div><\/div><\/div><div class=\"swiper-slide\"><div class=\"fusion-carousel-item-wrapper\"><div class=\"fusion-image-wrapper hover-type-liftup\"><img decoding=\"async\" width=\"2560\" height=\"1920\" src=\"https:\/\/www.cluster-zukunft-der-pflege.de\/wp-content\/uploads\/2025\/03\/20250311-IMG_2824-2-scaled.jpg\" class=\"attachment-full size-full\" alt=\"\" srcset=\"https:\/\/www.cluster-zukunft-der-pflege.de\/wp-content\/uploads\/2025\/03\/20250311-IMG_2824-2-200x150.jpg 200w, https:\/\/www.cluster-zukunft-der-pflege.de\/wp-content\/uploads\/2025\/03\/20250311-IMG_2824-2-400x300.jpg 400w, https:\/\/www.cluster-zukunft-der-pflege.de\/wp-content\/uploads\/2025\/03\/20250311-IMG_2824-2-600x450.jpg 600w, https:\/\/www.cluster-zukunft-der-pflege.de\/wp-content\/uploads\/2025\/03\/20250311-IMG_2824-2-800x600.jpg 800w, https:\/\/www.cluster-zukunft-der-pflege.de\/wp-content\/uploads\/2025\/03\/20250311-IMG_2824-2-1200x900.jpg 1200w, https:\/\/www.cluster-zukunft-der-pflege.de\/wp-content\/uploads\/2025\/03\/20250311-IMG_2824-2-scaled.jpg 2560w\" sizes=\"(min-width: 2200px) 100vw, (min-width: 915px) 315px, (min-width: 824px) 420px, (min-width: 732px) 631px, (min-width: 640px) 732px, \" \/><\/div><\/div><\/div><div class=\"swiper-slide\"><div class=\"fusion-carousel-item-wrapper\"><div class=\"fusion-image-wrapper hover-type-liftup\"><img decoding=\"async\" width=\"2560\" height=\"1920\" src=\"https:\/\/www.cluster-zukunft-der-pflege.de\/wp-content\/uploads\/2025\/03\/20250311-IMG_2839-2-scaled.jpg\" class=\"attachment-full size-full\" alt=\"\" srcset=\"https:\/\/www.cluster-zukunft-der-pflege.de\/wp-content\/uploads\/2025\/03\/20250311-IMG_2839-2-200x150.jpg 200w, https:\/\/www.cluster-zukunft-der-pflege.de\/wp-content\/uploads\/2025\/03\/20250311-IMG_2839-2-400x300.jpg 400w, https:\/\/www.cluster-zukunft-der-pflege.de\/wp-content\/uploads\/2025\/03\/20250311-IMG_2839-2-600x450.jpg 600w, https:\/\/www.cluster-zukunft-der-pflege.de\/wp-content\/uploads\/2025\/03\/20250311-IMG_2839-2-800x600.jpg 800w, https:\/\/www.cluster-zukunft-der-pflege.de\/wp-content\/uploads\/2025\/03\/20250311-IMG_2839-2-1200x900.jpg 1200w, https:\/\/www.cluster-zukunft-der-pflege.de\/wp-content\/uploads\/2025\/03\/20250311-IMG_2839-2-scaled.jpg 2560w\" sizes=\"(min-width: 2200px) 100vw, (min-width: 915px) 315px, (min-width: 824px) 420px, (min-width: 732px) 631px, (min-width: 640px) 732px, \" \/><\/div><\/div><\/div><div class=\"swiper-slide\"><div class=\"fusion-carousel-item-wrapper\"><div class=\"fusion-image-wrapper hover-type-liftup\"><img decoding=\"async\" width=\"2560\" height=\"1920\" src=\"https:\/\/www.cluster-zukunft-der-pflege.de\/wp-content\/uploads\/2025\/03\/20250311-IMG_2851-2-scaled.jpg\" class=\"attachment-full size-full\" alt=\"\" srcset=\"https:\/\/www.cluster-zukunft-der-pflege.de\/wp-content\/uploads\/2025\/03\/20250311-IMG_2851-2-200x150.jpg 200w, https:\/\/www.cluster-zukunft-der-pflege.de\/wp-content\/uploads\/2025\/03\/20250311-IMG_2851-2-400x300.jpg 400w, https:\/\/www.cluster-zukunft-der-pflege.de\/wp-content\/uploads\/2025\/03\/20250311-IMG_2851-2-600x450.jpg 600w, https:\/\/www.cluster-zukunft-der-pflege.de\/wp-content\/uploads\/2025\/03\/20250311-IMG_2851-2-800x600.jpg 800w, https:\/\/www.cluster-zukunft-der-pflege.de\/wp-content\/uploads\/2025\/03\/20250311-IMG_2851-2-1200x900.jpg 1200w, https:\/\/www.cluster-zukunft-der-pflege.de\/wp-content\/uploads\/2025\/03\/20250311-IMG_2851-2-scaled.jpg 2560w\" sizes=\"(min-width: 2200px) 100vw, (min-width: 915px) 315px, (min-width: 824px) 420px, (min-width: 732px) 631px, (min-width: 640px) 732px, \" \/><\/div><\/div><\/div><div class=\"swiper-slide\"><div class=\"fusion-carousel-item-wrapper\"><div class=\"fusion-image-wrapper hover-type-liftup\"><img decoding=\"async\" width=\"2560\" height=\"1920\" src=\"https:\/\/www.cluster-zukunft-der-pflege.de\/wp-content\/uploads\/2025\/03\/20250311-IMG_2861-2-scaled.jpg\" class=\"attachment-full size-full\" alt=\"\" srcset=\"https:\/\/www.cluster-zukunft-der-pflege.de\/wp-content\/uploads\/2025\/03\/20250311-IMG_2861-2-200x150.jpg 200w, https:\/\/www.cluster-zukunft-der-pflege.de\/wp-content\/uploads\/2025\/03\/20250311-IMG_2861-2-400x300.jpg 400w, https:\/\/www.cluster-zukunft-der-pflege.de\/wp-content\/uploads\/2025\/03\/20250311-IMG_2861-2-600x450.jpg 600w, https:\/\/www.cluster-zukunft-der-pflege.de\/wp-content\/uploads\/2025\/03\/20250311-IMG_2861-2-800x600.jpg 800w, https:\/\/www.cluster-zukunft-der-pflege.de\/wp-content\/uploads\/2025\/03\/20250311-IMG_2861-2-1200x900.jpg 1200w, https:\/\/www.cluster-zukunft-der-pflege.de\/wp-content\/uploads\/2025\/03\/20250311-IMG_2861-2-scaled.jpg 2560w\" sizes=\"(min-width: 2200px) 100vw, (min-width: 915px) 315px, (min-width: 824px) 420px, (min-width: 732px) 631px, (min-width: 640px) 732px, \" \/><\/div><\/div><\/div><div class=\"swiper-slide\"><div class=\"fusion-carousel-item-wrapper\"><div class=\"fusion-image-wrapper hover-type-liftup\"><img decoding=\"async\" width=\"2560\" height=\"1920\" src=\"https:\/\/www.cluster-zukunft-der-pflege.de\/wp-content\/uploads\/2025\/03\/20250312-IMG_2895-2-scaled.jpg\" class=\"attachment-full size-full\" alt=\"\" srcset=\"https:\/\/www.cluster-zukunft-der-pflege.de\/wp-content\/uploads\/2025\/03\/20250312-IMG_2895-2-200x150.jpg 200w, https:\/\/www.cluster-zukunft-der-pflege.de\/wp-content\/uploads\/2025\/03\/20250312-IMG_2895-2-400x300.jpg 400w, https:\/\/www.cluster-zukunft-der-pflege.de\/wp-content\/uploads\/2025\/03\/20250312-IMG_2895-2-600x450.jpg 600w, https:\/\/www.cluster-zukunft-der-pflege.de\/wp-content\/uploads\/2025\/03\/20250312-IMG_2895-2-800x600.jpg 800w, https:\/\/www.cluster-zukunft-der-pflege.de\/wp-content\/uploads\/2025\/03\/20250312-IMG_2895-2-1200x900.jpg 1200w, https:\/\/www.cluster-zukunft-der-pflege.de\/wp-content\/uploads\/2025\/03\/20250312-IMG_2895-2-scaled.jpg 2560w\" sizes=\"(min-width: 2200px) 100vw, (min-width: 915px) 315px, (min-width: 824px) 420px, (min-width: 732px) 631px, (min-width: 640px) 732px, \" \/><\/div><\/div><\/div><div class=\"swiper-slide\"><div class=\"fusion-carousel-item-wrapper\"><div class=\"fusion-image-wrapper hover-type-liftup\"><img decoding=\"async\" width=\"2560\" height=\"1920\" src=\"https:\/\/www.cluster-zukunft-der-pflege.de\/wp-content\/uploads\/2025\/03\/20250312-IMG_2906-scaled.jpg\" class=\"attachment-full size-full\" alt=\"\" srcset=\"https:\/\/www.cluster-zukunft-der-pflege.de\/wp-content\/uploads\/2025\/03\/20250312-IMG_2906-200x150.jpg 200w, https:\/\/www.cluster-zukunft-der-pflege.de\/wp-content\/uploads\/2025\/03\/20250312-IMG_2906-400x300.jpg 400w, https:\/\/www.cluster-zukunft-der-pflege.de\/wp-content\/uploads\/2025\/03\/20250312-IMG_2906-600x450.jpg 600w, https:\/\/www.cluster-zukunft-der-pflege.de\/wp-content\/uploads\/2025\/03\/20250312-IMG_2906-800x600.jpg 800w, https:\/\/www.cluster-zukunft-der-pflege.de\/wp-content\/uploads\/2025\/03\/20250312-IMG_2906-1200x900.jpg 1200w, https:\/\/www.cluster-zukunft-der-pflege.de\/wp-content\/uploads\/2025\/03\/20250312-IMG_2906-scaled.jpg 2560w\" sizes=\"(min-width: 2200px) 100vw, (min-width: 915px) 315px, (min-width: 824px) 420px, (min-width: 732px) 631px, (min-width: 640px) 732px, \" \/><\/div><\/div><\/div><div class=\"swiper-slide\"><div class=\"fusion-carousel-item-wrapper\"><div class=\"fusion-image-wrapper hover-type-liftup\"><img decoding=\"async\" width=\"2560\" height=\"1920\" src=\"https:\/\/www.cluster-zukunft-der-pflege.de\/wp-content\/uploads\/2025\/03\/20250312-IMG_2908-scaled.jpg\" class=\"attachment-full size-full\" alt=\"\" srcset=\"https:\/\/www.cluster-zukunft-der-pflege.de\/wp-content\/uploads\/2025\/03\/20250312-IMG_2908-200x150.jpg 200w, https:\/\/www.cluster-zukunft-der-pflege.de\/wp-content\/uploads\/2025\/03\/20250312-IMG_2908-400x300.jpg 400w, https:\/\/www.cluster-zukunft-der-pflege.de\/wp-content\/uploads\/2025\/03\/20250312-IMG_2908-600x450.jpg 600w, https:\/\/www.cluster-zukunft-der-pflege.de\/wp-content\/uploads\/2025\/03\/20250312-IMG_2908-800x600.jpg 800w, https:\/\/www.cluster-zukunft-der-pflege.de\/wp-content\/uploads\/2025\/03\/20250312-IMG_2908-1200x900.jpg 1200w, https:\/\/www.cluster-zukunft-der-pflege.de\/wp-content\/uploads\/2025\/03\/20250312-IMG_2908-scaled.jpg 2560w\" sizes=\"(min-width: 2200px) 100vw, (min-width: 915px) 315px, (min-width: 824px) 420px, (min-width: 732px) 631px, (min-width: 640px) 732px, \" \/><\/div><\/div><\/div><div class=\"swiper-slide\"><div class=\"fusion-carousel-item-wrapper\"><div class=\"fusion-image-wrapper hover-type-liftup\"><img decoding=\"async\" width=\"2560\" height=\"1920\" src=\"https:\/\/www.cluster-zukunft-der-pflege.de\/wp-content\/uploads\/2025\/03\/20250312-IMG_2911-scaled.jpg\" class=\"attachment-full size-full\" alt=\"\" srcset=\"https:\/\/www.cluster-zukunft-der-pflege.de\/wp-content\/uploads\/2025\/03\/20250312-IMG_2911-200x150.jpg 200w, https:\/\/www.cluster-zukunft-der-pflege.de\/wp-content\/uploads\/2025\/03\/20250312-IMG_2911-400x300.jpg 400w, https:\/\/www.cluster-zukunft-der-pflege.de\/wp-content\/uploads\/2025\/03\/20250312-IMG_2911-600x450.jpg 600w, https:\/\/www.cluster-zukunft-der-pflege.de\/wp-content\/uploads\/2025\/03\/20250312-IMG_2911-800x600.jpg 800w, https:\/\/www.cluster-zukunft-der-pflege.de\/wp-content\/uploads\/2025\/03\/20250312-IMG_2911-1200x900.jpg 1200w, https:\/\/www.cluster-zukunft-der-pflege.de\/wp-content\/uploads\/2025\/03\/20250312-IMG_2911-scaled.jpg 2560w\" sizes=\"(min-width: 2200px) 100vw, (min-width: 915px) 315px, (min-width: 824px) 420px, (min-width: 732px) 631px, (min-width: 640px) 732px, \" \/><\/div><\/div><\/div><div class=\"swiper-slide\"><div class=\"fusion-carousel-item-wrapper\"><div class=\"fusion-image-wrapper hover-type-liftup\"><img decoding=\"async\" width=\"2560\" height=\"1920\" src=\"https:\/\/www.cluster-zukunft-der-pflege.de\/wp-content\/uploads\/2025\/03\/20250312-IMG_2926-scaled.jpg\" class=\"attachment-full size-full\" alt=\"\" srcset=\"https:\/\/www.cluster-zukunft-der-pflege.de\/wp-content\/uploads\/2025\/03\/20250312-IMG_2926-200x150.jpg 200w, https:\/\/www.cluster-zukunft-der-pflege.de\/wp-content\/uploads\/2025\/03\/20250312-IMG_2926-400x300.jpg 400w, https:\/\/www.cluster-zukunft-der-pflege.de\/wp-content\/uploads\/2025\/03\/20250312-IMG_2926-600x450.jpg 600w, https:\/\/www.cluster-zukunft-der-pflege.de\/wp-content\/uploads\/2025\/03\/20250312-IMG_2926-800x600.jpg 800w, https:\/\/www.cluster-zukunft-der-pflege.de\/wp-content\/uploads\/2025\/03\/20250312-IMG_2926-1200x900.jpg 1200w, https:\/\/www.cluster-zukunft-der-pflege.de\/wp-content\/uploads\/2025\/03\/20250312-IMG_2926-scaled.jpg 2560w\" sizes=\"(min-width: 2200px) 100vw, (min-width: 915px) 315px, (min-width: 824px) 420px, (min-width: 732px) 631px, (min-width: 640px) 732px, \" \/><\/div><\/div><\/div><div class=\"swiper-slide\"><div class=\"fusion-carousel-item-wrapper\"><div class=\"fusion-image-wrapper hover-type-liftup\"><img decoding=\"async\" width=\"2560\" height=\"1920\" src=\"https:\/\/www.cluster-zukunft-der-pflege.de\/wp-content\/uploads\/2025\/03\/20250312-IMG_2929-2-scaled.jpg\" class=\"attachment-full size-full\" alt=\"\" srcset=\"https:\/\/www.cluster-zukunft-der-pflege.de\/wp-content\/uploads\/2025\/03\/20250312-IMG_2929-2-200x150.jpg 200w, https:\/\/www.cluster-zukunft-der-pflege.de\/wp-content\/uploads\/2025\/03\/20250312-IMG_2929-2-400x300.jpg 400w, https:\/\/www.cluster-zukunft-der-pflege.de\/wp-content\/uploads\/2025\/03\/20250312-IMG_2929-2-600x450.jpg 600w, https:\/\/www.cluster-zukunft-der-pflege.de\/wp-content\/uploads\/2025\/03\/20250312-IMG_2929-2-800x600.jpg 800w, https:\/\/www.cluster-zukunft-der-pflege.de\/wp-content\/uploads\/2025\/03\/20250312-IMG_2929-2-1200x900.jpg 1200w, https:\/\/www.cluster-zukunft-der-pflege.de\/wp-content\/uploads\/2025\/03\/20250312-IMG_2929-2-scaled.jpg 2560w\" sizes=\"(min-width: 2200px) 100vw, (min-width: 915px) 315px, (min-width: 824px) 420px, (min-width: 732px) 631px, (min-width: 640px) 732px, \" \/><\/div><\/div><\/div><div class=\"swiper-slide\"><div class=\"fusion-carousel-item-wrapper\"><div class=\"fusion-image-wrapper hover-type-liftup\"><img decoding=\"async\" width=\"2560\" height=\"1920\" src=\"https:\/\/www.cluster-zukunft-der-pflege.de\/wp-content\/uploads\/2025\/03\/20250312-IMG_2954-scaled.jpg\" class=\"attachment-full size-full\" alt=\"\" srcset=\"https:\/\/www.cluster-zukunft-der-pflege.de\/wp-content\/uploads\/2025\/03\/20250312-IMG_2954-200x150.jpg 200w, https:\/\/www.cluster-zukunft-der-pflege.de\/wp-content\/uploads\/2025\/03\/20250312-IMG_2954-400x300.jpg 400w, https:\/\/www.cluster-zukunft-der-pflege.de\/wp-content\/uploads\/2025\/03\/20250312-IMG_2954-600x450.jpg 600w, https:\/\/www.cluster-zukunft-der-pflege.de\/wp-content\/uploads\/2025\/03\/20250312-IMG_2954-800x600.jpg 800w, https:\/\/www.cluster-zukunft-der-pflege.de\/wp-content\/uploads\/2025\/03\/20250312-IMG_2954-1200x900.jpg 1200w, https:\/\/www.cluster-zukunft-der-pflege.de\/wp-content\/uploads\/2025\/03\/20250312-IMG_2954-scaled.jpg 2560w\" sizes=\"(min-width: 2200px) 100vw, (min-width: 915px) 315px, (min-width: 824px) 420px, (min-width: 732px) 631px, (min-width: 640px) 732px, \" \/><\/div><\/div><\/div><div class=\"swiper-slide\"><div class=\"fusion-carousel-item-wrapper\"><div class=\"fusion-image-wrapper hover-type-liftup\"><img decoding=\"async\" width=\"2560\" height=\"1920\" src=\"https:\/\/www.cluster-zukunft-der-pflege.de\/wp-content\/uploads\/2025\/03\/20250312-IMG_2968-scaled.jpg\" class=\"attachment-full size-full\" alt=\"\" srcset=\"https:\/\/www.cluster-zukunft-der-pflege.de\/wp-content\/uploads\/2025\/03\/20250312-IMG_2968-200x150.jpg 200w, https:\/\/www.cluster-zukunft-der-pflege.de\/wp-content\/uploads\/2025\/03\/20250312-IMG_2968-400x300.jpg 400w, https:\/\/www.cluster-zukunft-der-pflege.de\/wp-content\/uploads\/2025\/03\/20250312-IMG_2968-600x450.jpg 600w, https:\/\/www.cluster-zukunft-der-pflege.de\/wp-content\/uploads\/2025\/03\/20250312-IMG_2968-800x600.jpg 800w, https:\/\/www.cluster-zukunft-der-pflege.de\/wp-content\/uploads\/2025\/03\/20250312-IMG_2968-1200x900.jpg 1200w, https:\/\/www.cluster-zukunft-der-pflege.de\/wp-content\/uploads\/2025\/03\/20250312-IMG_2968-scaled.jpg 2560w\" sizes=\"(min-width: 2200px) 100vw, (min-width: 915px) 315px, (min-width: 824px) 420px, (min-width: 732px) 631px, (min-width: 640px) 732px, \" \/><\/div><\/div><\/div><div class=\"swiper-slide\"><div class=\"fusion-carousel-item-wrapper\"><div class=\"fusion-image-wrapper hover-type-liftup\"><img decoding=\"async\" width=\"2560\" height=\"1920\" src=\"https:\/\/www.cluster-zukunft-der-pflege.de\/wp-content\/uploads\/2025\/03\/20250312-IMG_2973-scaled.jpg\" class=\"attachment-full size-full\" alt=\"\" srcset=\"https:\/\/www.cluster-zukunft-der-pflege.de\/wp-content\/uploads\/2025\/03\/20250312-IMG_2973-200x150.jpg 200w, https:\/\/www.cluster-zukunft-der-pflege.de\/wp-content\/uploads\/2025\/03\/20250312-IMG_2973-400x300.jpg 400w, https:\/\/www.cluster-zukunft-der-pflege.de\/wp-content\/uploads\/2025\/03\/20250312-IMG_2973-600x450.jpg 600w, https:\/\/www.cluster-zukunft-der-pflege.de\/wp-content\/uploads\/2025\/03\/20250312-IMG_2973-800x600.jpg 800w, https:\/\/www.cluster-zukunft-der-pflege.de\/wp-content\/uploads\/2025\/03\/20250312-IMG_2973-1200x900.jpg 1200w, https:\/\/www.cluster-zukunft-der-pflege.de\/wp-content\/uploads\/2025\/03\/20250312-IMG_2973-scaled.jpg 2560w\" sizes=\"(min-width: 2200px) 100vw, (min-width: 915px) 315px, (min-width: 824px) 420px, (min-width: 732px) 631px, (min-width: 640px) 732px, \" \/><\/div><\/div><\/div><div class=\"swiper-slide\"><div class=\"fusion-carousel-item-wrapper\"><div class=\"fusion-image-wrapper hover-type-liftup\"><img decoding=\"async\" width=\"2560\" height=\"1920\" src=\"https:\/\/www.cluster-zukunft-der-pflege.de\/wp-content\/uploads\/2025\/03\/20250312-IMG_2994-scaled.jpg\" class=\"attachment-full size-full\" alt=\"\" srcset=\"https:\/\/www.cluster-zukunft-der-pflege.de\/wp-content\/uploads\/2025\/03\/20250312-IMG_2994-200x150.jpg 200w, https:\/\/www.cluster-zukunft-der-pflege.de\/wp-content\/uploads\/2025\/03\/20250312-IMG_2994-400x300.jpg 400w, https:\/\/www.cluster-zukunft-der-pflege.de\/wp-content\/uploads\/2025\/03\/20250312-IMG_2994-600x450.jpg 600w, https:\/\/www.cluster-zukunft-der-pflege.de\/wp-content\/uploads\/2025\/03\/20250312-IMG_2994-800x600.jpg 800w, https:\/\/www.cluster-zukunft-der-pflege.de\/wp-content\/uploads\/2025\/03\/20250312-IMG_2994-1200x900.jpg 1200w, https:\/\/www.cluster-zukunft-der-pflege.de\/wp-content\/uploads\/2025\/03\/20250312-IMG_2994-scaled.jpg 2560w\" sizes=\"(min-width: 2200px) 100vw, (min-width: 915px) 315px, (min-width: 824px) 420px, (min-width: 732px) 631px, (min-width: 640px) 732px, \" \/><\/div><\/div><\/div><div class=\"swiper-slide\"><div class=\"fusion-carousel-item-wrapper\"><div class=\"fusion-image-wrapper hover-type-liftup\"><img decoding=\"async\" width=\"2560\" height=\"1920\" src=\"https:\/\/www.cluster-zukunft-der-pflege.de\/wp-content\/uploads\/2025\/03\/20250312-IMG_2999-scaled.jpg\" class=\"attachment-full size-full\" alt=\"\" srcset=\"https:\/\/www.cluster-zukunft-der-pflege.de\/wp-content\/uploads\/2025\/03\/20250312-IMG_2999-200x150.jpg 200w, https:\/\/www.cluster-zukunft-der-pflege.de\/wp-content\/uploads\/2025\/03\/20250312-IMG_2999-400x300.jpg 400w, https:\/\/www.cluster-zukunft-der-pflege.de\/wp-content\/uploads\/2025\/03\/20250312-IMG_2999-600x450.jpg 600w, https:\/\/www.cluster-zukunft-der-pflege.de\/wp-content\/uploads\/2025\/03\/20250312-IMG_2999-800x600.jpg 800w, https:\/\/www.cluster-zukunft-der-pflege.de\/wp-content\/uploads\/2025\/03\/20250312-IMG_2999-1200x900.jpg 1200w, https:\/\/www.cluster-zukunft-der-pflege.de\/wp-content\/uploads\/2025\/03\/20250312-IMG_2999-scaled.jpg 2560w\" sizes=\"(min-width: 2200px) 100vw, (min-width: 915px) 315px, (min-width: 824px) 420px, (min-width: 732px) 631px, (min-width: 640px) 732px, \" \/><\/div><\/div><\/div><div class=\"swiper-slide\"><div class=\"fusion-carousel-item-wrapper\"><div class=\"fusion-image-wrapper hover-type-liftup\"><img decoding=\"async\" width=\"2560\" height=\"1920\" src=\"https:\/\/www.cluster-zukunft-der-pflege.de\/wp-content\/uploads\/2025\/03\/20250312-IMG_3012-scaled.jpg\" class=\"attachment-full size-full\" alt=\"\" srcset=\"https:\/\/www.cluster-zukunft-der-pflege.de\/wp-content\/uploads\/2025\/03\/20250312-IMG_3012-200x150.jpg 200w, https:\/\/www.cluster-zukunft-der-pflege.de\/wp-content\/uploads\/2025\/03\/20250312-IMG_3012-400x300.jpg 400w, https:\/\/www.cluster-zukunft-der-pflege.de\/wp-content\/uploads\/2025\/03\/20250312-IMG_3012-600x450.jpg 600w, https:\/\/www.cluster-zukunft-der-pflege.de\/wp-content\/uploads\/2025\/03\/20250312-IMG_3012-800x600.jpg 800w, https:\/\/www.cluster-zukunft-der-pflege.de\/wp-content\/uploads\/2025\/03\/20250312-IMG_3012-1200x900.jpg 1200w, https:\/\/www.cluster-zukunft-der-pflege.de\/wp-content\/uploads\/2025\/03\/20250312-IMG_3012-scaled.jpg 2560w\" sizes=\"(min-width: 2200px) 100vw, (min-width: 915px) 315px, (min-width: 824px) 420px, (min-width: 732px) 631px, (min-width: 640px) 732px, \" \/><\/div><\/div><\/div><div class=\"swiper-slide\"><div class=\"fusion-carousel-item-wrapper\"><div class=\"fusion-image-wrapper hover-type-liftup\"><img decoding=\"async\" width=\"2560\" height=\"1920\" src=\"https:\/\/www.cluster-zukunft-der-pflege.de\/wp-content\/uploads\/2025\/03\/20250312-IMG_3015-scaled.jpg\" class=\"attachment-full size-full\" alt=\"\" srcset=\"https:\/\/www.cluster-zukunft-der-pflege.de\/wp-content\/uploads\/2025\/03\/20250312-IMG_3015-200x150.jpg 200w, https:\/\/www.cluster-zukunft-der-pflege.de\/wp-content\/uploads\/2025\/03\/20250312-IMG_3015-400x300.jpg 400w, https:\/\/www.cluster-zukunft-der-pflege.de\/wp-content\/uploads\/2025\/03\/20250312-IMG_3015-600x450.jpg 600w, https:\/\/www.cluster-zukunft-der-pflege.de\/wp-content\/uploads\/2025\/03\/20250312-IMG_3015-800x600.jpg 800w, https:\/\/www.cluster-zukunft-der-pflege.de\/wp-content\/uploads\/2025\/03\/20250312-IMG_3015-1200x900.jpg 1200w, https:\/\/www.cluster-zukunft-der-pflege.de\/wp-content\/uploads\/2025\/03\/20250312-IMG_3015-scaled.jpg 2560w\" sizes=\"(min-width: 2200px) 100vw, (min-width: 915px) 315px, (min-width: 824px) 420px, (min-width: 732px) 631px, (min-width: 640px) 732px, \" \/><\/div><\/div><\/div><div class=\"swiper-slide\"><div class=\"fusion-carousel-item-wrapper\"><div class=\"fusion-image-wrapper hover-type-liftup\"><img decoding=\"async\" width=\"1920\" height=\"2560\" src=\"https:\/\/www.cluster-zukunft-der-pflege.de\/wp-content\/uploads\/2025\/03\/20250312-IMG_3025-scaled.jpg\" class=\"attachment-full size-full\" alt=\"\" srcset=\"https:\/\/www.cluster-zukunft-der-pflege.de\/wp-content\/uploads\/2025\/03\/20250312-IMG_3025-200x267.jpg 200w, https:\/\/www.cluster-zukunft-der-pflege.de\/wp-content\/uploads\/2025\/03\/20250312-IMG_3025-400x533.jpg 400w, https:\/\/www.cluster-zukunft-der-pflege.de\/wp-content\/uploads\/2025\/03\/20250312-IMG_3025-600x800.jpg 600w, https:\/\/www.cluster-zukunft-der-pflege.de\/wp-content\/uploads\/2025\/03\/20250312-IMG_3025-800x1067.jpg 800w, https:\/\/www.cluster-zukunft-der-pflege.de\/wp-content\/uploads\/2025\/03\/20250312-IMG_3025-1200x1600.jpg 1200w, https:\/\/www.cluster-zukunft-der-pflege.de\/wp-content\/uploads\/2025\/03\/20250312-IMG_3025-scaled.jpg 1920w\" sizes=\"(min-width: 2200px) 100vw, (min-width: 915px) 315px, (min-width: 824px) 420px, (min-width: 732px) 631px, (min-width: 640px) 732px, \" \/><\/div><\/div><\/div><div class=\"swiper-slide\"><div class=\"fusion-carousel-item-wrapper\"><div class=\"fusion-image-wrapper hover-type-liftup\"><img decoding=\"async\" width=\"2560\" height=\"1920\" src=\"https:\/\/www.cluster-zukunft-der-pflege.de\/wp-content\/uploads\/2025\/03\/20250312-IMG_3031-scaled.jpg\" class=\"attachment-full size-full\" alt=\"\" srcset=\"https:\/\/www.cluster-zukunft-der-pflege.de\/wp-content\/uploads\/2025\/03\/20250312-IMG_3031-200x150.jpg 200w, https:\/\/www.cluster-zukunft-der-pflege.de\/wp-content\/uploads\/2025\/03\/20250312-IMG_3031-400x300.jpg 400w, https:\/\/www.cluster-zukunft-der-pflege.de\/wp-content\/uploads\/2025\/03\/20250312-IMG_3031-600x450.jpg 600w, https:\/\/www.cluster-zukunft-der-pflege.de\/wp-content\/uploads\/2025\/03\/20250312-IMG_3031-800x600.jpg 800w, https:\/\/www.cluster-zukunft-der-pflege.de\/wp-content\/uploads\/2025\/03\/20250312-IMG_3031-1200x900.jpg 1200w, https:\/\/www.cluster-zukunft-der-pflege.de\/wp-content\/uploads\/2025\/03\/20250312-IMG_3031-scaled.jpg 2560w\" sizes=\"(min-width: 2200px) 100vw, (min-width: 915px) 315px, (min-width: 824px) 420px, (min-width: 732px) 631px, (min-width: 640px) 732px, \" \/><\/div><\/div><\/div><div class=\"swiper-slide\"><div class=\"fusion-carousel-item-wrapper\"><div class=\"fusion-image-wrapper hover-type-liftup\"><img decoding=\"async\" width=\"2560\" height=\"1920\" src=\"https:\/\/www.cluster-zukunft-der-pflege.de\/wp-content\/uploads\/2025\/03\/20250312-IMG_3039-scaled.jpg\" class=\"attachment-full size-full\" alt=\"\" srcset=\"https:\/\/www.cluster-zukunft-der-pflege.de\/wp-content\/uploads\/2025\/03\/20250312-IMG_3039-200x150.jpg 200w, https:\/\/www.cluster-zukunft-der-pflege.de\/wp-content\/uploads\/2025\/03\/20250312-IMG_3039-400x300.jpg 400w, https:\/\/www.cluster-zukunft-der-pflege.de\/wp-content\/uploads\/2025\/03\/20250312-IMG_3039-600x450.jpg 600w, https:\/\/www.cluster-zukunft-der-pflege.de\/wp-content\/uploads\/2025\/03\/20250312-IMG_3039-800x600.jpg 800w, https:\/\/www.cluster-zukunft-der-pflege.de\/wp-content\/uploads\/2025\/03\/20250312-IMG_3039-1200x900.jpg 1200w, https:\/\/www.cluster-zukunft-der-pflege.de\/wp-content\/uploads\/2025\/03\/20250312-IMG_3039-scaled.jpg 2560w\" sizes=\"(min-width: 2200px) 100vw, (min-width: 915px) 315px, (min-width: 824px) 420px, (min-width: 732px) 631px, (min-width: 640px) 732px, \" \/><\/div><\/div><\/div><div class=\"swiper-slide\"><div class=\"fusion-carousel-item-wrapper\"><div class=\"fusion-image-wrapper hover-type-liftup\"><img decoding=\"async\" width=\"1920\" height=\"2560\" src=\"https:\/\/www.cluster-zukunft-der-pflege.de\/wp-content\/uploads\/2025\/03\/20250312-IMG_3047-scaled.jpg\" class=\"attachment-full size-full\" alt=\"\" srcset=\"https:\/\/www.cluster-zukunft-der-pflege.de\/wp-content\/uploads\/2025\/03\/20250312-IMG_3047-200x267.jpg 200w, https:\/\/www.cluster-zukunft-der-pflege.de\/wp-content\/uploads\/2025\/03\/20250312-IMG_3047-400x533.jpg 400w, https:\/\/www.cluster-zukunft-der-pflege.de\/wp-content\/uploads\/2025\/03\/20250312-IMG_3047-600x800.jpg 600w, https:\/\/www.cluster-zukunft-der-pflege.de\/wp-content\/uploads\/2025\/03\/20250312-IMG_3047-800x1067.jpg 800w, https:\/\/www.cluster-zukunft-der-pflege.de\/wp-content\/uploads\/2025\/03\/20250312-IMG_3047-1200x1600.jpg 1200w, https:\/\/www.cluster-zukunft-der-pflege.de\/wp-content\/uploads\/2025\/03\/20250312-IMG_3047-scaled.jpg 1920w\" sizes=\"(min-width: 2200px) 100vw, (min-width: 915px) 315px, (min-width: 824px) 420px, (min-width: 732px) 631px, (min-width: 640px) 732px, \" \/><\/div><\/div><\/div><div class=\"swiper-slide\"><div class=\"fusion-carousel-item-wrapper\"><div class=\"fusion-image-wrapper hover-type-liftup\"><img decoding=\"async\" width=\"2560\" height=\"1920\" src=\"https:\/\/www.cluster-zukunft-der-pflege.de\/wp-content\/uploads\/2025\/03\/20250312-IMG_3074-scaled.jpg\" class=\"attachment-full size-full\" alt=\"\" srcset=\"https:\/\/www.cluster-zukunft-der-pflege.de\/wp-content\/uploads\/2025\/03\/20250312-IMG_3074-200x150.jpg 200w, https:\/\/www.cluster-zukunft-der-pflege.de\/wp-content\/uploads\/2025\/03\/20250312-IMG_3074-400x300.jpg 400w, https:\/\/www.cluster-zukunft-der-pflege.de\/wp-content\/uploads\/2025\/03\/20250312-IMG_3074-600x450.jpg 600w, https:\/\/www.cluster-zukunft-der-pflege.de\/wp-content\/uploads\/2025\/03\/20250312-IMG_3074-800x600.jpg 800w, https:\/\/www.cluster-zukunft-der-pflege.de\/wp-content\/uploads\/2025\/03\/20250312-IMG_3074-1200x900.jpg 1200w, https:\/\/www.cluster-zukunft-der-pflege.de\/wp-content\/uploads\/2025\/03\/20250312-IMG_3074-scaled.jpg 2560w\" sizes=\"(min-width: 2200px) 100vw, (min-width: 915px) 315px, (min-width: 824px) 420px, (min-width: 732px) 631px, (min-width: 640px) 732px, \" \/><\/div><\/div><\/div><div class=\"swiper-slide\"><div class=\"fusion-carousel-item-wrapper\"><div class=\"fusion-image-wrapper hover-type-liftup\"><img decoding=\"async\" width=\"1920\" height=\"2560\" src=\"https:\/\/www.cluster-zukunft-der-pflege.de\/wp-content\/uploads\/2025\/03\/20250312-IMG_3077-2-scaled.jpg\" class=\"attachment-full size-full\" alt=\"\" srcset=\"https:\/\/www.cluster-zukunft-der-pflege.de\/wp-content\/uploads\/2025\/03\/20250312-IMG_3077-2-200x267.jpg 200w, https:\/\/www.cluster-zukunft-der-pflege.de\/wp-content\/uploads\/2025\/03\/20250312-IMG_3077-2-400x533.jpg 400w, https:\/\/www.cluster-zukunft-der-pflege.de\/wp-content\/uploads\/2025\/03\/20250312-IMG_3077-2-600x800.jpg 600w, https:\/\/www.cluster-zukunft-der-pflege.de\/wp-content\/uploads\/2025\/03\/20250312-IMG_3077-2-800x1067.jpg 800w, https:\/\/www.cluster-zukunft-der-pflege.de\/wp-content\/uploads\/2025\/03\/20250312-IMG_3077-2-1200x1600.jpg 1200w, https:\/\/www.cluster-zukunft-der-pflege.de\/wp-content\/uploads\/2025\/03\/20250312-IMG_3077-2-scaled.jpg 1920w\" sizes=\"(min-width: 2200px) 100vw, (min-width: 915px) 315px, (min-width: 824px) 420px, (min-width: 732px) 631px, (min-width: 640px) 732px, \" \/><\/div><\/div><\/div><div class=\"swiper-slide\"><div class=\"fusion-carousel-item-wrapper\"><div class=\"fusion-image-wrapper hover-type-liftup\"><img decoding=\"async\" width=\"2560\" height=\"1920\" src=\"https:\/\/www.cluster-zukunft-der-pflege.de\/wp-content\/uploads\/2025\/03\/20250312-IMG_3082-scaled.jpg\" class=\"attachment-full size-full\" alt=\"\" srcset=\"https:\/\/www.cluster-zukunft-der-pflege.de\/wp-content\/uploads\/2025\/03\/20250312-IMG_3082-200x150.jpg 200w, https:\/\/www.cluster-zukunft-der-pflege.de\/wp-content\/uploads\/2025\/03\/20250312-IMG_3082-400x300.jpg 400w, https:\/\/www.cluster-zukunft-der-pflege.de\/wp-content\/uploads\/2025\/03\/20250312-IMG_3082-600x450.jpg 600w, https:\/\/www.cluster-zukunft-der-pflege.de\/wp-content\/uploads\/2025\/03\/20250312-IMG_3082-800x600.jpg 800w, https:\/\/www.cluster-zukunft-der-pflege.de\/wp-content\/uploads\/2025\/03\/20250312-IMG_3082-1200x900.jpg 1200w, https:\/\/www.cluster-zukunft-der-pflege.de\/wp-content\/uploads\/2025\/03\/20250312-IMG_3082-scaled.jpg 2560w\" sizes=\"(min-width: 2200px) 100vw, (min-width: 915px) 315px, (min-width: 824px) 420px, (min-width: 732px) 631px, (min-width: 640px) 732px, \" \/><\/div><\/div><\/div><div class=\"swiper-slide\"><div class=\"fusion-carousel-item-wrapper\"><div class=\"fusion-image-wrapper hover-type-liftup\"><img decoding=\"async\" width=\"2560\" height=\"1920\" src=\"https:\/\/www.cluster-zukunft-der-pflege.de\/wp-content\/uploads\/2025\/03\/20250312-IMG_3089-scaled.jpg\" class=\"attachment-full size-full\" alt=\"\" srcset=\"https:\/\/www.cluster-zukunft-der-pflege.de\/wp-content\/uploads\/2025\/03\/20250312-IMG_3089-200x150.jpg 200w, https:\/\/www.cluster-zukunft-der-pflege.de\/wp-content\/uploads\/2025\/03\/20250312-IMG_3089-400x300.jpg 400w, https:\/\/www.cluster-zukunft-der-pflege.de\/wp-content\/uploads\/2025\/03\/20250312-IMG_3089-600x450.jpg 600w, https:\/\/www.cluster-zukunft-der-pflege.de\/wp-content\/uploads\/2025\/03\/20250312-IMG_3089-800x600.jpg 800w, https:\/\/www.cluster-zukunft-der-pflege.de\/wp-content\/uploads\/2025\/03\/20250312-IMG_3089-1200x900.jpg 1200w, https:\/\/www.cluster-zukunft-der-pflege.de\/wp-content\/uploads\/2025\/03\/20250312-IMG_3089-scaled.jpg 2560w\" sizes=\"(min-width: 2200px) 100vw, (min-width: 915px) 315px, (min-width: 824px) 420px, (min-width: 732px) 631px, (min-width: 640px) 732px, \" \/><\/div><\/div><\/div><div class=\"swiper-slide\"><div class=\"fusion-carousel-item-wrapper\"><div class=\"fusion-image-wrapper hover-type-liftup\"><img decoding=\"async\" width=\"1920\" height=\"2560\" src=\"https:\/\/www.cluster-zukunft-der-pflege.de\/wp-content\/uploads\/2025\/03\/20250312-IMG_3102-scaled.jpg\" class=\"attachment-full size-full\" alt=\"\" srcset=\"https:\/\/www.cluster-zukunft-der-pflege.de\/wp-content\/uploads\/2025\/03\/20250312-IMG_3102-200x267.jpg 200w, https:\/\/www.cluster-zukunft-der-pflege.de\/wp-content\/uploads\/2025\/03\/20250312-IMG_3102-400x533.jpg 400w, https:\/\/www.cluster-zukunft-der-pflege.de\/wp-content\/uploads\/2025\/03\/20250312-IMG_3102-600x800.jpg 600w, https:\/\/www.cluster-zukunft-der-pflege.de\/wp-content\/uploads\/2025\/03\/20250312-IMG_3102-800x1066.jpg 800w, https:\/\/www.cluster-zukunft-der-pflege.de\/wp-content\/uploads\/2025\/03\/20250312-IMG_3102-1200x1600.jpg 1200w, https:\/\/www.cluster-zukunft-der-pflege.de\/wp-content\/uploads\/2025\/03\/20250312-IMG_3102-scaled.jpg 1920w\" sizes=\"(min-width: 2200px) 100vw, (min-width: 915px) 315px, (min-width: 824px) 420px, (min-width: 732px) 631px, (min-width: 640px) 732px, \" \/><\/div><\/div><\/div><div class=\"swiper-slide\"><div class=\"fusion-carousel-item-wrapper\"><div class=\"fusion-image-wrapper hover-type-liftup\"><img decoding=\"async\" width=\"2560\" height=\"1920\" src=\"https:\/\/www.cluster-zukunft-der-pflege.de\/wp-content\/uploads\/2025\/03\/20250312-IMG_3111-scaled.jpg\" class=\"attachment-full size-full\" alt=\"\" srcset=\"https:\/\/www.cluster-zukunft-der-pflege.de\/wp-content\/uploads\/2025\/03\/20250312-IMG_3111-200x150.jpg 200w, https:\/\/www.cluster-zukunft-der-pflege.de\/wp-content\/uploads\/2025\/03\/20250312-IMG_3111-400x300.jpg 400w, https:\/\/www.cluster-zukunft-der-pflege.de\/wp-content\/uploads\/2025\/03\/20250312-IMG_3111-600x450.jpg 600w, https:\/\/www.cluster-zukunft-der-pflege.de\/wp-content\/uploads\/2025\/03\/20250312-IMG_3111-800x600.jpg 800w, https:\/\/www.cluster-zukunft-der-pflege.de\/wp-content\/uploads\/2025\/03\/20250312-IMG_3111-1200x900.jpg 1200w, https:\/\/www.cluster-zukunft-der-pflege.de\/wp-content\/uploads\/2025\/03\/20250312-IMG_3111-scaled.jpg 2560w\" sizes=\"(min-width: 2200px) 100vw, (min-width: 915px) 315px, (min-width: 824px) 420px, (min-width: 732px) 631px, (min-width: 640px) 732px, \" \/><\/div><\/div><\/div><div class=\"swiper-slide\"><div class=\"fusion-carousel-item-wrapper\"><div class=\"fusion-image-wrapper hover-type-liftup\"><img decoding=\"async\" width=\"2560\" height=\"1920\" src=\"https:\/\/www.cluster-zukunft-der-pflege.de\/wp-content\/uploads\/2025\/03\/20250312-IMG_3117-scaled.jpg\" class=\"attachment-full size-full\" alt=\"\" srcset=\"https:\/\/www.cluster-zukunft-der-pflege.de\/wp-content\/uploads\/2025\/03\/20250312-IMG_3117-200x150.jpg 200w, https:\/\/www.cluster-zukunft-der-pflege.de\/wp-content\/uploads\/2025\/03\/20250312-IMG_3117-400x300.jpg 400w, https:\/\/www.cluster-zukunft-der-pflege.de\/wp-content\/uploads\/2025\/03\/20250312-IMG_3117-600x450.jpg 600w, https:\/\/www.cluster-zukunft-der-pflege.de\/wp-content\/uploads\/2025\/03\/20250312-IMG_3117-800x600.jpg 800w, https:\/\/www.cluster-zukunft-der-pflege.de\/wp-content\/uploads\/2025\/03\/20250312-IMG_3117-1200x900.jpg 1200w, https:\/\/www.cluster-zukunft-der-pflege.de\/wp-content\/uploads\/2025\/03\/20250312-IMG_3117-scaled.jpg 2560w\" sizes=\"(min-width: 2200px) 100vw, (min-width: 915px) 315px, (min-width: 824px) 420px, (min-width: 732px) 631px, (min-width: 640px) 732px, \" \/><\/div><\/div><\/div><div class=\"swiper-slide\"><div class=\"fusion-carousel-item-wrapper\"><div class=\"fusion-image-wrapper hover-type-liftup\"><img decoding=\"async\" width=\"2560\" height=\"1920\" src=\"https:\/\/www.cluster-zukunft-der-pflege.de\/wp-content\/uploads\/2025\/03\/20250312-IMG_3121-scaled.jpg\" class=\"attachment-full size-full\" alt=\"\" srcset=\"https:\/\/www.cluster-zukunft-der-pflege.de\/wp-content\/uploads\/2025\/03\/20250312-IMG_3121-200x150.jpg 200w, https:\/\/www.cluster-zukunft-der-pflege.de\/wp-content\/uploads\/2025\/03\/20250312-IMG_3121-400x300.jpg 400w, https:\/\/www.cluster-zukunft-der-pflege.de\/wp-content\/uploads\/2025\/03\/20250312-IMG_3121-600x450.jpg 600w, https:\/\/www.cluster-zukunft-der-pflege.de\/wp-content\/uploads\/2025\/03\/20250312-IMG_3121-800x600.jpg 800w, https:\/\/www.cluster-zukunft-der-pflege.de\/wp-content\/uploads\/2025\/03\/20250312-IMG_3121-1200x900.jpg 1200w, https:\/\/www.cluster-zukunft-der-pflege.de\/wp-content\/uploads\/2025\/03\/20250312-IMG_3121-scaled.jpg 2560w\" sizes=\"(min-width: 2200px) 100vw, (min-width: 915px) 315px, (min-width: 824px) 420px, (min-width: 732px) 631px, (min-width: 640px) 732px, \" \/><\/div><\/div><\/div><div class=\"swiper-slide\"><div class=\"fusion-carousel-item-wrapper\"><div class=\"fusion-image-wrapper hover-type-liftup\"><img decoding=\"async\" width=\"2560\" height=\"1920\" src=\"https:\/\/www.cluster-zukunft-der-pflege.de\/wp-content\/uploads\/2025\/03\/20250312-IMG_3136-scaled.jpg\" class=\"attachment-full size-full\" alt=\"\" srcset=\"https:\/\/www.cluster-zukunft-der-pflege.de\/wp-content\/uploads\/2025\/03\/20250312-IMG_3136-200x150.jpg 200w, https:\/\/www.cluster-zukunft-der-pflege.de\/wp-content\/uploads\/2025\/03\/20250312-IMG_3136-400x300.jpg 400w, https:\/\/www.cluster-zukunft-der-pflege.de\/wp-content\/uploads\/2025\/03\/20250312-IMG_3136-600x450.jpg 600w, https:\/\/www.cluster-zukunft-der-pflege.de\/wp-content\/uploads\/2025\/03\/20250312-IMG_3136-800x600.jpg 800w, https:\/\/www.cluster-zukunft-der-pflege.de\/wp-content\/uploads\/2025\/03\/20250312-IMG_3136-1200x900.jpg 1200w, https:\/\/www.cluster-zukunft-der-pflege.de\/wp-content\/uploads\/2025\/03\/20250312-IMG_3136-scaled.jpg 2560w\" sizes=\"(min-width: 2200px) 100vw, (min-width: 915px) 315px, (min-width: 824px) 420px, (min-width: 732px) 631px, (min-width: 640px) 732px, \" \/><\/div><\/div><\/div><div class=\"swiper-slide\"><div class=\"fusion-carousel-item-wrapper\"><div class=\"fusion-image-wrapper hover-type-liftup\"><img decoding=\"async\" width=\"2560\" height=\"1920\" src=\"https:\/\/www.cluster-zukunft-der-pflege.de\/wp-content\/uploads\/2025\/03\/20250312-IMG_3168-scaled.jpg\" class=\"attachment-full size-full\" alt=\"\" srcset=\"https:\/\/www.cluster-zukunft-der-pflege.de\/wp-content\/uploads\/2025\/03\/20250312-IMG_3168-200x150.jpg 200w, https:\/\/www.cluster-zukunft-der-pflege.de\/wp-content\/uploads\/2025\/03\/20250312-IMG_3168-400x300.jpg 400w, https:\/\/www.cluster-zukunft-der-pflege.de\/wp-content\/uploads\/2025\/03\/20250312-IMG_3168-600x450.jpg 600w, https:\/\/www.cluster-zukunft-der-pflege.de\/wp-content\/uploads\/2025\/03\/20250312-IMG_3168-800x600.jpg 800w, https:\/\/www.cluster-zukunft-der-pflege.de\/wp-content\/uploads\/2025\/03\/20250312-IMG_3168-1200x900.jpg 1200w, https:\/\/www.cluster-zukunft-der-pflege.de\/wp-content\/uploads\/2025\/03\/20250312-IMG_3168-scaled.jpg 2560w\" sizes=\"(min-width: 2200px) 100vw, (min-width: 915px) 315px, (min-width: 824px) 420px, (min-width: 732px) 631px, (min-width: 640px) 732px, \" \/><\/div><\/div><\/div><div class=\"swiper-slide\"><div class=\"fusion-carousel-item-wrapper\"><div class=\"fusion-image-wrapper hover-type-liftup\"><img decoding=\"async\" width=\"2560\" height=\"1920\" src=\"https:\/\/www.cluster-zukunft-der-pflege.de\/wp-content\/uploads\/2025\/03\/20250312-IMG_3177-scaled.jpg\" class=\"attachment-full size-full\" alt=\"\" srcset=\"https:\/\/www.cluster-zukunft-der-pflege.de\/wp-content\/uploads\/2025\/03\/20250312-IMG_3177-200x150.jpg 200w, https:\/\/www.cluster-zukunft-der-pflege.de\/wp-content\/uploads\/2025\/03\/20250312-IMG_3177-400x300.jpg 400w, https:\/\/www.cluster-zukunft-der-pflege.de\/wp-content\/uploads\/2025\/03\/20250312-IMG_3177-600x450.jpg 600w, https:\/\/www.cluster-zukunft-der-pflege.de\/wp-content\/uploads\/2025\/03\/20250312-IMG_3177-800x600.jpg 800w, https:\/\/www.cluster-zukunft-der-pflege.de\/wp-content\/uploads\/2025\/03\/20250312-IMG_3177-1200x900.jpg 1200w, https:\/\/www.cluster-zukunft-der-pflege.de\/wp-content\/uploads\/2025\/03\/20250312-IMG_3177-scaled.jpg 2560w\" sizes=\"(min-width: 2200px) 100vw, (min-width: 915px) 315px, (min-width: 824px) 420px, (min-width: 732px) 631px, (min-width: 640px) 732px, \" \/><\/div><\/div><\/div><div class=\"swiper-slide\"><div class=\"fusion-carousel-item-wrapper\"><div class=\"fusion-image-wrapper hover-type-liftup\"><img decoding=\"async\" width=\"2560\" height=\"1920\" src=\"https:\/\/www.cluster-zukunft-der-pflege.de\/wp-content\/uploads\/2025\/03\/20250312-IMG_3180-scaled.jpg\" class=\"attachment-full size-full\" alt=\"\" srcset=\"https:\/\/www.cluster-zukunft-der-pflege.de\/wp-content\/uploads\/2025\/03\/20250312-IMG_3180-200x150.jpg 200w, https:\/\/www.cluster-zukunft-der-pflege.de\/wp-content\/uploads\/2025\/03\/20250312-IMG_3180-400x300.jpg 400w, https:\/\/www.cluster-zukunft-der-pflege.de\/wp-content\/uploads\/2025\/03\/20250312-IMG_3180-600x450.jpg 600w, https:\/\/www.cluster-zukunft-der-pflege.de\/wp-content\/uploads\/2025\/03\/20250312-IMG_3180-800x600.jpg 800w, https:\/\/www.cluster-zukunft-der-pflege.de\/wp-content\/uploads\/2025\/03\/20250312-IMG_3180-1200x900.jpg 1200w, https:\/\/www.cluster-zukunft-der-pflege.de\/wp-content\/uploads\/2025\/03\/20250312-IMG_3180-scaled.jpg 2560w\" sizes=\"(min-width: 2200px) 100vw, (min-width: 915px) 315px, (min-width: 824px) 420px, (min-width: 732px) 631px, (min-width: 640px) 732px, \" \/><\/div><\/div><\/div><div class=\"swiper-slide\"><div class=\"fusion-carousel-item-wrapper\"><div class=\"fusion-image-wrapper hover-type-liftup\"><img decoding=\"async\" width=\"2560\" height=\"1707\" src=\"https:\/\/www.cluster-zukunft-der-pflege.de\/wp-content\/uploads\/2025\/03\/DSC_4226-scaled.jpg\" class=\"attachment-full size-full\" alt=\"\" srcset=\"https:\/\/www.cluster-zukunft-der-pflege.de\/wp-content\/uploads\/2025\/03\/DSC_4226-200x133.jpg 200w, https:\/\/www.cluster-zukunft-der-pflege.de\/wp-content\/uploads\/2025\/03\/DSC_4226-400x267.jpg 400w, https:\/\/www.cluster-zukunft-der-pflege.de\/wp-content\/uploads\/2025\/03\/DSC_4226-600x400.jpg 600w, https:\/\/www.cluster-zukunft-der-pflege.de\/wp-content\/uploads\/2025\/03\/DSC_4226-800x533.jpg 800w, https:\/\/www.cluster-zukunft-der-pflege.de\/wp-content\/uploads\/2025\/03\/DSC_4226-1200x800.jpg 1200w, https:\/\/www.cluster-zukunft-der-pflege.de\/wp-content\/uploads\/2025\/03\/DSC_4226-scaled.jpg 2560w\" sizes=\"(min-width: 2200px) 100vw, (min-width: 915px) 315px, (min-width: 824px) 420px, (min-width: 732px) 631px, (min-width: 640px) 732px, \" \/><\/div><\/div><\/div><div class=\"swiper-slide\"><div class=\"fusion-carousel-item-wrapper\"><div class=\"fusion-image-wrapper hover-type-liftup\"><img decoding=\"async\" width=\"2560\" height=\"1707\" src=\"https:\/\/www.cluster-zukunft-der-pflege.de\/wp-content\/uploads\/2025\/03\/DSC_4227-scaled.jpg\" class=\"attachment-full size-full\" alt=\"\" srcset=\"https:\/\/www.cluster-zukunft-der-pflege.de\/wp-content\/uploads\/2025\/03\/DSC_4227-200x133.jpg 200w, https:\/\/www.cluster-zukunft-der-pflege.de\/wp-content\/uploads\/2025\/03\/DSC_4227-400x267.jpg 400w, https:\/\/www.cluster-zukunft-der-pflege.de\/wp-content\/uploads\/2025\/03\/DSC_4227-600x400.jpg 600w, https:\/\/www.cluster-zukunft-der-pflege.de\/wp-content\/uploads\/2025\/03\/DSC_4227-800x533.jpg 800w, https:\/\/www.cluster-zukunft-der-pflege.de\/wp-content\/uploads\/2025\/03\/DSC_4227-1200x800.jpg 1200w, https:\/\/www.cluster-zukunft-der-pflege.de\/wp-content\/uploads\/2025\/03\/DSC_4227-scaled.jpg 2560w\" sizes=\"(min-width: 2200px) 100vw, (min-width: 915px) 315px, (min-width: 824px) 420px, (min-width: 732px) 631px, (min-width: 640px) 732px, \" \/><\/div><\/div><\/div><div class=\"swiper-slide\"><div class=\"fusion-carousel-item-wrapper\"><div class=\"fusion-image-wrapper hover-type-liftup\"><img decoding=\"async\" width=\"2560\" height=\"1707\" src=\"https:\/\/www.cluster-zukunft-der-pflege.de\/wp-content\/uploads\/2025\/03\/DSC_4243-scaled.jpg\" class=\"attachment-full size-full\" alt=\"\" srcset=\"https:\/\/www.cluster-zukunft-der-pflege.de\/wp-content\/uploads\/2025\/03\/DSC_4243-200x133.jpg 200w, https:\/\/www.cluster-zukunft-der-pflege.de\/wp-content\/uploads\/2025\/03\/DSC_4243-400x267.jpg 400w, https:\/\/www.cluster-zukunft-der-pflege.de\/wp-content\/uploads\/2025\/03\/DSC_4243-600x400.jpg 600w, https:\/\/www.cluster-zukunft-der-pflege.de\/wp-content\/uploads\/2025\/03\/DSC_4243-800x533.jpg 800w, https:\/\/www.cluster-zukunft-der-pflege.de\/wp-content\/uploads\/2025\/03\/DSC_4243-1200x800.jpg 1200w, https:\/\/www.cluster-zukunft-der-pflege.de\/wp-content\/uploads\/2025\/03\/DSC_4243-scaled.jpg 2560w\" sizes=\"(min-width: 2200px) 100vw, (min-width: 915px) 315px, (min-width: 824px) 420px, (min-width: 732px) 631px, (min-width: 640px) 732px, \" \/><\/div><\/div><\/div><div class=\"swiper-slide\"><div class=\"fusion-carousel-item-wrapper\"><div class=\"fusion-image-wrapper hover-type-liftup\"><img decoding=\"async\" width=\"2560\" height=\"1706\" src=\"https:\/\/www.cluster-zukunft-der-pflege.de\/wp-content\/uploads\/2025\/03\/DSC_4312-scaled.jpg\" class=\"attachment-full size-full\" alt=\"\" srcset=\"https:\/\/www.cluster-zukunft-der-pflege.de\/wp-content\/uploads\/2025\/03\/DSC_4312-200x133.jpg 200w, https:\/\/www.cluster-zukunft-der-pflege.de\/wp-content\/uploads\/2025\/03\/DSC_4312-400x267.jpg 400w, https:\/\/www.cluster-zukunft-der-pflege.de\/wp-content\/uploads\/2025\/03\/DSC_4312-600x400.jpg 600w, https:\/\/www.cluster-zukunft-der-pflege.de\/wp-content\/uploads\/2025\/03\/DSC_4312-800x533.jpg 800w, https:\/\/www.cluster-zukunft-der-pflege.de\/wp-content\/uploads\/2025\/03\/DSC_4312-1200x800.jpg 1200w, https:\/\/www.cluster-zukunft-der-pflege.de\/wp-content\/uploads\/2025\/03\/DSC_4312-scaled.jpg 2560w\" sizes=\"(min-width: 2200px) 100vw, (min-width: 915px) 315px, (min-width: 824px) 420px, (min-width: 732px) 631px, (min-width: 640px) 732px, \" \/><\/div><\/div><\/div><div class=\"swiper-slide\"><div class=\"fusion-carousel-item-wrapper\"><div class=\"fusion-image-wrapper hover-type-liftup\"><img decoding=\"async\" width=\"2560\" height=\"1707\" src=\"https:\/\/www.cluster-zukunft-der-pflege.de\/wp-content\/uploads\/2025\/03\/DSC_4324-scaled.jpg\" class=\"attachment-full size-full\" alt=\"\" srcset=\"https:\/\/www.cluster-zukunft-der-pflege.de\/wp-content\/uploads\/2025\/03\/DSC_4324-200x133.jpg 200w, https:\/\/www.cluster-zukunft-der-pflege.de\/wp-content\/uploads\/2025\/03\/DSC_4324-400x267.jpg 400w, https:\/\/www.cluster-zukunft-der-pflege.de\/wp-content\/uploads\/2025\/03\/DSC_4324-600x400.jpg 600w, https:\/\/www.cluster-zukunft-der-pflege.de\/wp-content\/uploads\/2025\/03\/DSC_4324-800x533.jpg 800w, https:\/\/www.cluster-zukunft-der-pflege.de\/wp-content\/uploads\/2025\/03\/DSC_4324-1200x800.jpg 1200w, https:\/\/www.cluster-zukunft-der-pflege.de\/wp-content\/uploads\/2025\/03\/DSC_4324-scaled.jpg 2560w\" sizes=\"(min-width: 2200px) 100vw, (min-width: 915px) 315px, (min-width: 824px) 420px, (min-width: 732px) 631px, (min-width: 640px) 732px, \" \/><\/div><\/div><\/div><div class=\"swiper-slide\"><div class=\"fusion-carousel-item-wrapper\"><div class=\"fusion-image-wrapper hover-type-liftup\"><img decoding=\"async\" width=\"2560\" height=\"1707\" src=\"https:\/\/www.cluster-zukunft-der-pflege.de\/wp-content\/uploads\/2025\/03\/DSC_4330-scaled.jpg\" class=\"attachment-full size-full\" alt=\"\" srcset=\"https:\/\/www.cluster-zukunft-der-pflege.de\/wp-content\/uploads\/2025\/03\/DSC_4330-200x133.jpg 200w, https:\/\/www.cluster-zukunft-der-pflege.de\/wp-content\/uploads\/2025\/03\/DSC_4330-400x267.jpg 400w, https:\/\/www.cluster-zukunft-der-pflege.de\/wp-content\/uploads\/2025\/03\/DSC_4330-600x400.jpg 600w, https:\/\/www.cluster-zukunft-der-pflege.de\/wp-content\/uploads\/2025\/03\/DSC_4330-800x533.jpg 800w, https:\/\/www.cluster-zukunft-der-pflege.de\/wp-content\/uploads\/2025\/03\/DSC_4330-1200x800.jpg 1200w, https:\/\/www.cluster-zukunft-der-pflege.de\/wp-content\/uploads\/2025\/03\/DSC_4330-scaled.jpg 2560w\" sizes=\"(min-width: 2200px) 100vw, (min-width: 915px) 315px, (min-width: 824px) 420px, (min-width: 732px) 631px, (min-width: 640px) 732px, \" \/><\/div><\/div><\/div><div class=\"swiper-slide\"><div class=\"fusion-carousel-item-wrapper\"><div class=\"fusion-image-wrapper hover-type-liftup\"><img decoding=\"async\" width=\"2560\" height=\"1707\" src=\"https:\/\/www.cluster-zukunft-der-pflege.de\/wp-content\/uploads\/2025\/03\/DSC_4355-scaled.jpg\" class=\"attachment-full size-full\" alt=\"\" srcset=\"https:\/\/www.cluster-zukunft-der-pflege.de\/wp-content\/uploads\/2025\/03\/DSC_4355-200x133.jpg 200w, https:\/\/www.cluster-zukunft-der-pflege.de\/wp-content\/uploads\/2025\/03\/DSC_4355-400x267.jpg 400w, https:\/\/www.cluster-zukunft-der-pflege.de\/wp-content\/uploads\/2025\/03\/DSC_4355-600x400.jpg 600w, https:\/\/www.cluster-zukunft-der-pflege.de\/wp-content\/uploads\/2025\/03\/DSC_4355-800x534.jpg 800w, https:\/\/www.cluster-zukunft-der-pflege.de\/wp-content\/uploads\/2025\/03\/DSC_4355-1200x800.jpg 1200w, https:\/\/www.cluster-zukunft-der-pflege.de\/wp-content\/uploads\/2025\/03\/DSC_4355-scaled.jpg 2560w\" sizes=\"(min-width: 2200px) 100vw, (min-width: 915px) 315px, (min-width: 824px) 420px, (min-width: 732px) 631px, (min-width: 640px) 732px, \" \/><\/div><\/div><\/div><div class=\"swiper-slide\"><div class=\"fusion-carousel-item-wrapper\"><div class=\"fusion-image-wrapper hover-type-liftup\"><img decoding=\"async\" width=\"2560\" height=\"1707\" src=\"https:\/\/www.cluster-zukunft-der-pflege.de\/wp-content\/uploads\/2025\/03\/DSC_4371-scaled.jpg\" class=\"attachment-full size-full\" alt=\"\" srcset=\"https:\/\/www.cluster-zukunft-der-pflege.de\/wp-content\/uploads\/2025\/03\/DSC_4371-200x133.jpg 200w, https:\/\/www.cluster-zukunft-der-pflege.de\/wp-content\/uploads\/2025\/03\/DSC_4371-400x267.jpg 400w, https:\/\/www.cluster-zukunft-der-pflege.de\/wp-content\/uploads\/2025\/03\/DSC_4371-600x400.jpg 600w, https:\/\/www.cluster-zukunft-der-pflege.de\/wp-content\/uploads\/2025\/03\/DSC_4371-800x533.jpg 800w, https:\/\/www.cluster-zukunft-der-pflege.de\/wp-content\/uploads\/2025\/03\/DSC_4371-1200x800.jpg 1200w, https:\/\/www.cluster-zukunft-der-pflege.de\/wp-content\/uploads\/2025\/03\/DSC_4371-scaled.jpg 2560w\" sizes=\"(min-width: 2200px) 100vw, (min-width: 915px) 315px, (min-width: 824px) 420px, (min-width: 732px) 631px, (min-width: 640px) 732px, \" \/><\/div><\/div><\/div><div class=\"swiper-slide\"><div class=\"fusion-carousel-item-wrapper\"><div class=\"fusion-image-wrapper hover-type-liftup\"><img decoding=\"async\" width=\"2560\" height=\"1707\" src=\"https:\/\/www.cluster-zukunft-der-pflege.de\/wp-content\/uploads\/2025\/03\/DSC_4392-scaled.jpg\" class=\"attachment-full size-full\" alt=\"\" srcset=\"https:\/\/www.cluster-zukunft-der-pflege.de\/wp-content\/uploads\/2025\/03\/DSC_4392-200x133.jpg 200w, https:\/\/www.cluster-zukunft-der-pflege.de\/wp-content\/uploads\/2025\/03\/DSC_4392-400x267.jpg 400w, https:\/\/www.cluster-zukunft-der-pflege.de\/wp-content\/uploads\/2025\/03\/DSC_4392-600x400.jpg 600w, https:\/\/www.cluster-zukunft-der-pflege.de\/wp-content\/uploads\/2025\/03\/DSC_4392-800x533.jpg 800w, https:\/\/www.cluster-zukunft-der-pflege.de\/wp-content\/uploads\/2025\/03\/DSC_4392-1200x800.jpg 1200w, https:\/\/www.cluster-zukunft-der-pflege.de\/wp-content\/uploads\/2025\/03\/DSC_4392-scaled.jpg 2560w\" sizes=\"(min-width: 2200px) 100vw, (min-width: 915px) 315px, (min-width: 824px) 420px, (min-width: 732px) 631px, (min-width: 640px) 732px, \" \/><\/div><\/div><\/div><div class=\"swiper-slide\"><div class=\"fusion-carousel-item-wrapper\"><div class=\"fusion-image-wrapper hover-type-liftup\"><img decoding=\"async\" width=\"2560\" height=\"1920\" src=\"https:\/\/www.cluster-zukunft-der-pflege.de\/wp-content\/uploads\/2025\/03\/DSC_4438-scaled.jpg\" class=\"attachment-full size-full\" alt=\"\" srcset=\"https:\/\/www.cluster-zukunft-der-pflege.de\/wp-content\/uploads\/2025\/03\/DSC_4438-200x150.jpg 200w, https:\/\/www.cluster-zukunft-der-pflege.de\/wp-content\/uploads\/2025\/03\/DSC_4438-400x300.jpg 400w, https:\/\/www.cluster-zukunft-der-pflege.de\/wp-content\/uploads\/2025\/03\/DSC_4438-600x450.jpg 600w, https:\/\/www.cluster-zukunft-der-pflege.de\/wp-content\/uploads\/2025\/03\/DSC_4438-800x600.jpg 800w, https:\/\/www.cluster-zukunft-der-pflege.de\/wp-content\/uploads\/2025\/03\/DSC_4438-1200x900.jpg 1200w, https:\/\/www.cluster-zukunft-der-pflege.de\/wp-content\/uploads\/2025\/03\/DSC_4438-scaled.jpg 2560w\" sizes=\"(min-width: 2200px) 100vw, (min-width: 915px) 315px, (min-width: 824px) 420px, (min-width: 732px) 631px, (min-width: 640px) 732px, \" \/><\/div><\/div><\/div><div class=\"swiper-slide\"><div class=\"fusion-carousel-item-wrapper\"><div class=\"fusion-image-wrapper hover-type-liftup\"><img decoding=\"async\" width=\"2560\" height=\"1920\" src=\"https:\/\/www.cluster-zukunft-der-pflege.de\/wp-content\/uploads\/2025\/03\/DSC_4439-scaled.jpg\" class=\"attachment-full size-full\" alt=\"\" srcset=\"https:\/\/www.cluster-zukunft-der-pflege.de\/wp-content\/uploads\/2025\/03\/DSC_4439-200x150.jpg 200w, https:\/\/www.cluster-zukunft-der-pflege.de\/wp-content\/uploads\/2025\/03\/DSC_4439-400x300.jpg 400w, https:\/\/www.cluster-zukunft-der-pflege.de\/wp-content\/uploads\/2025\/03\/DSC_4439-600x450.jpg 600w, https:\/\/www.cluster-zukunft-der-pflege.de\/wp-content\/uploads\/2025\/03\/DSC_4439-800x600.jpg 800w, https:\/\/www.cluster-zukunft-der-pflege.de\/wp-content\/uploads\/2025\/03\/DSC_4439-1200x900.jpg 1200w, https:\/\/www.cluster-zukunft-der-pflege.de\/wp-content\/uploads\/2025\/03\/DSC_4439-scaled.jpg 2560w\" sizes=\"(min-width: 2200px) 100vw, (min-width: 915px) 315px, (min-width: 824px) 420px, (min-width: 732px) 631px, (min-width: 640px) 732px, \" \/><\/div><\/div><\/div><div class=\"swiper-slide\"><div class=\"fusion-carousel-item-wrapper\"><div class=\"fusion-image-wrapper hover-type-liftup\"><img decoding=\"async\" width=\"2560\" height=\"1707\" src=\"https:\/\/www.cluster-zukunft-der-pflege.de\/wp-content\/uploads\/2025\/03\/DSC_4453-scaled.jpg\" class=\"attachment-full size-full\" alt=\"\" srcset=\"https:\/\/www.cluster-zukunft-der-pflege.de\/wp-content\/uploads\/2025\/03\/DSC_4453-200x133.jpg 200w, https:\/\/www.cluster-zukunft-der-pflege.de\/wp-content\/uploads\/2025\/03\/DSC_4453-400x267.jpg 400w, https:\/\/www.cluster-zukunft-der-pflege.de\/wp-content\/uploads\/2025\/03\/DSC_4453-600x400.jpg 600w, https:\/\/www.cluster-zukunft-der-pflege.de\/wp-content\/uploads\/2025\/03\/DSC_4453-800x533.jpg 800w, https:\/\/www.cluster-zukunft-der-pflege.de\/wp-content\/uploads\/2025\/03\/DSC_4453-1200x800.jpg 1200w, https:\/\/www.cluster-zukunft-der-pflege.de\/wp-content\/uploads\/2025\/03\/DSC_4453-scaled.jpg 2560w\" sizes=\"(min-width: 2200px) 100vw, (min-width: 915px) 315px, (min-width: 824px) 420px, (min-width: 732px) 631px, (min-width: 640px) 732px, \" \/><\/div><\/div><\/div><div class=\"swiper-slide\"><div class=\"fusion-carousel-item-wrapper\"><div class=\"fusion-image-wrapper hover-type-liftup\"><img decoding=\"async\" width=\"2560\" height=\"1707\" src=\"https:\/\/www.cluster-zukunft-der-pflege.de\/wp-content\/uploads\/2025\/03\/DSC_4471-scaled.jpg\" class=\"attachment-full size-full\" alt=\"\" srcset=\"https:\/\/www.cluster-zukunft-der-pflege.de\/wp-content\/uploads\/2025\/03\/DSC_4471-200x133.jpg 200w, https:\/\/www.cluster-zukunft-der-pflege.de\/wp-content\/uploads\/2025\/03\/DSC_4471-400x267.jpg 400w, https:\/\/www.cluster-zukunft-der-pflege.de\/wp-content\/uploads\/2025\/03\/DSC_4471-600x400.jpg 600w, https:\/\/www.cluster-zukunft-der-pflege.de\/wp-content\/uploads\/2025\/03\/DSC_4471-800x533.jpg 800w, https:\/\/www.cluster-zukunft-der-pflege.de\/wp-content\/uploads\/2025\/03\/DSC_4471-1200x800.jpg 1200w, https:\/\/www.cluster-zukunft-der-pflege.de\/wp-content\/uploads\/2025\/03\/DSC_4471-scaled.jpg 2560w\" sizes=\"(min-width: 2200px) 100vw, (min-width: 915px) 315px, (min-width: 824px) 420px, (min-width: 732px) 631px, (min-width: 640px) 732px, \" \/><\/div><\/div><\/div><div class=\"swiper-slide\"><div class=\"fusion-carousel-item-wrapper\"><div class=\"fusion-image-wrapper hover-type-liftup\"><img decoding=\"async\" width=\"2560\" height=\"1707\" src=\"https:\/\/www.cluster-zukunft-der-pflege.de\/wp-content\/uploads\/2025\/03\/DSC_4479-scaled.jpg\" class=\"attachment-full size-full\" alt=\"\" srcset=\"https:\/\/www.cluster-zukunft-der-pflege.de\/wp-content\/uploads\/2025\/03\/DSC_4479-200x133.jpg 200w, https:\/\/www.cluster-zukunft-der-pflege.de\/wp-content\/uploads\/2025\/03\/DSC_4479-400x267.jpg 400w, https:\/\/www.cluster-zukunft-der-pflege.de\/wp-content\/uploads\/2025\/03\/DSC_4479-600x400.jpg 600w, https:\/\/www.cluster-zukunft-der-pflege.de\/wp-content\/uploads\/2025\/03\/DSC_4479-800x533.jpg 800w, https:\/\/www.cluster-zukunft-der-pflege.de\/wp-content\/uploads\/2025\/03\/DSC_4479-1200x800.jpg 1200w, https:\/\/www.cluster-zukunft-der-pflege.de\/wp-content\/uploads\/2025\/03\/DSC_4479-scaled.jpg 2560w\" sizes=\"(min-width: 2200px) 100vw, (min-width: 915px) 315px, (min-width: 824px) 420px, (min-width: 732px) 631px, (min-width: 640px) 732px, \" \/><\/div><\/div><\/div><div class=\"swiper-slide\"><div class=\"fusion-carousel-item-wrapper\"><div class=\"fusion-image-wrapper hover-type-liftup\"><img decoding=\"async\" width=\"2560\" height=\"1707\" src=\"https:\/\/www.cluster-zukunft-der-pflege.de\/wp-content\/uploads\/2025\/03\/DSC_4506-scaled.jpg\" class=\"attachment-full size-full\" alt=\"\" srcset=\"https:\/\/www.cluster-zukunft-der-pflege.de\/wp-content\/uploads\/2025\/03\/DSC_4506-200x133.jpg 200w, https:\/\/www.cluster-zukunft-der-pflege.de\/wp-content\/uploads\/2025\/03\/DSC_4506-400x267.jpg 400w, https:\/\/www.cluster-zukunft-der-pflege.de\/wp-content\/uploads\/2025\/03\/DSC_4506-600x400.jpg 600w, https:\/\/www.cluster-zukunft-der-pflege.de\/wp-content\/uploads\/2025\/03\/DSC_4506-800x533.jpg 800w, https:\/\/www.cluster-zukunft-der-pflege.de\/wp-content\/uploads\/2025\/03\/DSC_4506-1200x800.jpg 1200w, https:\/\/www.cluster-zukunft-der-pflege.de\/wp-content\/uploads\/2025\/03\/DSC_4506-scaled.jpg 2560w\" sizes=\"(min-width: 2200px) 100vw, (min-width: 915px) 315px, (min-width: 824px) 420px, (min-width: 732px) 631px, (min-width: 640px) 732px, \" \/><\/div><\/div><\/div><div class=\"swiper-slide\"><div class=\"fusion-carousel-item-wrapper\"><div class=\"fusion-image-wrapper hover-type-liftup\"><img decoding=\"async\" width=\"2560\" height=\"1706\" src=\"https:\/\/www.cluster-zukunft-der-pflege.de\/wp-content\/uploads\/2025\/03\/DSC_4584-scaled.jpg\" class=\"attachment-full size-full\" alt=\"\" srcset=\"https:\/\/www.cluster-zukunft-der-pflege.de\/wp-content\/uploads\/2025\/03\/DSC_4584-200x133.jpg 200w, https:\/\/www.cluster-zukunft-der-pflege.de\/wp-content\/uploads\/2025\/03\/DSC_4584-400x267.jpg 400w, https:\/\/www.cluster-zukunft-der-pflege.de\/wp-content\/uploads\/2025\/03\/DSC_4584-600x400.jpg 600w, https:\/\/www.cluster-zukunft-der-pflege.de\/wp-content\/uploads\/2025\/03\/DSC_4584-800x533.jpg 800w, https:\/\/www.cluster-zukunft-der-pflege.de\/wp-content\/uploads\/2025\/03\/DSC_4584-1200x800.jpg 1200w, https:\/\/www.cluster-zukunft-der-pflege.de\/wp-content\/uploads\/2025\/03\/DSC_4584-scaled.jpg 2560w\" sizes=\"(min-width: 2200px) 100vw, (min-width: 915px) 315px, (min-width: 824px) 420px, (min-width: 732px) 631px, (min-width: 640px) 732px, \" \/><\/div><\/div><\/div><div class=\"swiper-slide\"><div class=\"fusion-carousel-item-wrapper\"><div class=\"fusion-image-wrapper hover-type-liftup\"><img decoding=\"async\" width=\"2560\" height=\"1707\" src=\"https:\/\/www.cluster-zukunft-der-pflege.de\/wp-content\/uploads\/2025\/03\/DSC_4602-scaled.jpg\" class=\"attachment-full size-full\" alt=\"\" srcset=\"https:\/\/www.cluster-zukunft-der-pflege.de\/wp-content\/uploads\/2025\/03\/DSC_4602-200x133.jpg 200w, https:\/\/www.cluster-zukunft-der-pflege.de\/wp-content\/uploads\/2025\/03\/DSC_4602-400x267.jpg 400w, https:\/\/www.cluster-zukunft-der-pflege.de\/wp-content\/uploads\/2025\/03\/DSC_4602-600x400.jpg 600w, https:\/\/www.cluster-zukunft-der-pflege.de\/wp-content\/uploads\/2025\/03\/DSC_4602-800x533.jpg 800w, https:\/\/www.cluster-zukunft-der-pflege.de\/wp-content\/uploads\/2025\/03\/DSC_4602-1200x800.jpg 1200w, https:\/\/www.cluster-zukunft-der-pflege.de\/wp-content\/uploads\/2025\/03\/DSC_4602-scaled.jpg 2560w\" sizes=\"(min-width: 2200px) 100vw, (min-width: 915px) 315px, (min-width: 824px) 420px, (min-width: 732px) 631px, (min-width: 640px) 732px, \" \/><\/div><\/div><\/div><div class=\"swiper-slide\"><div class=\"fusion-carousel-item-wrapper\"><div class=\"fusion-image-wrapper hover-type-liftup\"><img decoding=\"async\" width=\"2560\" height=\"1707\" src=\"https:\/\/www.cluster-zukunft-der-pflege.de\/wp-content\/uploads\/2025\/03\/DSC_4681-scaled.jpg\" class=\"attachment-full size-full\" alt=\"\" srcset=\"https:\/\/www.cluster-zukunft-der-pflege.de\/wp-content\/uploads\/2025\/03\/DSC_4681-200x133.jpg 200w, https:\/\/www.cluster-zukunft-der-pflege.de\/wp-content\/uploads\/2025\/03\/DSC_4681-400x267.jpg 400w, https:\/\/www.cluster-zukunft-der-pflege.de\/wp-content\/uploads\/2025\/03\/DSC_4681-600x400.jpg 600w, https:\/\/www.cluster-zukunft-der-pflege.de\/wp-content\/uploads\/2025\/03\/DSC_4681-800x533.jpg 800w, https:\/\/www.cluster-zukunft-der-pflege.de\/wp-content\/uploads\/2025\/03\/DSC_4681-1200x800.jpg 1200w, https:\/\/www.cluster-zukunft-der-pflege.de\/wp-content\/uploads\/2025\/03\/DSC_4681-scaled.jpg 2560w\" sizes=\"(min-width: 2200px) 100vw, (min-width: 915px) 315px, (min-width: 824px) 420px, (min-width: 732px) 631px, (min-width: 640px) 732px, \" \/><\/div><\/div><\/div><div class=\"swiper-slide\"><div class=\"fusion-carousel-item-wrapper\"><div class=\"fusion-image-wrapper hover-type-liftup\"><img decoding=\"async\" width=\"2560\" height=\"1707\" src=\"https:\/\/www.cluster-zukunft-der-pflege.de\/wp-content\/uploads\/2025\/03\/DSC_4745-scaled.jpg\" class=\"attachment-full size-full\" alt=\"\" srcset=\"https:\/\/www.cluster-zukunft-der-pflege.de\/wp-content\/uploads\/2025\/03\/DSC_4745-200x133.jpg 200w, https:\/\/www.cluster-zukunft-der-pflege.de\/wp-content\/uploads\/2025\/03\/DSC_4745-400x267.jpg 400w, https:\/\/www.cluster-zukunft-der-pflege.de\/wp-content\/uploads\/2025\/03\/DSC_4745-600x400.jpg 600w, https:\/\/www.cluster-zukunft-der-pflege.de\/wp-content\/uploads\/2025\/03\/DSC_4745-800x533.jpg 800w, https:\/\/www.cluster-zukunft-der-pflege.de\/wp-content\/uploads\/2025\/03\/DSC_4745-1200x800.jpg 1200w, https:\/\/www.cluster-zukunft-der-pflege.de\/wp-content\/uploads\/2025\/03\/DSC_4745-scaled.jpg 2560w\" sizes=\"(min-width: 2200px) 100vw, (min-width: 915px) 315px, (min-width: 824px) 420px, (min-width: 732px) 631px, (min-width: 640px) 732px, \" \/><\/div><\/div><\/div><div class=\"swiper-slide\"><div class=\"fusion-carousel-item-wrapper\"><div class=\"fusion-image-wrapper hover-type-liftup\"><img decoding=\"async\" width=\"2560\" height=\"1707\" src=\"https:\/\/www.cluster-zukunft-der-pflege.de\/wp-content\/uploads\/2025\/03\/DSC_4805-scaled.jpg\" class=\"attachment-full size-full\" alt=\"\" srcset=\"https:\/\/www.cluster-zukunft-der-pflege.de\/wp-content\/uploads\/2025\/03\/DSC_4805-200x133.jpg 200w, https:\/\/www.cluster-zukunft-der-pflege.de\/wp-content\/uploads\/2025\/03\/DSC_4805-400x267.jpg 400w, https:\/\/www.cluster-zukunft-der-pflege.de\/wp-content\/uploads\/2025\/03\/DSC_4805-600x400.jpg 600w, https:\/\/www.cluster-zukunft-der-pflege.de\/wp-content\/uploads\/2025\/03\/DSC_4805-800x533.jpg 800w, https:\/\/www.cluster-zukunft-der-pflege.de\/wp-content\/uploads\/2025\/03\/DSC_4805-1200x800.jpg 1200w, https:\/\/www.cluster-zukunft-der-pflege.de\/wp-content\/uploads\/2025\/03\/DSC_4805-scaled.jpg 2560w\" sizes=\"(min-width: 2200px) 100vw, (min-width: 915px) 315px, (min-width: 824px) 420px, (min-width: 732px) 631px, (min-width: 640px) 732px, \" \/><\/div><\/div><\/div><div class=\"swiper-slide\"><div class=\"fusion-carousel-item-wrapper\"><div class=\"fusion-image-wrapper hover-type-liftup\"><img decoding=\"async\" width=\"2560\" height=\"1707\" src=\"https:\/\/www.cluster-zukunft-der-pflege.de\/wp-content\/uploads\/2025\/03\/DSC_4871-scaled.jpg\" class=\"attachment-full size-full\" alt=\"\" srcset=\"https:\/\/www.cluster-zukunft-der-pflege.de\/wp-content\/uploads\/2025\/03\/DSC_4871-200x133.jpg 200w, https:\/\/www.cluster-zukunft-der-pflege.de\/wp-content\/uploads\/2025\/03\/DSC_4871-400x267.jpg 400w, https:\/\/www.cluster-zukunft-der-pflege.de\/wp-content\/uploads\/2025\/03\/DSC_4871-600x400.jpg 600w, https:\/\/www.cluster-zukunft-der-pflege.de\/wp-content\/uploads\/2025\/03\/DSC_4871-800x533.jpg 800w, https:\/\/www.cluster-zukunft-der-pflege.de\/wp-content\/uploads\/2025\/03\/DSC_4871-1200x800.jpg 1200w, https:\/\/www.cluster-zukunft-der-pflege.de\/wp-content\/uploads\/2025\/03\/DSC_4871-scaled.jpg 2560w\" sizes=\"(min-width: 2200px) 100vw, (min-width: 915px) 315px, (min-width: 824px) 420px, (min-width: 732px) 631px, (min-width: 640px) 732px, \" \/><\/div><\/div><\/div><div class=\"swiper-slide\"><div class=\"fusion-carousel-item-wrapper\"><div class=\"fusion-image-wrapper hover-type-liftup\"><img decoding=\"async\" width=\"2560\" height=\"1707\" src=\"https:\/\/www.cluster-zukunft-der-pflege.de\/wp-content\/uploads\/2025\/03\/DSC_4923-scaled.jpg\" class=\"attachment-full size-full\" alt=\"\" srcset=\"https:\/\/www.cluster-zukunft-der-pflege.de\/wp-content\/uploads\/2025\/03\/DSC_4923-200x133.jpg 200w, https:\/\/www.cluster-zukunft-der-pflege.de\/wp-content\/uploads\/2025\/03\/DSC_4923-400x267.jpg 400w, https:\/\/www.cluster-zukunft-der-pflege.de\/wp-content\/uploads\/2025\/03\/DSC_4923-600x400.jpg 600w, https:\/\/www.cluster-zukunft-der-pflege.de\/wp-content\/uploads\/2025\/03\/DSC_4923-800x533.jpg 800w, https:\/\/www.cluster-zukunft-der-pflege.de\/wp-content\/uploads\/2025\/03\/DSC_4923-1200x800.jpg 1200w, https:\/\/www.cluster-zukunft-der-pflege.de\/wp-content\/uploads\/2025\/03\/DSC_4923-scaled.jpg 2560w\" sizes=\"(min-width: 2200px) 100vw, (min-width: 915px) 315px, (min-width: 824px) 420px, (min-width: 732px) 631px, (min-width: 640px) 732px, \" \/><\/div><\/div><\/div><div class=\"swiper-slide\"><div class=\"fusion-carousel-item-wrapper\"><div class=\"fusion-image-wrapper hover-type-liftup\"><img decoding=\"async\" width=\"2560\" height=\"1707\" src=\"https:\/\/www.cluster-zukunft-der-pflege.de\/wp-content\/uploads\/2025\/03\/DSC_4924-scaled.jpg\" class=\"attachment-full size-full\" alt=\"\" srcset=\"https:\/\/www.cluster-zukunft-der-pflege.de\/wp-content\/uploads\/2025\/03\/DSC_4924-200x133.jpg 200w, https:\/\/www.cluster-zukunft-der-pflege.de\/wp-content\/uploads\/2025\/03\/DSC_4924-400x267.jpg 400w, https:\/\/www.cluster-zukunft-der-pflege.de\/wp-content\/uploads\/2025\/03\/DSC_4924-600x400.jpg 600w, https:\/\/www.cluster-zukunft-der-pflege.de\/wp-content\/uploads\/2025\/03\/DSC_4924-800x533.jpg 800w, https:\/\/www.cluster-zukunft-der-pflege.de\/wp-content\/uploads\/2025\/03\/DSC_4924-1200x800.jpg 1200w, https:\/\/www.cluster-zukunft-der-pflege.de\/wp-content\/uploads\/2025\/03\/DSC_4924-scaled.jpg 2560w\" sizes=\"(min-width: 2200px) 100vw, (min-width: 915px) 315px, (min-width: 824px) 420px, (min-width: 732px) 631px, (min-width: 640px) 732px, \" \/><\/div><\/div><\/div><div class=\"swiper-slide\"><div class=\"fusion-carousel-item-wrapper\"><div class=\"fusion-image-wrapper hover-type-liftup\"><img decoding=\"async\" width=\"2560\" height=\"1707\" src=\"https:\/\/www.cluster-zukunft-der-pflege.de\/wp-content\/uploads\/2025\/03\/DSC_4956-scaled.jpg\" class=\"attachment-full size-full\" alt=\"\" srcset=\"https:\/\/www.cluster-zukunft-der-pflege.de\/wp-content\/uploads\/2025\/03\/DSC_4956-200x133.jpg 200w, https:\/\/www.cluster-zukunft-der-pflege.de\/wp-content\/uploads\/2025\/03\/DSC_4956-400x267.jpg 400w, https:\/\/www.cluster-zukunft-der-pflege.de\/wp-content\/uploads\/2025\/03\/DSC_4956-600x400.jpg 600w, https:\/\/www.cluster-zukunft-der-pflege.de\/wp-content\/uploads\/2025\/03\/DSC_4956-800x533.jpg 800w, https:\/\/www.cluster-zukunft-der-pflege.de\/wp-content\/uploads\/2025\/03\/DSC_4956-1200x800.jpg 1200w, https:\/\/www.cluster-zukunft-der-pflege.de\/wp-content\/uploads\/2025\/03\/DSC_4956-scaled.jpg 2560w\" sizes=\"(min-width: 2200px) 100vw, (min-width: 915px) 315px, (min-width: 824px) 420px, (min-width: 732px) 631px, (min-width: 640px) 732px, \" \/><\/div><\/div><\/div><div class=\"swiper-slide\"><div class=\"fusion-carousel-item-wrapper\"><div class=\"fusion-image-wrapper hover-type-liftup\"><img decoding=\"async\" width=\"2560\" height=\"1707\" src=\"https:\/\/www.cluster-zukunft-der-pflege.de\/wp-content\/uploads\/2025\/03\/DSC_4967-scaled.jpg\" class=\"attachment-full size-full\" alt=\"\" srcset=\"https:\/\/www.cluster-zukunft-der-pflege.de\/wp-content\/uploads\/2025\/03\/DSC_4967-200x133.jpg 200w, https:\/\/www.cluster-zukunft-der-pflege.de\/wp-content\/uploads\/2025\/03\/DSC_4967-400x267.jpg 400w, https:\/\/www.cluster-zukunft-der-pflege.de\/wp-content\/uploads\/2025\/03\/DSC_4967-600x400.jpg 600w, https:\/\/www.cluster-zukunft-der-pflege.de\/wp-content\/uploads\/2025\/03\/DSC_4967-800x533.jpg 800w, https:\/\/www.cluster-zukunft-der-pflege.de\/wp-content\/uploads\/2025\/03\/DSC_4967-1200x800.jpg 1200w, https:\/\/www.cluster-zukunft-der-pflege.de\/wp-content\/uploads\/2025\/03\/DSC_4967-scaled.jpg 2560w\" sizes=\"(min-width: 2200px) 100vw, (min-width: 915px) 315px, (min-width: 824px) 420px, (min-width: 732px) 631px, (min-width: 640px) 732px, \" \/><\/div><\/div><\/div><div class=\"swiper-slide\"><div class=\"fusion-carousel-item-wrapper\"><div class=\"fusion-image-wrapper hover-type-liftup\"><img decoding=\"async\" width=\"2560\" height=\"1707\" src=\"https:\/\/www.cluster-zukunft-der-pflege.de\/wp-content\/uploads\/2025\/03\/DSC_5011-scaled.jpg\" class=\"attachment-full size-full\" alt=\"\" srcset=\"https:\/\/www.cluster-zukunft-der-pflege.de\/wp-content\/uploads\/2025\/03\/DSC_5011-200x133.jpg 200w, https:\/\/www.cluster-zukunft-der-pflege.de\/wp-content\/uploads\/2025\/03\/DSC_5011-400x267.jpg 400w, https:\/\/www.cluster-zukunft-der-pflege.de\/wp-content\/uploads\/2025\/03\/DSC_5011-600x400.jpg 600w, https:\/\/www.cluster-zukunft-der-pflege.de\/wp-content\/uploads\/2025\/03\/DSC_5011-800x533.jpg 800w, https:\/\/www.cluster-zukunft-der-pflege.de\/wp-content\/uploads\/2025\/03\/DSC_5011-1200x800.jpg 1200w, https:\/\/www.cluster-zukunft-der-pflege.de\/wp-content\/uploads\/2025\/03\/DSC_5011-scaled.jpg 2560w\" sizes=\"(min-width: 2200px) 100vw, (min-width: 915px) 315px, (min-width: 824px) 420px, (min-width: 732px) 631px, (min-width: 640px) 732px, \" \/><\/div><\/div><\/div><div class=\"swiper-slide\"><div class=\"fusion-carousel-item-wrapper\"><div class=\"fusion-image-wrapper hover-type-liftup\"><img decoding=\"async\" width=\"2560\" height=\"1707\" src=\"https:\/\/www.cluster-zukunft-der-pflege.de\/wp-content\/uploads\/2025\/03\/DSC_5017-scaled.jpg\" class=\"attachment-full size-full\" alt=\"\" srcset=\"https:\/\/www.cluster-zukunft-der-pflege.de\/wp-content\/uploads\/2025\/03\/DSC_5017-200x133.jpg 200w, https:\/\/www.cluster-zukunft-der-pflege.de\/wp-content\/uploads\/2025\/03\/DSC_5017-400x267.jpg 400w, https:\/\/www.cluster-zukunft-der-pflege.de\/wp-content\/uploads\/2025\/03\/DSC_5017-600x400.jpg 600w, https:\/\/www.cluster-zukunft-der-pflege.de\/wp-content\/uploads\/2025\/03\/DSC_5017-800x533.jpg 800w, https:\/\/www.cluster-zukunft-der-pflege.de\/wp-content\/uploads\/2025\/03\/DSC_5017-1200x800.jpg 1200w, https:\/\/www.cluster-zukunft-der-pflege.de\/wp-content\/uploads\/2025\/03\/DSC_5017-scaled.jpg 2560w\" sizes=\"(min-width: 2200px) 100vw, (min-width: 915px) 315px, (min-width: 824px) 420px, (min-width: 732px) 631px, (min-width: 640px) 732px, \" \/><\/div><\/div><\/div><div class=\"swiper-slide\"><div class=\"fusion-carousel-item-wrapper\"><div class=\"fusion-image-wrapper hover-type-liftup\"><img decoding=\"async\" width=\"2560\" height=\"1707\" src=\"https:\/\/www.cluster-zukunft-der-pflege.de\/wp-content\/uploads\/2025\/03\/DSC_5023-scaled.jpg\" class=\"attachment-full size-full\" alt=\"\" srcset=\"https:\/\/www.cluster-zukunft-der-pflege.de\/wp-content\/uploads\/2025\/03\/DSC_5023-200x133.jpg 200w, https:\/\/www.cluster-zukunft-der-pflege.de\/wp-content\/uploads\/2025\/03\/DSC_5023-400x267.jpg 400w, https:\/\/www.cluster-zukunft-der-pflege.de\/wp-content\/uploads\/2025\/03\/DSC_5023-600x400.jpg 600w, https:\/\/www.cluster-zukunft-der-pflege.de\/wp-content\/uploads\/2025\/03\/DSC_5023-800x533.jpg 800w, https:\/\/www.cluster-zukunft-der-pflege.de\/wp-content\/uploads\/2025\/03\/DSC_5023-1200x800.jpg 1200w, https:\/\/www.cluster-zukunft-der-pflege.de\/wp-content\/uploads\/2025\/03\/DSC_5023-scaled.jpg 2560w\" sizes=\"(min-width: 2200px) 100vw, (min-width: 915px) 315px, (min-width: 824px) 420px, (min-width: 732px) 631px, (min-width: 640px) 732px, \" \/><\/div><\/div><\/div><div class=\"swiper-slide\"><div class=\"fusion-carousel-item-wrapper\"><div class=\"fusion-image-wrapper hover-type-liftup\"><img decoding=\"async\" width=\"2560\" height=\"1707\" src=\"https:\/\/www.cluster-zukunft-der-pflege.de\/wp-content\/uploads\/2025\/03\/DSC_5031-scaled.jpg\" class=\"attachment-full size-full\" alt=\"\" srcset=\"https:\/\/www.cluster-zukunft-der-pflege.de\/wp-content\/uploads\/2025\/03\/DSC_5031-200x133.jpg 200w, https:\/\/www.cluster-zukunft-der-pflege.de\/wp-content\/uploads\/2025\/03\/DSC_5031-400x267.jpg 400w, https:\/\/www.cluster-zukunft-der-pflege.de\/wp-content\/uploads\/2025\/03\/DSC_5031-600x400.jpg 600w, https:\/\/www.cluster-zukunft-der-pflege.de\/wp-content\/uploads\/2025\/03\/DSC_5031-800x533.jpg 800w, https:\/\/www.cluster-zukunft-der-pflege.de\/wp-content\/uploads\/2025\/03\/DSC_5031-1200x800.jpg 1200w, https:\/\/www.cluster-zukunft-der-pflege.de\/wp-content\/uploads\/2025\/03\/DSC_5031-scaled.jpg 2560w\" sizes=\"(min-width: 2200px) 100vw, (min-width: 915px) 315px, (min-width: 824px) 420px, (min-width: 732px) 631px, (min-width: 640px) 732px, \" \/><\/div><\/div><\/div><div class=\"swiper-slide\"><div class=\"fusion-carousel-item-wrapper\"><div class=\"fusion-image-wrapper hover-type-liftup\"><img decoding=\"async\" width=\"2560\" height=\"1707\" src=\"https:\/\/www.cluster-zukunft-der-pflege.de\/wp-content\/uploads\/2025\/03\/DSC_5041-scaled.jpg\" class=\"attachment-full size-full\" alt=\"\" srcset=\"https:\/\/www.cluster-zukunft-der-pflege.de\/wp-content\/uploads\/2025\/03\/DSC_5041-200x133.jpg 200w, https:\/\/www.cluster-zukunft-der-pflege.de\/wp-content\/uploads\/2025\/03\/DSC_5041-400x267.jpg 400w, https:\/\/www.cluster-zukunft-der-pflege.de\/wp-content\/uploads\/2025\/03\/DSC_5041-600x400.jpg 600w, https:\/\/www.cluster-zukunft-der-pflege.de\/wp-content\/uploads\/2025\/03\/DSC_5041-800x533.jpg 800w, https:\/\/www.cluster-zukunft-der-pflege.de\/wp-content\/uploads\/2025\/03\/DSC_5041-1200x800.jpg 1200w, https:\/\/www.cluster-zukunft-der-pflege.de\/wp-content\/uploads\/2025\/03\/DSC_5041-scaled.jpg 2560w\" sizes=\"(min-width: 2200px) 100vw, (min-width: 915px) 315px, (min-width: 824px) 420px, (min-width: 732px) 631px, (min-width: 640px) 732px, \" \/><\/div><\/div><\/div><div class=\"swiper-slide\"><div class=\"fusion-carousel-item-wrapper\"><div class=\"fusion-image-wrapper hover-type-liftup\"><img decoding=\"async\" width=\"2560\" height=\"1707\" src=\"https:\/\/www.cluster-zukunft-der-pflege.de\/wp-content\/uploads\/2025\/03\/DSC_5066-scaled.jpg\" class=\"attachment-full size-full\" alt=\"\" srcset=\"https:\/\/www.cluster-zukunft-der-pflege.de\/wp-content\/uploads\/2025\/03\/DSC_5066-200x133.jpg 200w, https:\/\/www.cluster-zukunft-der-pflege.de\/wp-content\/uploads\/2025\/03\/DSC_5066-400x267.jpg 400w, https:\/\/www.cluster-zukunft-der-pflege.de\/wp-content\/uploads\/2025\/03\/DSC_5066-600x400.jpg 600w, https:\/\/www.cluster-zukunft-der-pflege.de\/wp-content\/uploads\/2025\/03\/DSC_5066-800x533.jpg 800w, https:\/\/www.cluster-zukunft-der-pflege.de\/wp-content\/uploads\/2025\/03\/DSC_5066-1200x800.jpg 1200w, https:\/\/www.cluster-zukunft-der-pflege.de\/wp-content\/uploads\/2025\/03\/DSC_5066-scaled.jpg 2560w\" sizes=\"(min-width: 2200px) 100vw, (min-width: 915px) 315px, (min-width: 824px) 420px, (min-width: 732px) 631px, (min-width: 640px) 732px, \" \/><\/div><\/div><\/div><div class=\"swiper-slide\"><div class=\"fusion-carousel-item-wrapper\"><div class=\"fusion-image-wrapper hover-type-liftup\"><img decoding=\"async\" width=\"2560\" height=\"1707\" src=\"https:\/\/www.cluster-zukunft-der-pflege.de\/wp-content\/uploads\/2025\/03\/DSC_5081-scaled.jpg\" class=\"attachment-full size-full\" alt=\"\" srcset=\"https:\/\/www.cluster-zukunft-der-pflege.de\/wp-content\/uploads\/2025\/03\/DSC_5081-200x133.jpg 200w, https:\/\/www.cluster-zukunft-der-pflege.de\/wp-content\/uploads\/2025\/03\/DSC_5081-400x267.jpg 400w, https:\/\/www.cluster-zukunft-der-pflege.de\/wp-content\/uploads\/2025\/03\/DSC_5081-600x400.jpg 600w, https:\/\/www.cluster-zukunft-der-pflege.de\/wp-content\/uploads\/2025\/03\/DSC_5081-800x533.jpg 800w, https:\/\/www.cluster-zukunft-der-pflege.de\/wp-content\/uploads\/2025\/03\/DSC_5081-1200x800.jpg 1200w, https:\/\/www.cluster-zukunft-der-pflege.de\/wp-content\/uploads\/2025\/03\/DSC_5081-scaled.jpg 2560w\" sizes=\"(min-width: 2200px) 100vw, (min-width: 915px) 315px, (min-width: 824px) 420px, (min-width: 732px) 631px, (min-width: 640px) 732px, \" \/><\/div><\/div><\/div><div class=\"swiper-slide\"><div class=\"fusion-carousel-item-wrapper\"><div class=\"fusion-image-wrapper hover-type-liftup\"><img decoding=\"async\" width=\"2560\" height=\"1707\" src=\"https:\/\/www.cluster-zukunft-der-pflege.de\/wp-content\/uploads\/2025\/03\/DSC_5116-scaled.jpg\" class=\"attachment-full size-full\" alt=\"\" srcset=\"https:\/\/www.cluster-zukunft-der-pflege.de\/wp-content\/uploads\/2025\/03\/DSC_5116-200x133.jpg 200w, https:\/\/www.cluster-zukunft-der-pflege.de\/wp-content\/uploads\/2025\/03\/DSC_5116-400x267.jpg 400w, https:\/\/www.cluster-zukunft-der-pflege.de\/wp-content\/uploads\/2025\/03\/DSC_5116-600x400.jpg 600w, https:\/\/www.cluster-zukunft-der-pflege.de\/wp-content\/uploads\/2025\/03\/DSC_5116-800x533.jpg 800w, https:\/\/www.cluster-zukunft-der-pflege.de\/wp-content\/uploads\/2025\/03\/DSC_5116-1200x800.jpg 1200w, https:\/\/www.cluster-zukunft-der-pflege.de\/wp-content\/uploads\/2025\/03\/DSC_5116-scaled.jpg 2560w\" sizes=\"(min-width: 2200px) 100vw, (min-width: 915px) 315px, (min-width: 824px) 420px, (min-width: 732px) 631px, (min-width: 640px) 732px, \" \/><\/div><\/div><\/div><div class=\"swiper-slide\"><div class=\"fusion-carousel-item-wrapper\"><div class=\"fusion-image-wrapper hover-type-liftup\"><img decoding=\"async\" width=\"2560\" height=\"1707\" src=\"https:\/\/www.cluster-zukunft-der-pflege.de\/wp-content\/uploads\/2025\/03\/DSC_5120-scaled.jpg\" class=\"attachment-full size-full\" alt=\"\" srcset=\"https:\/\/www.cluster-zukunft-der-pflege.de\/wp-content\/uploads\/2025\/03\/DSC_5120-200x133.jpg 200w, https:\/\/www.cluster-zukunft-der-pflege.de\/wp-content\/uploads\/2025\/03\/DSC_5120-400x267.jpg 400w, https:\/\/www.cluster-zukunft-der-pflege.de\/wp-content\/uploads\/2025\/03\/DSC_5120-600x400.jpg 600w, https:\/\/www.cluster-zukunft-der-pflege.de\/wp-content\/uploads\/2025\/03\/DSC_5120-800x533.jpg 800w, https:\/\/www.cluster-zukunft-der-pflege.de\/wp-content\/uploads\/2025\/03\/DSC_5120-1200x800.jpg 1200w, https:\/\/www.cluster-zukunft-der-pflege.de\/wp-content\/uploads\/2025\/03\/DSC_5120-scaled.jpg 2560w\" sizes=\"(min-width: 2200px) 100vw, (min-width: 915px) 315px, (min-width: 824px) 420px, (min-width: 732px) 631px, (min-width: 640px) 732px, \" \/><\/div><\/div><\/div><div class=\"swiper-slide\"><div class=\"fusion-carousel-item-wrapper\"><div class=\"fusion-image-wrapper hover-type-liftup\"><img decoding=\"async\" width=\"2560\" height=\"1707\" src=\"https:\/\/www.cluster-zukunft-der-pflege.de\/wp-content\/uploads\/2025\/03\/DSC_5159-scaled.jpg\" class=\"attachment-full size-full\" alt=\"\" srcset=\"https:\/\/www.cluster-zukunft-der-pflege.de\/wp-content\/uploads\/2025\/03\/DSC_5159-200x133.jpg 200w, https:\/\/www.cluster-zukunft-der-pflege.de\/wp-content\/uploads\/2025\/03\/DSC_5159-400x267.jpg 400w, https:\/\/www.cluster-zukunft-der-pflege.de\/wp-content\/uploads\/2025\/03\/DSC_5159-600x400.jpg 600w, https:\/\/www.cluster-zukunft-der-pflege.de\/wp-content\/uploads\/2025\/03\/DSC_5159-800x533.jpg 800w, https:\/\/www.cluster-zukunft-der-pflege.de\/wp-content\/uploads\/2025\/03\/DSC_5159-1200x800.jpg 1200w, https:\/\/www.cluster-zukunft-der-pflege.de\/wp-content\/uploads\/2025\/03\/DSC_5159-scaled.jpg 2560w\" sizes=\"(min-width: 2200px) 100vw, (min-width: 915px) 315px, (min-width: 824px) 420px, (min-width: 732px) 631px, (min-width: 640px) 732px, \" \/><\/div><\/div><\/div><div class=\"swiper-slide\"><div class=\"fusion-carousel-item-wrapper\"><div class=\"fusion-image-wrapper hover-type-liftup\"><img decoding=\"async\" width=\"2560\" height=\"1707\" src=\"https:\/\/www.cluster-zukunft-der-pflege.de\/wp-content\/uploads\/2025\/03\/DSC_5164-scaled.jpg\" class=\"attachment-full size-full\" alt=\"\" srcset=\"https:\/\/www.cluster-zukunft-der-pflege.de\/wp-content\/uploads\/2025\/03\/DSC_5164-200x133.jpg 200w, https:\/\/www.cluster-zukunft-der-pflege.de\/wp-content\/uploads\/2025\/03\/DSC_5164-400x267.jpg 400w, https:\/\/www.cluster-zukunft-der-pflege.de\/wp-content\/uploads\/2025\/03\/DSC_5164-600x400.jpg 600w, https:\/\/www.cluster-zukunft-der-pflege.de\/wp-content\/uploads\/2025\/03\/DSC_5164-800x533.jpg 800w, https:\/\/www.cluster-zukunft-der-pflege.de\/wp-content\/uploads\/2025\/03\/DSC_5164-1200x800.jpg 1200w, https:\/\/www.cluster-zukunft-der-pflege.de\/wp-content\/uploads\/2025\/03\/DSC_5164-scaled.jpg 2560w\" sizes=\"(min-width: 2200px) 100vw, (min-width: 915px) 315px, (min-width: 824px) 420px, (min-width: 732px) 631px, (min-width: 640px) 732px, \" \/><\/div><\/div><\/div><div class=\"swiper-slide\"><div class=\"fusion-carousel-item-wrapper\"><div class=\"fusion-image-wrapper hover-type-liftup\"><img decoding=\"async\" width=\"2560\" height=\"1707\" src=\"https:\/\/www.cluster-zukunft-der-pflege.de\/wp-content\/uploads\/2025\/03\/DSC_5201-scaled.jpg\" class=\"attachment-full size-full\" alt=\"\" srcset=\"https:\/\/www.cluster-zukunft-der-pflege.de\/wp-content\/uploads\/2025\/03\/DSC_5201-200x133.jpg 200w, https:\/\/www.cluster-zukunft-der-pflege.de\/wp-content\/uploads\/2025\/03\/DSC_5201-400x267.jpg 400w, https:\/\/www.cluster-zukunft-der-pflege.de\/wp-content\/uploads\/2025\/03\/DSC_5201-600x400.jpg 600w, https:\/\/www.cluster-zukunft-der-pflege.de\/wp-content\/uploads\/2025\/03\/DSC_5201-800x533.jpg 800w, https:\/\/www.cluster-zukunft-der-pflege.de\/wp-content\/uploads\/2025\/03\/DSC_5201-1200x800.jpg 1200w, https:\/\/www.cluster-zukunft-der-pflege.de\/wp-content\/uploads\/2025\/03\/DSC_5201-scaled.jpg 2560w\" sizes=\"(min-width: 2200px) 100vw, (min-width: 915px) 315px, (min-width: 824px) 420px, (min-width: 732px) 631px, (min-width: 640px) 732px, \" \/><\/div><\/div><\/div><div class=\"swiper-slide\"><div class=\"fusion-carousel-item-wrapper\"><div class=\"fusion-image-wrapper hover-type-liftup\"><img decoding=\"async\" width=\"2560\" height=\"1707\" src=\"https:\/\/www.cluster-zukunft-der-pflege.de\/wp-content\/uploads\/2025\/03\/DSC_5245-scaled.jpg\" class=\"attachment-full size-full\" alt=\"\" srcset=\"https:\/\/www.cluster-zukunft-der-pflege.de\/wp-content\/uploads\/2025\/03\/DSC_5245-200x133.jpg 200w, https:\/\/www.cluster-zukunft-der-pflege.de\/wp-content\/uploads\/2025\/03\/DSC_5245-400x267.jpg 400w, https:\/\/www.cluster-zukunft-der-pflege.de\/wp-content\/uploads\/2025\/03\/DSC_5245-600x400.jpg 600w, https:\/\/www.cluster-zukunft-der-pflege.de\/wp-content\/uploads\/2025\/03\/DSC_5245-800x533.jpg 800w, https:\/\/www.cluster-zukunft-der-pflege.de\/wp-content\/uploads\/2025\/03\/DSC_5245-1200x800.jpg 1200w, https:\/\/www.cluster-zukunft-der-pflege.de\/wp-content\/uploads\/2025\/03\/DSC_5245-scaled.jpg 2560w\" sizes=\"(min-width: 2200px) 100vw, (min-width: 915px) 315px, (min-width: 824px) 420px, (min-width: 732px) 631px, (min-width: 640px) 732px, \" \/><\/div><\/div><\/div><div class=\"swiper-slide\"><div class=\"fusion-carousel-item-wrapper\"><div class=\"fusion-image-wrapper hover-type-liftup\"><img decoding=\"async\" width=\"2560\" height=\"1707\" src=\"https:\/\/www.cluster-zukunft-der-pflege.de\/wp-content\/uploads\/2025\/03\/DSC_5278-scaled.jpg\" class=\"attachment-full size-full\" alt=\"\" srcset=\"https:\/\/www.cluster-zukunft-der-pflege.de\/wp-content\/uploads\/2025\/03\/DSC_5278-200x133.jpg 200w, https:\/\/www.cluster-zukunft-der-pflege.de\/wp-content\/uploads\/2025\/03\/DSC_5278-400x267.jpg 400w, https:\/\/www.cluster-zukunft-der-pflege.de\/wp-content\/uploads\/2025\/03\/DSC_5278-600x400.jpg 600w, https:\/\/www.cluster-zukunft-der-pflege.de\/wp-content\/uploads\/2025\/03\/DSC_5278-800x533.jpg 800w, https:\/\/www.cluster-zukunft-der-pflege.de\/wp-content\/uploads\/2025\/03\/DSC_5278-1200x800.jpg 1200w, https:\/\/www.cluster-zukunft-der-pflege.de\/wp-content\/uploads\/2025\/03\/DSC_5278-scaled.jpg 2560w\" sizes=\"(min-width: 2200px) 100vw, (min-width: 915px) 315px, (min-width: 824px) 420px, (min-width: 732px) 631px, (min-width: 640px) 732px, \" \/><\/div><\/div><\/div><div class=\"swiper-slide\"><div class=\"fusion-carousel-item-wrapper\"><div class=\"fusion-image-wrapper hover-type-liftup\"><img decoding=\"async\" width=\"2560\" height=\"1707\" src=\"https:\/\/www.cluster-zukunft-der-pflege.de\/wp-content\/uploads\/2025\/03\/DSC_5298-scaled.jpg\" class=\"attachment-full size-full\" alt=\"\" srcset=\"https:\/\/www.cluster-zukunft-der-pflege.de\/wp-content\/uploads\/2025\/03\/DSC_5298-200x133.jpg 200w, https:\/\/www.cluster-zukunft-der-pflege.de\/wp-content\/uploads\/2025\/03\/DSC_5298-400x267.jpg 400w, https:\/\/www.cluster-zukunft-der-pflege.de\/wp-content\/uploads\/2025\/03\/DSC_5298-600x400.jpg 600w, https:\/\/www.cluster-zukunft-der-pflege.de\/wp-content\/uploads\/2025\/03\/DSC_5298-800x533.jpg 800w, https:\/\/www.cluster-zukunft-der-pflege.de\/wp-content\/uploads\/2025\/03\/DSC_5298-1200x800.jpg 1200w, https:\/\/www.cluster-zukunft-der-pflege.de\/wp-content\/uploads\/2025\/03\/DSC_5298-scaled.jpg 2560w\" sizes=\"(min-width: 2200px) 100vw, (min-width: 915px) 315px, (min-width: 824px) 420px, (min-width: 732px) 631px, (min-width: 640px) 732px, \" \/><\/div><\/div><\/div><div class=\"swiper-slide\"><div class=\"fusion-carousel-item-wrapper\"><div class=\"fusion-image-wrapper hover-type-liftup\"><img decoding=\"async\" width=\"2560\" height=\"1707\" src=\"https:\/\/www.cluster-zukunft-der-pflege.de\/wp-content\/uploads\/2025\/03\/DSC_5300-scaled.jpg\" class=\"attachment-full size-full\" alt=\"\" srcset=\"https:\/\/www.cluster-zukunft-der-pflege.de\/wp-content\/uploads\/2025\/03\/DSC_5300-200x133.jpg 200w, https:\/\/www.cluster-zukunft-der-pflege.de\/wp-content\/uploads\/2025\/03\/DSC_5300-400x267.jpg 400w, https:\/\/www.cluster-zukunft-der-pflege.de\/wp-content\/uploads\/2025\/03\/DSC_5300-600x400.jpg 600w, https:\/\/www.cluster-zukunft-der-pflege.de\/wp-content\/uploads\/2025\/03\/DSC_5300-800x533.jpg 800w, https:\/\/www.cluster-zukunft-der-pflege.de\/wp-content\/uploads\/2025\/03\/DSC_5300-1200x800.jpg 1200w, https:\/\/www.cluster-zukunft-der-pflege.de\/wp-content\/uploads\/2025\/03\/DSC_5300-scaled.jpg 2560w\" sizes=\"(min-width: 2200px) 100vw, (min-width: 915px) 315px, (min-width: 824px) 420px, (min-width: 732px) 631px, (min-width: 640px) 732px, \" \/><\/div><\/div><\/div><div class=\"swiper-slide\"><div class=\"fusion-carousel-item-wrapper\"><div class=\"fusion-image-wrapper hover-type-liftup\"><img decoding=\"async\" width=\"2560\" height=\"1707\" src=\"https:\/\/www.cluster-zukunft-der-pflege.de\/wp-content\/uploads\/2025\/03\/DSC_5301-scaled.jpg\" class=\"attachment-full size-full\" alt=\"\" srcset=\"https:\/\/www.cluster-zukunft-der-pflege.de\/wp-content\/uploads\/2025\/03\/DSC_5301-200x133.jpg 200w, https:\/\/www.cluster-zukunft-der-pflege.de\/wp-content\/uploads\/2025\/03\/DSC_5301-400x267.jpg 400w, https:\/\/www.cluster-zukunft-der-pflege.de\/wp-content\/uploads\/2025\/03\/DSC_5301-600x400.jpg 600w, https:\/\/www.cluster-zukunft-der-pflege.de\/wp-content\/uploads\/2025\/03\/DSC_5301-800x533.jpg 800w, https:\/\/www.cluster-zukunft-der-pflege.de\/wp-content\/uploads\/2025\/03\/DSC_5301-1200x800.jpg 1200w, https:\/\/www.cluster-zukunft-der-pflege.de\/wp-content\/uploads\/2025\/03\/DSC_5301-scaled.jpg 2560w\" sizes=\"(min-width: 2200px) 100vw, (min-width: 915px) 315px, (min-width: 824px) 420px, (min-width: 732px) 631px, (min-width: 640px) 732px, \" \/><\/div><\/div><\/div><div class=\"swiper-slide\"><div class=\"fusion-carousel-item-wrapper\"><div class=\"fusion-image-wrapper hover-type-liftup\"><img decoding=\"async\" width=\"2560\" height=\"1707\" src=\"https:\/\/www.cluster-zukunft-der-pflege.de\/wp-content\/uploads\/2025\/03\/DSC_5348-scaled.jpg\" class=\"attachment-full size-full\" alt=\"\" srcset=\"https:\/\/www.cluster-zukunft-der-pflege.de\/wp-content\/uploads\/2025\/03\/DSC_5348-200x133.jpg 200w, https:\/\/www.cluster-zukunft-der-pflege.de\/wp-content\/uploads\/2025\/03\/DSC_5348-400x267.jpg 400w, https:\/\/www.cluster-zukunft-der-pflege.de\/wp-content\/uploads\/2025\/03\/DSC_5348-600x400.jpg 600w, https:\/\/www.cluster-zukunft-der-pflege.de\/wp-content\/uploads\/2025\/03\/DSC_5348-800x533.jpg 800w, https:\/\/www.cluster-zukunft-der-pflege.de\/wp-content\/uploads\/2025\/03\/DSC_5348-1200x800.jpg 1200w, https:\/\/www.cluster-zukunft-der-pflege.de\/wp-content\/uploads\/2025\/03\/DSC_5348-scaled.jpg 2560w\" sizes=\"(min-width: 2200px) 100vw, (min-width: 915px) 315px, (min-width: 824px) 420px, (min-width: 732px) 631px, (min-width: 640px) 732px, \" \/><\/div><\/div><\/div><div class=\"swiper-slide\"><div class=\"fusion-carousel-item-wrapper\"><div class=\"fusion-image-wrapper hover-type-liftup\"><img decoding=\"async\" width=\"2560\" height=\"1706\" src=\"https:\/\/www.cluster-zukunft-der-pflege.de\/wp-content\/uploads\/2025\/03\/DSC_5415-scaled.jpg\" class=\"attachment-full size-full\" alt=\"\" srcset=\"https:\/\/www.cluster-zukunft-der-pflege.de\/wp-content\/uploads\/2025\/03\/DSC_5415-200x133.jpg 200w, https:\/\/www.cluster-zukunft-der-pflege.de\/wp-content\/uploads\/2025\/03\/DSC_5415-400x267.jpg 400w, https:\/\/www.cluster-zukunft-der-pflege.de\/wp-content\/uploads\/2025\/03\/DSC_5415-600x400.jpg 600w, https:\/\/www.cluster-zukunft-der-pflege.de\/wp-content\/uploads\/2025\/03\/DSC_5415-800x533.jpg 800w, https:\/\/www.cluster-zukunft-der-pflege.de\/wp-content\/uploads\/2025\/03\/DSC_5415-1200x800.jpg 1200w, https:\/\/www.cluster-zukunft-der-pflege.de\/wp-content\/uploads\/2025\/03\/DSC_5415-scaled.jpg 2560w\" sizes=\"(min-width: 2200px) 100vw, (min-width: 915px) 315px, (min-width: 824px) 420px, (min-width: 732px) 631px, (min-width: 640px) 732px, \" \/><\/div><\/div><\/div><div class=\"swiper-slide\"><div class=\"fusion-carousel-item-wrapper\"><div class=\"fusion-image-wrapper hover-type-liftup\"><img decoding=\"async\" width=\"2560\" height=\"1920\" src=\"https:\/\/www.cluster-zukunft-der-pflege.de\/wp-content\/uploads\/2025\/03\/DSC_5416-scaled.jpg\" class=\"attachment-full size-full\" alt=\"\" srcset=\"https:\/\/www.cluster-zukunft-der-pflege.de\/wp-content\/uploads\/2025\/03\/DSC_5416-200x150.jpg 200w, https:\/\/www.cluster-zukunft-der-pflege.de\/wp-content\/uploads\/2025\/03\/DSC_5416-400x300.jpg 400w, https:\/\/www.cluster-zukunft-der-pflege.de\/wp-content\/uploads\/2025\/03\/DSC_5416-600x450.jpg 600w, https:\/\/www.cluster-zukunft-der-pflege.de\/wp-content\/uploads\/2025\/03\/DSC_5416-800x600.jpg 800w, https:\/\/www.cluster-zukunft-der-pflege.de\/wp-content\/uploads\/2025\/03\/DSC_5416-1200x900.jpg 1200w, https:\/\/www.cluster-zukunft-der-pflege.de\/wp-content\/uploads\/2025\/03\/DSC_5416-scaled.jpg 2560w\" sizes=\"(min-width: 2200px) 100vw, (min-width: 915px) 315px, (min-width: 824px) 420px, (min-width: 732px) 631px, (min-width: 640px) 732px, \" \/><\/div><\/div><\/div><div class=\"swiper-slide\"><div class=\"fusion-carousel-item-wrapper\"><div class=\"fusion-image-wrapper hover-type-liftup\"><img decoding=\"async\" width=\"2560\" height=\"1706\" src=\"https:\/\/www.cluster-zukunft-der-pflege.de\/wp-content\/uploads\/2025\/03\/DSC_5421-scaled.jpg\" class=\"attachment-full size-full\" alt=\"\" srcset=\"https:\/\/www.cluster-zukunft-der-pflege.de\/wp-content\/uploads\/2025\/03\/DSC_5421-200x133.jpg 200w, https:\/\/www.cluster-zukunft-der-pflege.de\/wp-content\/uploads\/2025\/03\/DSC_5421-400x267.jpg 400w, https:\/\/www.cluster-zukunft-der-pflege.de\/wp-content\/uploads\/2025\/03\/DSC_5421-600x400.jpg 600w, https:\/\/www.cluster-zukunft-der-pflege.de\/wp-content\/uploads\/2025\/03\/DSC_5421-800x533.jpg 800w, https:\/\/www.cluster-zukunft-der-pflege.de\/wp-content\/uploads\/2025\/03\/DSC_5421-1200x800.jpg 1200w, https:\/\/www.cluster-zukunft-der-pflege.de\/wp-content\/uploads\/2025\/03\/DSC_5421-scaled.jpg 2560w\" sizes=\"(min-width: 2200px) 100vw, (min-width: 915px) 315px, (min-width: 824px) 420px, (min-width: 732px) 631px, (min-width: 640px) 732px, \" \/><\/div><\/div><\/div><div class=\"swiper-slide\"><div class=\"fusion-carousel-item-wrapper\"><div class=\"fusion-image-wrapper hover-type-liftup\"><img decoding=\"async\" width=\"2560\" height=\"1707\" src=\"https:\/\/www.cluster-zukunft-der-pflege.de\/wp-content\/uploads\/2025\/03\/DSC_5423-scaled.jpg\" class=\"attachment-full size-full\" alt=\"\" srcset=\"https:\/\/www.cluster-zukunft-der-pflege.de\/wp-content\/uploads\/2025\/03\/DSC_5423-200x133.jpg 200w, https:\/\/www.cluster-zukunft-der-pflege.de\/wp-content\/uploads\/2025\/03\/DSC_5423-400x267.jpg 400w, https:\/\/www.cluster-zukunft-der-pflege.de\/wp-content\/uploads\/2025\/03\/DSC_5423-600x400.jpg 600w, https:\/\/www.cluster-zukunft-der-pflege.de\/wp-content\/uploads\/2025\/03\/DSC_5423-800x533.jpg 800w, https:\/\/www.cluster-zukunft-der-pflege.de\/wp-content\/uploads\/2025\/03\/DSC_5423-1200x800.jpg 1200w, https:\/\/www.cluster-zukunft-der-pflege.de\/wp-content\/uploads\/2025\/03\/DSC_5423-scaled.jpg 2560w\" sizes=\"(min-width: 2200px) 100vw, (min-width: 915px) 315px, (min-width: 824px) 420px, (min-width: 732px) 631px, (min-width: 640px) 732px, \" \/><\/div><\/div><\/div><div class=\"swiper-slide\"><div class=\"fusion-carousel-item-wrapper\"><div class=\"fusion-image-wrapper hover-type-liftup\"><img decoding=\"async\" width=\"2560\" height=\"1707\" src=\"https:\/\/www.cluster-zukunft-der-pflege.de\/wp-content\/uploads\/2025\/03\/DSC_5437-scaled.jpg\" class=\"attachment-full size-full\" alt=\"\" srcset=\"https:\/\/www.cluster-zukunft-der-pflege.de\/wp-content\/uploads\/2025\/03\/DSC_5437-200x133.jpg 200w, https:\/\/www.cluster-zukunft-der-pflege.de\/wp-content\/uploads\/2025\/03\/DSC_5437-400x267.jpg 400w, https:\/\/www.cluster-zukunft-der-pflege.de\/wp-content\/uploads\/2025\/03\/DSC_5437-600x400.jpg 600w, https:\/\/www.cluster-zukunft-der-pflege.de\/wp-content\/uploads\/2025\/03\/DSC_5437-800x533.jpg 800w, https:\/\/www.cluster-zukunft-der-pflege.de\/wp-content\/uploads\/2025\/03\/DSC_5437-1200x800.jpg 1200w, https:\/\/www.cluster-zukunft-der-pflege.de\/wp-content\/uploads\/2025\/03\/DSC_5437-scaled.jpg 2560w\" sizes=\"(min-width: 2200px) 100vw, (min-width: 915px) 315px, (min-width: 824px) 420px, (min-width: 732px) 631px, (min-width: 640px) 732px, \" \/><\/div><\/div><\/div><div class=\"swiper-slide\"><div class=\"fusion-carousel-item-wrapper\"><div class=\"fusion-image-wrapper hover-type-liftup\"><img decoding=\"async\" width=\"2560\" height=\"1707\" src=\"https:\/\/www.cluster-zukunft-der-pflege.de\/wp-content\/uploads\/2025\/03\/DSC_5439-scaled.jpg\" class=\"attachment-full size-full\" alt=\"\" srcset=\"https:\/\/www.cluster-zukunft-der-pflege.de\/wp-content\/uploads\/2025\/03\/DSC_5439-200x133.jpg 200w, https:\/\/www.cluster-zukunft-der-pflege.de\/wp-content\/uploads\/2025\/03\/DSC_5439-400x267.jpg 400w, https:\/\/www.cluster-zukunft-der-pflege.de\/wp-content\/uploads\/2025\/03\/DSC_5439-600x400.jpg 600w, https:\/\/www.cluster-zukunft-der-pflege.de\/wp-content\/uploads\/2025\/03\/DSC_5439-800x533.jpg 800w, https:\/\/www.cluster-zukunft-der-pflege.de\/wp-content\/uploads\/2025\/03\/DSC_5439-1200x800.jpg 1200w, https:\/\/www.cluster-zukunft-der-pflege.de\/wp-content\/uploads\/2025\/03\/DSC_5439-scaled.jpg 2560w\" sizes=\"(min-width: 2200px) 100vw, (min-width: 915px) 315px, (min-width: 824px) 420px, (min-width: 732px) 631px, (min-width: 640px) 732px, \" \/><\/div><\/div><\/div><div class=\"swiper-slide\"><div class=\"fusion-carousel-item-wrapper\"><div class=\"fusion-image-wrapper hover-type-liftup\"><img decoding=\"async\" width=\"2560\" height=\"1707\" src=\"https:\/\/www.cluster-zukunft-der-pflege.de\/wp-content\/uploads\/2025\/03\/DSC_5459-scaled.jpg\" class=\"attachment-full size-full\" alt=\"\" srcset=\"https:\/\/www.cluster-zukunft-der-pflege.de\/wp-content\/uploads\/2025\/03\/DSC_5459-200x133.jpg 200w, https:\/\/www.cluster-zukunft-der-pflege.de\/wp-content\/uploads\/2025\/03\/DSC_5459-400x267.jpg 400w, https:\/\/www.cluster-zukunft-der-pflege.de\/wp-content\/uploads\/2025\/03\/DSC_5459-600x400.jpg 600w, https:\/\/www.cluster-zukunft-der-pflege.de\/wp-content\/uploads\/2025\/03\/DSC_5459-800x533.jpg 800w, https:\/\/www.cluster-zukunft-der-pflege.de\/wp-content\/uploads\/2025\/03\/DSC_5459-1200x800.jpg 1200w, https:\/\/www.cluster-zukunft-der-pflege.de\/wp-content\/uploads\/2025\/03\/DSC_5459-scaled.jpg 2560w\" sizes=\"(min-width: 2200px) 100vw, (min-width: 915px) 315px, (min-width: 824px) 420px, (min-width: 732px) 631px, (min-width: 640px) 732px, \" \/><\/div><\/div><\/div><div class=\"swiper-slide\"><div class=\"fusion-carousel-item-wrapper\"><div class=\"fusion-image-wrapper hover-type-liftup\"><img decoding=\"async\" width=\"2560\" height=\"1707\" src=\"https:\/\/www.cluster-zukunft-der-pflege.de\/wp-content\/uploads\/2025\/03\/DSC_5464-scaled.jpg\" class=\"attachment-full size-full\" alt=\"\" srcset=\"https:\/\/www.cluster-zukunft-der-pflege.de\/wp-content\/uploads\/2025\/03\/DSC_5464-200x133.jpg 200w, https:\/\/www.cluster-zukunft-der-pflege.de\/wp-content\/uploads\/2025\/03\/DSC_5464-400x267.jpg 400w, https:\/\/www.cluster-zukunft-der-pflege.de\/wp-content\/uploads\/2025\/03\/DSC_5464-600x400.jpg 600w, https:\/\/www.cluster-zukunft-der-pflege.de\/wp-content\/uploads\/2025\/03\/DSC_5464-800x533.jpg 800w, https:\/\/www.cluster-zukunft-der-pflege.de\/wp-content\/uploads\/2025\/03\/DSC_5464-1200x800.jpg 1200w, https:\/\/www.cluster-zukunft-der-pflege.de\/wp-content\/uploads\/2025\/03\/DSC_5464-scaled.jpg 2560w\" sizes=\"(min-width: 2200px) 100vw, (min-width: 915px) 315px, (min-width: 824px) 420px, (min-width: 732px) 631px, (min-width: 640px) 732px, \" \/><\/div><\/div><\/div><div class=\"swiper-slide\"><div class=\"fusion-carousel-item-wrapper\"><div class=\"fusion-image-wrapper hover-type-liftup\"><img decoding=\"async\" width=\"1707\" height=\"2560\" src=\"https:\/\/www.cluster-zukunft-der-pflege.de\/wp-content\/uploads\/2025\/03\/DSC_5480-scaled.jpg\" class=\"attachment-full size-full\" alt=\"\" srcset=\"https:\/\/www.cluster-zukunft-der-pflege.de\/wp-content\/uploads\/2025\/03\/DSC_5480-200x300.jpg 200w, https:\/\/www.cluster-zukunft-der-pflege.de\/wp-content\/uploads\/2025\/03\/DSC_5480-400x600.jpg 400w, https:\/\/www.cluster-zukunft-der-pflege.de\/wp-content\/uploads\/2025\/03\/DSC_5480-600x900.jpg 600w, https:\/\/www.cluster-zukunft-der-pflege.de\/wp-content\/uploads\/2025\/03\/DSC_5480-800x1200.jpg 800w, https:\/\/www.cluster-zukunft-der-pflege.de\/wp-content\/uploads\/2025\/03\/DSC_5480-1200x1800.jpg 1200w, https:\/\/www.cluster-zukunft-der-pflege.de\/wp-content\/uploads\/2025\/03\/DSC_5480-scaled.jpg 1707w\" sizes=\"(min-width: 2200px) 100vw, (min-width: 915px) 315px, (min-width: 824px) 420px, (min-width: 732px) 631px, (min-width: 640px) 732px, \" \/><\/div><\/div><\/div><div class=\"swiper-slide\"><div class=\"fusion-carousel-item-wrapper\"><div class=\"fusion-image-wrapper hover-type-liftup\"><img decoding=\"async\" width=\"2560\" height=\"1707\" src=\"https:\/\/www.cluster-zukunft-der-pflege.de\/wp-content\/uploads\/2025\/03\/DSC_5481-scaled.jpg\" class=\"attachment-full size-full\" alt=\"\" srcset=\"https:\/\/www.cluster-zukunft-der-pflege.de\/wp-content\/uploads\/2025\/03\/DSC_5481-200x133.jpg 200w, https:\/\/www.cluster-zukunft-der-pflege.de\/wp-content\/uploads\/2025\/03\/DSC_5481-400x267.jpg 400w, https:\/\/www.cluster-zukunft-der-pflege.de\/wp-content\/uploads\/2025\/03\/DSC_5481-600x400.jpg 600w, https:\/\/www.cluster-zukunft-der-pflege.de\/wp-content\/uploads\/2025\/03\/DSC_5481-800x533.jpg 800w, https:\/\/www.cluster-zukunft-der-pflege.de\/wp-content\/uploads\/2025\/03\/DSC_5481-1200x800.jpg 1200w, https:\/\/www.cluster-zukunft-der-pflege.de\/wp-content\/uploads\/2025\/03\/DSC_5481-scaled.jpg 2560w\" sizes=\"(min-width: 2200px) 100vw, (min-width: 915px) 315px, (min-width: 824px) 420px, (min-width: 732px) 631px, (min-width: 640px) 732px, \" \/><\/div><\/div><\/div><div class=\"swiper-slide\"><div class=\"fusion-carousel-item-wrapper\"><div class=\"fusion-image-wrapper hover-type-liftup\"><img decoding=\"async\" width=\"2560\" height=\"1706\" src=\"https:\/\/www.cluster-zukunft-der-pflege.de\/wp-content\/uploads\/2025\/03\/DSC_5506-scaled.jpg\" class=\"attachment-full size-full\" alt=\"\" srcset=\"https:\/\/www.cluster-zukunft-der-pflege.de\/wp-content\/uploads\/2025\/03\/DSC_5506-200x133.jpg 200w, https:\/\/www.cluster-zukunft-der-pflege.de\/wp-content\/uploads\/2025\/03\/DSC_5506-400x267.jpg 400w, https:\/\/www.cluster-zukunft-der-pflege.de\/wp-content\/uploads\/2025\/03\/DSC_5506-600x400.jpg 600w, https:\/\/www.cluster-zukunft-der-pflege.de\/wp-content\/uploads\/2025\/03\/DSC_5506-800x533.jpg 800w, https:\/\/www.cluster-zukunft-der-pflege.de\/wp-content\/uploads\/2025\/03\/DSC_5506-1200x800.jpg 1200w, https:\/\/www.cluster-zukunft-der-pflege.de\/wp-content\/uploads\/2025\/03\/DSC_5506-scaled.jpg 2560w\" sizes=\"(min-width: 2200px) 100vw, (min-width: 915px) 315px, (min-width: 824px) 420px, (min-width: 732px) 631px, (min-width: 640px) 732px, \" \/><\/div><\/div><\/div><div class=\"swiper-slide\"><div class=\"fusion-carousel-item-wrapper\"><div class=\"fusion-image-wrapper hover-type-liftup\"><img decoding=\"async\" width=\"2560\" height=\"1707\" src=\"https:\/\/www.cluster-zukunft-der-pflege.de\/wp-content\/uploads\/2025\/03\/DSC_5511-scaled.jpg\" class=\"attachment-full size-full\" alt=\"\" srcset=\"https:\/\/www.cluster-zukunft-der-pflege.de\/wp-content\/uploads\/2025\/03\/DSC_5511-200x133.jpg 200w, https:\/\/www.cluster-zukunft-der-pflege.de\/wp-content\/uploads\/2025\/03\/DSC_5511-400x267.jpg 400w, https:\/\/www.cluster-zukunft-der-pflege.de\/wp-content\/uploads\/2025\/03\/DSC_5511-600x400.jpg 600w, https:\/\/www.cluster-zukunft-der-pflege.de\/wp-content\/uploads\/2025\/03\/DSC_5511-800x533.jpg 800w, https:\/\/www.cluster-zukunft-der-pflege.de\/wp-content\/uploads\/2025\/03\/DSC_5511-1200x800.jpg 1200w, https:\/\/www.cluster-zukunft-der-pflege.de\/wp-content\/uploads\/2025\/03\/DSC_5511-scaled.jpg 2560w\" sizes=\"(min-width: 2200px) 100vw, (min-width: 915px) 315px, (min-width: 824px) 420px, (min-width: 732px) 631px, (min-width: 640px) 732px, \" \/><\/div><\/div><\/div><div class=\"swiper-slide\"><div class=\"fusion-carousel-item-wrapper\"><div class=\"fusion-image-wrapper hover-type-liftup\"><img decoding=\"async\" width=\"2560\" height=\"1707\" src=\"https:\/\/www.cluster-zukunft-der-pflege.de\/wp-content\/uploads\/2025\/03\/DSC_5523-scaled.jpg\" class=\"attachment-full size-full\" alt=\"\" srcset=\"https:\/\/www.cluster-zukunft-der-pflege.de\/wp-content\/uploads\/2025\/03\/DSC_5523-200x133.jpg 200w, https:\/\/www.cluster-zukunft-der-pflege.de\/wp-content\/uploads\/2025\/03\/DSC_5523-400x267.jpg 400w, https:\/\/www.cluster-zukunft-der-pflege.de\/wp-content\/uploads\/2025\/03\/DSC_5523-600x400.jpg 600w, https:\/\/www.cluster-zukunft-der-pflege.de\/wp-content\/uploads\/2025\/03\/DSC_5523-800x533.jpg 800w, https:\/\/www.cluster-zukunft-der-pflege.de\/wp-content\/uploads\/2025\/03\/DSC_5523-1200x800.jpg 1200w, https:\/\/www.cluster-zukunft-der-pflege.de\/wp-content\/uploads\/2025\/03\/DSC_5523-scaled.jpg 2560w\" sizes=\"(min-width: 2200px) 100vw, (min-width: 915px) 315px, (min-width: 824px) 420px, (min-width: 732px) 631px, (min-width: 640px) 732px, \" \/><\/div><\/div><\/div><\/div><div class=\"awb-swiper-button awb-swiper-button-prev\"><i class=\"awb-icon-angle-left\" aria-hidden=\"true\"><\/i><\/div><div class=\"awb-swiper-button awb-swiper-button-next\"><i class=\"awb-icon-angle-right\" aria-hidden=\"true\"><\/i><\/div><\/div><\/div><\/div><\/div><\/div><\/div>\n","protected":false},"excerpt":{"rendered":"","protected":false},"author":11,"featured_media":0,"parent":0,"menu_order":0,"comment_status":"closed","ping_status":"closed","template":"","meta":{"footnotes":""},"class_list":["post-2942","page","type-page","status-publish","hentry"],"_links":{"self":[{"href":"https:\/\/www.cluster-zukunft-der-pflege.de\/index.php\/wp-json\/wp\/v2\/pages\/2942","targetHints":{"allow":["GET"]}}],"collection":[{"href":"https:\/\/www.cluster-zukunft-der-pflege.de\/index.php\/wp-json\/wp\/v2\/pages"}],"about":[{"href":"https:\/\/www.cluster-zukunft-der-pflege.de\/index.php\/wp-json\/wp\/v2\/types\/page"}],"author":[{"embeddable":true,"href":"https:\/\/www.cluster-zukunft-der-pflege.de\/index.php\/wp-json\/wp\/v2\/users\/11"}],"replies":[{"embeddable":true,"href":"https:\/\/www.cluster-zukunft-der-pflege.de\/index.php\/wp-json\/wp\/v2\/comments?post=2942"}],"version-history":[{"count":36,"href":"https:\/\/www.cluster-zukunft-der-pflege.de\/index.php\/wp-json\/wp\/v2\/pages\/2942\/revisions"}],"predecessor-version":[{"id":3101,"href":"https:\/\/www.cluster-zukunft-der-pflege.de\/index.php\/wp-json\/wp\/v2\/pages\/2942\/revisions\/3101"}],"wp:attachment":[{"href":"https:\/\/www.cluster-zukunft-der-pflege.de\/index.php\/wp-json\/wp\/v2\/media?parent=2942"}],"curies":[{"name":"wp","href":"https:\/\/api.w.org\/{rel}","templated":true}]}}